{"id":858,"date":"2020-04-19T11:26:48","date_gmt":"2020-04-19T09:26:48","guid":{"rendered":"https:\/\/corbeil-essonnes-environnement.org\/?page_id=858"},"modified":"2024-04-22T09:43:39","modified_gmt":"2024-04-22T07:43:39","slug":"energie-climat","status":"publish","type":"page","link":"https:\/\/corbeil-essonnes-environnement.org\/?page_id=858","title":{"rendered":"Energie, climat, nature en ville, biodiversit\u00e9, pollution lumineuse"},"content":{"rendered":"<div class=\"wpb-content-wrapper\"><p>[vc_row][vc_column][vc_column_text css=\u00a0\u00bb.vc_custom_1588233999928{margin-top: -80px !important;}\u00a0\u00bb]<\/p>\n<ul>\n<li style=\"list-style-type: none;\">\n<ul>\n<li>Qu&rsquo;est-ce que l&rsquo;<a href=\"http:\/\/www.confluence-91.org\/CEE_site\/Biodiversite\/150126%20Atlas%20de%20la%20biodiversit\u00e9%20communale.pdf\">ABC<\/a> (Atlas Communal de la Biodiversit\u00e9) ?<\/li>\n<li>Que sont les <a href=\"http:\/\/www.confluence-91.org\/CEE_site\/Biodiversite\/150120%20Conseil%20General%2091%20Jardins%20Naturels%20sensibles.pdf\">Jardins Naturels Sensibles<\/a> ?<\/li>\n<li>D\u00e9couvrez la <a href=\"http:\/\/www.confluence-91.org\/CEE_site\/Biodiversite\/20141204%20Charte%20gestion%20durable%20espaces%20prives.pdf\">charte<\/a> de gestion durable des espaces priv\u00e9s<\/li>\n<\/ul>\n<\/li>\n<\/ul>\n<p><strong>2023<\/strong><\/p>\n<ul>\n<li>Juin 2023 : <strong>France Nature Environnement<\/strong> publie une <a href=\"https:\/\/www.youtube.com\/watch?v=NJA8k5m1ZpU\" target=\"_blank\" rel=\"noopener\">video<\/a> p\u00e9dagogique sur le changement climatique et la ressource en eau<\/li>\n<li>Mai 2023, l\u2019ADEME propose ici des donn\u00e9es chiffr\u00e9es et argument\u00e9es d\u2019efficacit\u00e9 de diff\u00e9rentes solutions de <a href=\"https:\/\/corbeil-essonnes-environnement.org\/wp-content\/uploads\/2023\/05\/recueil-rafraichissement-urbain-011441.pdf\" target=\"_blank\" rel=\"noopener\">rafra\u00eechissement urbain<\/a><\/li>\n<li>France Nature Environnement publie sa position sur le d\u00e9ploiement de la 5G : <a href=\"https:\/\/fne.asso.fr\/dossiers\/c-est-quoi-le-probleme-avec-la-5g\" target=\"_blank\" rel=\"noopener\">c&rsquo;est quoi le probl\u00e8me avec la 5G<\/a><\/li>\n<li>Publication du CEREMA : <a href=\"https:\/\/corbeil-essonnes-environnement.org\/wp-content\/uploads\/2022\/09\/Cerema_ville-demain.pdf\" target=\"_blank\" rel=\"noopener\">Faire de la nature un pilier de la ville de demain<\/a><\/li>\n<\/ul>\n<ul>\n<li>Avril 2023, Reporterre : <a href=\"https:\/\/reporterre.net\/Nappes-phreatiques-la-menace-d-une-secheresse-se-confirme?utm_source=newsletter&amp;utm_medium=email&amp;utm_campaign=nl_quotidienne\" target=\"_blank\" rel=\"noopener\">la menace d&rsquo;une s\u00e9cheresse se confirme<\/a><\/li>\n<\/ul>\n<ul>\n<li>20 mars 2023,\u00a0\u00a0<a href=\"https:\/\/reporterre.net\/Face-a-la-crise-climatique-le-Giec-prone-la-justice-sociale-et-la-sobriete\" target=\"_blank\" rel=\"noopener\">Reporterre<\/a>\u00a0&amp; le rapport du GIEC : face \u00e0 la crise climatique, le GIEC pr\u00f4ne la justice sociale et la sobri\u00e9t\u00e9<\/li>\n<\/ul>\n<p><strong>2022<\/strong><\/p>\n<ul>\n<li>Ao\u00fbt 2022 : article du quotidien \u00ab\u00a0Le Monde\u00a0\u00bb sur les <a href=\"https:\/\/corbeil-essonnes-environnement.org\/wp-content\/uploads\/2022\/08\/2022_0808_forets_francaises_privees.pdf\" target=\"_blank\" rel=\"noopener\">for\u00eats :<\/a>\n<ul>\n<li><span dir=\"ltr\" role=\"presentation\">75<\/span> <span dir=\"ltr\" role=\"presentation\">% des for\u00eats fran\u00e7aises sont priv\u00e9es, un d\u00e9fi pour leur adaptation au changement climatique<\/span><\/li>\n<li>et article d&rsquo;un membre du Club de Mediapart : Il faut d&rsquo;urgence am\u00e9liorer <a href=\"https:\/\/corbeil-essonnes-environnement.org\/wp-content\/uploads\/2022\/09\/2022_0830_Mediapart-Il-faut-durgence-ameliorer-la-resilience-des-forets-francaises._o.pdf\" target=\"_blank\" rel=\"noopener\">la r\u00e9silience des for\u00eats fran\u00e7aises<\/a><\/li>\n<\/ul>\n<\/li>\n<\/ul>\n<ul>\n<li>mai 2022 : Reporterre publie un document explicatif sur le r\u00e9chauffement climatique, lecture \u00e0 la port\u00e9e de tous et toutes et qui ne laisse aucune doute sur les causes de ce qu&rsquo;il vaudrait mieux appel\u00e9 : <a href=\"https:\/\/reporterre.net\/Qu-est-ce-que-le-rechauffement-climatique?utm_source=newsletter&amp;utm_medium=email&amp;utm_campaign=nl_quotidienne\" target=\"_blank\" rel=\"noopener\">changement climatique<\/a> ou d\u00e9r\u00e8glement climatique<\/li>\n<\/ul>\n<p><strong>2021<\/strong><\/p>\n<ul>\n<li>Avril 2021 : du nouveau dans le processus d&rsquo;<a href=\"https:\/\/www.fne.asso.fr\/dossiers\/redonnons-du-cr%C3%A9dit-%C3%A0-lautorit%C3%A9-environnementale\" target=\"_blank\" rel=\"noopener\">\u00e9valuation environnementale<\/a> visant \u00e0 int\u00e9grer l&rsquo;environnement dans l&rsquo;\u00e9laboration d&rsquo;un projet<\/li>\n<\/ul>\n<p><strong>2020<\/strong><\/p>\n<ul>\n<li><a href=\"https:\/\/corbeil-essonnes-environnement.org\/wp-content\/uploads\/2020\/04\/Contribution-de-la-CCC-au-plan-de-sortie-de-crise-1.pdf\" target=\"_blank\" rel=\"noopener noreferrer\">Contribution<\/a>\u00a0 de la convention citoyenne pour le climat au plan de sortie de crise<\/li>\n<li>Pollution lumineuse : Lire l\u2019article paru dans le magazine <a href=\"https:\/\/fne-idf.fr\/pollution-la-pollution-lumineuse-une-lutte-en-clair-obscur\" target=\"_blank\" rel=\"noopener noreferrer\">Liaison<\/a> de France Nature Environnement \u2013 \u00efle-de-France Environnement, \u00e9crit par Maxime Colin et paru en avril 2020<\/li>\n<\/ul>\n<p><strong>2019<\/strong><\/p>\n<ul>\n<li>Plantons local en \u00cele-de-France par l\u2019Agence R\u00e9gionale de la Biodiversit\u00e9 : <a href=\"https:\/\/www.arb-idf.fr\/publication\/guide-plantons-local-en-ile-de-france-2019\" target=\"_blank\" rel=\"noreferrer noopener\">le lien<\/a><\/li>\n<li>Corbeil Essonnes Environnement a assist\u00e9 aux <a href=\"http:\/\/www.assises-biodiversite.com\" target=\"_blank\" rel=\"noopener noreferrer\">assises nationales de la Biodiversit\u00e9<\/a> qui se sont d\u00e9roul\u00e9es le 19, 20 et 21 juin \u00e0 Massy,\n<ul>\n<li>consulter le <a href=\"https:\/\/en.calameo.com\/read\/000943070b47b1a87ec43?language=fr&amp;page=1\" target=\"_blank\" rel=\"noopener noreferrer\">programme<\/a><\/li>\n<li><a href=\"https:\/\/www.mixcloud.com\/RadioRadioToulouse\/playlists\/assises-nationales-de-labiodiversite- 2019\/\" target=\"_blank\" rel=\"noopener noreferrer\">consulter et \u00e9couter<\/a>\u00a0: 67 conf\u00e9rences en play listea trame noire pour lutter contre la pollution lumineuse : <a href=\"https:\/\/www.mixcloud.com\/RadioRadioToulouse\/assises-de-la-biodiversite-2019-objectif-z%C3%A9roartificialisation\/\" target=\"_blank\" rel=\"noopener noreferrer\">\u00e9couter<\/a> la conf\u00e9rence<\/li>\n<\/ul>\n<\/li>\n<li>Pollution lumineuse : Corbeil Essonnes Environnement a assist\u00e9 \u00e0 la journ\u00e9e d&rsquo;\u00e9changes techniques le 26 novembre 2019 \u00e0 La D\u00e9fense, retrouvez les supports des pr\u00e9sentations de la journ\u00e9e sur le site du centre de ressources \u00ab\u00a0<a href=\"http:\/\/www.trameverteetbleue.fr\/\" target=\"_blank\" rel=\"noopener noreferrer\">Trame verte et bleue<\/a>\u00a0\u00bb\n<ul>\n<li>Retrouvez \u00e9galement la Trame noire dans le num\u00e9ro sp\u00e9cial de la lettre d\u2019info \u00ab Qu\u2019est ce qui se trame ? \u00bb<\/li>\n<\/ul>\n<\/li>\n<\/ul>\n<p><strong>2018<\/strong><\/p>\n<ul>\n<li><a href=\"http:\/\/www.confluence-91.org\/CEE_site\/Energie\/20180123 Formation \u00e9nergie de FNE.pdf\" target=\"_new\" rel=\"noopener noreferrer\">Formation<\/a> \u00e0 la transition \u00e9nerg\u00e9tique organis\u00e9e par notre f\u00e9d\u00e9ration nationale <a href=\"https:\/\/www.fne.asso.fr\/\" target=\"_new\" rel=\"noopener noreferrer\">France Nature Environnement<\/a><\/li>\n<\/ul>\n<p><strong>2017<\/strong><\/p>\n<ul>\n<li>L&rsquo;assembl\u00e9e g\u00e9n\u00e9rale de Corbeil-Essonnes-Environnement a eu lieu le samedi 22 avril 2017. L&rsquo;ordre du jour comprend une pr\u00e9sentation sur la probl\u00e9matique \u00e9nergie et la transition \u00e9nerg\u00e9tique, ainsi qu&rsquo;une <a href=\"http:\/\/www.confluence-91.org\/CEE_site\/Mairie%20de%20Corbeil\/20170802%20Motion%20CEE%20version%2011%20du%202%20aout.pdf\" target=\"_blank\" rel=\"noopener noreferrer\">motion<\/a> sur la situation de la ville en terme de population et de cadre de vie<\/li>\n<li>Acc\u00e9der \u00e0 la <a href=\"http:\/\/www.confluence-91.org\/CEE_site\/20170422 Presentation Energie pour AG.pdf\" target=\"new\" rel=\"noopener noreferrer\">pr\u00e9sentation<\/a> \u00ab\u00a0Energie\u00a0\u00bb<\/li>\n<li>R\u00e9vision anticip\u00e9e du Plan de Protection de l&rsquo;atmosph\u00e8re d&rsquo;\u00cele-de-France,<a href=\"http:\/\/www.confluence-91.org\/CEE_site\/Atmosphere\/20171114 PPA 2017 Avis ENE.pdf\" target=\"_new\" rel=\"noopener noreferrer\"> lire l&rsquo;avis<\/a> de notre f\u00e9d\u00e9ration d\u00e9partementale <a href=\"http:\/\/www.ene91.fr\" target=\"_new\" rel=\"noopener noreferrer\">Essonnes Nature Environnement<\/a><\/li>\n<\/ul>\n<p><strong>2016<\/strong><\/p>\n<ul>\n<li>Le 24 mars 2016 20:30 Conf\u00e9rence \u00ab\u00a0<a href=\"http:\/\/www.confluence-91.org\/CEE_site\/Biodiversite\/20160324%20Conference%20biodiversite%20Crosne.pdf\">Biodiversit\u00e9<\/a>\u00a0\u00bb Salle petit prince, rue Boileau, Crosne, entr\u00e9e libre \u00a0La biodiversit\u00e9, c&rsquo;est quoi, \u00e7a sert \u00e0 quoi ?<\/li>\n<\/ul>\n<p><strong>2015<\/strong><\/p>\n<ul>\n<li>Le 22 janvier 2015 pr\u00e9sentation de la conf\u00e9rence \u00ab\u00a0Les <a href=\"http:\/\/www.confluence-91.org\/CEE_site\/Biodiversite\/20150122%20Les%20zones%20humides%20sont-elles%20menacees%20V2.pdf\">zones humides<\/a> sont-elles menac\u00e9es\u00a0\u00bb lors de la journ\u00e9e mondiale des zones humides<\/li>\n<li><strong>Le <\/strong>4 juin 2015 : Le Conseil d\u00e9partemental de l&rsquo;Essonne organise les 6\u00e8mes Rencontres d\u00e9partementales \u00a0\u00a0\u00a0\u00a0\u00a0\u00a0\u00a0\u00a0\u00a0\u00a0\u00a0\u00a0sur les Espaces Naturels Sensibles, sous la forme d&rsquo;une journ\u00e9e technique sur les mares et mouill\u00e8res de l&rsquo;Essonne. CEE sera pr\u00e9sente. Lire la <a href=\"http:\/\/www.confluence-91.org\/CEE_site\/Siarce_Essonne_Barrage\/20150616%20Formation_continuite%20ecologique%20et%20biodiversite%20des%20cours%20d_eau%20_FNE%20Ile%20de%20France.pdf\">pr\u00e9sentation<\/a><\/li>\n<li>IDFE communique le programme du colloque sur les <a href=\"http:\/\/www.confluence-91.org\/CEE_site\/ENE_IDFE\/20150330 programme_colloque_idfe_changements climatiques.pdf\" target=\"_new\" rel=\"noopener noreferrer\">changements climatiques<\/a><\/li>\n<li>Le Monde communique : comment se porte l&rsquo;<a href=\"https:\/\/www.lemonde.fr\/planete\/article\/2014\/12\/27\/10-chiffres-que-vous-ignoriez-peut-etre-sur-l-environnement-en-france_4546698_3244.html\" target=\"_blank\" rel=\"noopener noreferrer\">environnement<\/a> en France, les 10 chiffres que vous ignorez ?<\/li>\n<li>Septembre : Le Conseil D\u00e9partemental d\u00e9taille la loi de septembre 2015 sur la <a href=\"http:\/\/www.confluence-91.org\/CEE_site\/CG_Agenda 21\/201509 agenda 21 d\u00e9partement detail loi transition energetique.pdf\" target=\"_new\" rel=\"noopener noreferrer\">transition \u00e9nerg\u00e9tique<\/a><\/li>\n<\/ul>\n<p><strong>2014<\/strong><\/p>\n<ul>\n<li>Le 14 juin 2014, IDFE a organis\u00e9 une formation au Sch\u00e9ma R\u00e9gional de Coh\u00e9rence Ecologique (SRCE). <a href=\"http:\/\/www.confluence-91.org\/CEE_site\/Biodiversite\/20140614%20COMPTE_RENDU%20formation%20Schema%20de%20Coherence%20Ecologique%20SRCE%2014%20juin%202014.pdf\">Lire le compte rendu<\/a><\/li>\n<\/ul>\n<p><strong>2013<\/strong><\/p>\n<ul>\n<li>\u00a0La\u00a0Direction R\u00e9gionale et Interd\u00e9partementale de l\u2019Environnement et de l\u2019\u00c9nergie <strong>(DRIEE)<\/strong>\u00a0a \u00e9labor\u00e9 une brochure visant \u00e0 favoriser une bonne prise en compte de l\u2019enjeu des paysages dans les documents d\u2019urbanisme \u00e0 partir des \u00e9tudes et de la r\u00e9flexion engag\u00e9es pour leurs \u00e9laborations. Ce document est t\u00e9l\u00e9chargeable gratuitement depuis le site de la DRIEE\u00a0:<a href=\"http:\/\/www.driee.ile-de-france.developpement-durable.gouv.fr\/guide-pour-la-prise-en-compte-du-a1492.html\">http:\/\/www.driee.ile-de-france.developpement-durable.gouv.fr\/guide-pour-la-prise-en-compte-du-a1492.html<\/a><\/li>\n<li><a href=\"http:\/\/www.confluence-91.org\/CEE_site\/Atmosphere\/Avis IDFE PPA plan protection atmosphere 2013 definitif.pdf\" target=\"_new\" rel=\"noopener noreferrer\">Avis<\/a> d&rsquo;\u00cele-de-France Environnement (Personne Publique Associ\u00e9e) sur le plan de Protection de l&rsquo;Atmosph\u00e8re<\/li>\n<\/ul>\n<p>[\/vc_column_text][\/vc_column][\/vc_row]<\/p>\n<\/div>","protected":false},"excerpt":{"rendered":"<p>[vc_row][vc_column][vc_column_text css=\u00a0\u00bb.vc_custom_1588233999928{margin-top: -80px !important;}\u00a0\u00bb] Qu&rsquo;est-ce que l&rsquo;ABC (Atlas Communal de la Biodiversit\u00e9) ? Que sont les Jardins Naturels Sensibles ? D\u00e9couvrez la charte de gestion durable des espaces priv\u00e9s 2023 Juin 2023 : France Nature Environnement publie une video p\u00e9dagogique sur le changement climatique et la ressource en eau Mai 2023, l\u2019ADEME propose ici des<br \/><a href=\"https:\/\/corbeil-essonnes-environnement.org\/?page_id=858\" class=\"more\">Lire la suite<\/a><\/p>\n","protected":false},"author":1,"featured_media":0,"parent":0,"menu_order":0,"comment_status":"closed","ping_status":"closed","template":"","meta":{"footnotes":""},"class_list":["post-858","page","type-page","status-publish","hentry"],"_links":{"self":[{"href":"https:\/\/corbeil-essonnes-environnement.org\/index.php?rest_route=\/wp\/v2\/pages\/858","targetHints":{"allow":["GET"]}}],"collection":[{"href":"https:\/\/corbeil-essonnes-environnement.org\/index.php?rest_route=\/wp\/v2\/pages"}],"about":[{"href":"https:\/\/corbeil-essonnes-environnement.org\/index.php?rest_route=\/wp\/v2\/types\/page"}],"author":[{"embeddable":true,"href":"https:\/\/corbeil-essonnes-environnement.org\/index.php?rest_route=\/wp\/v2\/users\/1"}],"replies":[{"embeddable":true,"href":"https:\/\/corbeil-essonnes-environnement.org\/index.php?rest_route=%2Fwp%2Fv2%2Fcomments&post=858"}],"version-history":[{"count":7,"href":"https:\/\/corbeil-essonnes-environnement.org\/index.php?rest_route=\/wp\/v2\/pages\/858\/revisions"}],"predecessor-version":[{"id":2738,"href":"https:\/\/corbeil-essonnes-environnement.org\/index.php?rest_route=\/wp\/v2\/pages\/858\/revisions\/2738"}],"wp:attachment":[{"href":"https:\/\/corbeil-essonnes-environnement.org\/index.php?rest_route=%2Fwp%2Fv2%2Fmedia&parent=858"}],"curies":[{"name":"wp","href":"https:\/\/api.w.org\/{rel}","templated":true}]}}