{"id":85,"date":"2019-09-26T15:58:52","date_gmt":"2019-09-26T13:58:52","guid":{"rendered":"https:\/\/corbeil-essonnes-environnement.org\/?page_id=85"},"modified":"2026-02-10T17:49:50","modified_gmt":"2026-02-10T16:49:50","slug":"lassociation","status":"publish","type":"page","link":"https:\/\/corbeil-essonnes-environnement.org\/?page_id=85","title":{"rendered":"Administration de l&rsquo;association"},"content":{"rendered":"<div class=\"wpb-content-wrapper\"><p>[vc_row][vc_column width=\u00a0\u00bb1\/2&Prime;][vc_column_text css=\u00a0\u00bb.vc_custom_1770742185370{margin-top: -80px !important;}\u00a0\u00bb]<\/p>\r\n<p>Association d\u00e9clar\u00e9e N\u00b0 W912001630 &#8211; Siren 539 875 682 00012, APE 9499Z<\/p>\r\n<p>L&rsquo;association est compos\u00e9e exclusivement de b\u00e9n\u00e9voles et elle n&#8217;emploie aucun salari\u00e9. Elle n&rsquo;a aucune d\u00e9pendance d&rsquo;un parti politique.<\/p>\r\n<p><!-- \/wp:post-content -->Assembl\u00e9e G\u00e9n\u00e9rale exercice 2023 :<\/p>\r\n<p>Notre assembl\u00e9e g\u00e9n\u00e9rale s&rsquo;est tenue le 9 mars 2024 pour l&rsquo;exercice 2023 et le 8 f\u00e9vrier 2025 pour l&rsquo;exercice 2024.<\/p>\r\n<p>L&rsquo;assembl\u00e9e g\u00e9n\u00e9rale exercice 2025 se tiendra le 15 f\u00e9vrier 2026.<\/p>\r\n<p>Le conseil d&rsquo;administration est d\u00e9sormais compos\u00e9 de : Claude Combrisson, Annie Duval, Nicole Meresse, Chantal Bereault, Annie Takarli,\u00a0 Marie-Fran\u00e7oise Prades, Pierre Michel<\/p>\r\n<p>Le bureau actuel est compos\u00e9 de :<\/p>\r\n<ul>\r\n<li>Pr\u00e9sident : Claude Combrisson<\/li>\r\n<li>Secr\u00e9taire : Annie Duval<\/li>\r\n<li>Tr\u00e9sori\u00e8re : Marie-Fran\u00e7oise Prades<\/li>\r\n<li>Tr\u00e9sori\u00e8re adjointe : Chantal Bereault<\/li>\r\n<li>Secr\u00e9taire adjoint : Pierre Michel<\/li>\r\n<\/ul>\r\n<p><!-- wp:paragraph -->\u00a0<\/p>\r\n<!-- wp:paragraph \/--><!-- \/wp:paragraph --><!-- \/wp:paragraph -->\r\n<p><!-- wp:paragraph --><!-- \/wp:paragraph -->Les nouveaux\u00a0 <a href=\"https:\/\/corbeil-essonnes-environnement.org\/wp-content\/uploads\/2023\/03\/2023_CEE_Statuts.pdf\" target=\"_blank\" rel=\"noopener\">statuts<\/a> de l&rsquo;association (modification du si\u00e8ge social)<\/p>\r\n<p>La <a href=\"https:\/\/corbeil-essonnes-environnement.org\/wp-content\/uploads\/2026\/02\/20250210_CR-AG-exercice-2024.pdf\" target=\"_blank\" rel=\"noopener\">pr\u00e9sentation<\/a> de la derni\u00e8re assembl\u00e9e g\u00e9n\u00e9rale exercice 2024<\/p>\r\n<p>&nbsp;<\/p>\r\n<p>[\/vc_column_text][\/vc_column][vc_column width=\u00a0\u00bb1\/2&Prime;][vc_column_text]<\/p>\r\n<p><img loading=\"lazy\" decoding=\"async\" class=\"size-medium wp-image-10 aligncenter\" src=\"https:\/\/corbeil-essonnes-environnement.org\/wp-content\/uploads\/2019\/09\/logo-cee-500-300x233.jpg\" alt=\"\" width=\"300\" height=\"233\" srcset=\"https:\/\/corbeil-essonnes-environnement.org\/wp-content\/uploads\/2019\/09\/logo-cee-500-300x233.jpg 300w, https:\/\/corbeil-essonnes-environnement.org\/wp-content\/uploads\/2019\/09\/logo-cee-500.jpg 500w\" sizes=\"auto, (max-width: 300px) 100vw, 300px\" \/><\/p>\r\n<p>[\/vc_column_text][\/vc_column][\/vc_row]<\/p><\/div>","protected":false},"excerpt":{"rendered":"<p>[vc_row][vc_column width=\u00a0\u00bb1\/2&Prime;][vc_column_text css=\u00a0\u00bb.vc_custom_1770742185370{margin-top: -80px !important;}\u00a0\u00bb] Association d\u00e9clar\u00e9e N\u00b0 W912001630 &#8211; Siren 539 875 682 00012, APE 9499Z L&rsquo;association est compos\u00e9e exclusivement de b\u00e9n\u00e9voles et elle n&#8217;emploie aucun salari\u00e9. Elle n&rsquo;a aucune d\u00e9pendance d&rsquo;un parti politique. Assembl\u00e9e G\u00e9n\u00e9rale exercice 2023 : Notre assembl\u00e9e g\u00e9n\u00e9rale s&rsquo;est tenue le 9 mars 2024 pour l&rsquo;exercice 2023 et le 8<br \/><a href=\"https:\/\/corbeil-essonnes-environnement.org\/?page_id=85\" class=\"more\">Lire la suite<\/a><\/p>\n","protected":false},"author":1,"featured_media":0,"parent":0,"menu_order":14,"comment_status":"closed","ping_status":"closed","template":"","meta":{"footnotes":""},"class_list":["post-85","page","type-page","status-publish","hentry"],"_links":{"self":[{"href":"https:\/\/corbeil-essonnes-environnement.org\/index.php?rest_route=\/wp\/v2\/pages\/85","targetHints":{"allow":["GET"]}}],"collection":[{"href":"https:\/\/corbeil-essonnes-environnement.org\/index.php?rest_route=\/wp\/v2\/pages"}],"about":[{"href":"https:\/\/corbeil-essonnes-environnement.org\/index.php?rest_route=\/wp\/v2\/types\/page"}],"author":[{"embeddable":true,"href":"https:\/\/corbeil-essonnes-environnement.org\/index.php?rest_route=\/wp\/v2\/users\/1"}],"replies":[{"embeddable":true,"href":"https:\/\/corbeil-essonnes-environnement.org\/index.php?rest_route=%2Fwp%2Fv2%2Fcomments&post=85"}],"version-history":[{"count":24,"href":"https:\/\/corbeil-essonnes-environnement.org\/index.php?rest_route=\/wp\/v2\/pages\/85\/revisions"}],"predecessor-version":[{"id":3209,"href":"https:\/\/corbeil-essonnes-environnement.org\/index.php?rest_route=\/wp\/v2\/pages\/85\/revisions\/3209"}],"wp:attachment":[{"href":"https:\/\/corbeil-essonnes-environnement.org\/index.php?rest_route=%2Fwp%2Fv2%2Fmedia&parent=85"}],"curies":[{"name":"wp","href":"https:\/\/api.w.org\/{rel}","templated":true}]}}