{"id":58,"date":"2019-09-26T14:38:42","date_gmt":"2019-09-26T12:38:42","guid":{"rendered":"https:\/\/corbeil-essonnes-environnement.org\/?page_id=58"},"modified":"2025-11-18T16:33:07","modified_gmt":"2025-11-18T15:33:07","slug":"urbanisme-et-plu","status":"publish","type":"page","link":"https:\/\/corbeil-essonnes-environnement.org\/?page_id=58","title":{"rendered":"Urbanisme et PLU"},"content":{"rendered":"<div class=\"wpb-content-wrapper\"><p>[vc_row][vc_column][vc_column_text css=\u00a0\u00bb.vc_custom_1590651989781{margin-top: -80px !important;}\u00a0\u00bb el_id=\u00a0\u00bbR\u00e9vision du PLU\u00a0\u00bb]<\/p>\n<p>&nbsp;<\/p>\n<ul>\n<li>27 novembre 2024 : <a href=\"https:\/\/www.grandparissud.fr\/evenements\/scot-reunion-publique-marche-exploratoire\/\" target=\"_blank\" rel=\"noopener\">r\u00e9union d&rsquo;information<\/a> sur le Scot en l&rsquo;h\u00f4tel de ville de Corbeil-Essonnes 18h \u00e0 20h :\n<ul>\n<li><a href=\"https:\/\/corbeil-essonnes-environnement.org\/wp-content\/uploads\/2024\/12\/01_Liens_Decembre_2022_Remise_officielle_cahier_precos_UrbaSCot.pdf\" target=\"_blank\" rel=\"noopener\">lien<\/a> vers le \u00ab\u00a0cahier de pr\u00e9conisation\u00a0\u00bb du CODEV\u00a0 sur la proposition de SCOT \u00e9labor\u00e9 par GPSPour que le SCOT prenne en compte les besoins et les revendications des habitants de Corbeil-Essonnes, il est important de participer \u00e0 la r\u00e9union d&rsquo;information du 27\/11\/2024.\n<p>Le d\u00e9veloppement effr\u00e9n\u00e9 de l\u2019urbanisation de la rive droite g\u00e9n\u00e8re une tr\u00e8s importante circulation de transit dans Corbeil-Essonnes.<\/p>\n<p>Dans ce cadre, il faut <b>r\u00e9activer le projet de 2<sup>\u00e8me<\/sup> pont urbain<\/b> (qui avait \u00e9t\u00e9 largement pl\u00e9biscit\u00e9 par la population il y a une trentaine d\u2019ann\u00e9es) tout en l\u2019adaptant aux contraintes actuelles et \u00e0 la volont\u00e9 de d\u00e9velopper les modes de d\u00e9placement moins polluants.<\/p>\n<p>Avant que Corbeil-Essonnes ne devienne encore plus une ville dortoir, Il faut d\u00e9velopper une <b>v\u00e9ritable politique de d\u00e9veloppement \u00e9conomique<\/b> int\u00e9grant des projets de <b>cr\u00e9ation de zones d\u2019activit\u00e9s<\/b> et le <b>maintien (si ce n\u2019est l\u2019augmentation) du taux<\/b> d\u2019emploi sur la Ville de mani\u00e8re \u00e0 <b>diminuer les migrations alternantes domicile &#8211; travail<\/b> qui sont sources d\u2019inconfort, de pollutions, de nuisances et d\u2019\u00e9mission de gaz \u00e0 effets de serre.<\/li>\n<li><a href=\"https:\/\/corbeil-essonnes-environnement.org\/wp-content\/uploads\/2024\/11\/actualites_dessinons-lagglo-de-demain.pdf\">En quoi le Sch\u00e9ma de coh\u00e9rence territoriale et d&rsquo;am\u00e9nagement du territoire (SCoT) est important ? actualites_dessinons-lagglo-de-demain<\/a><img loading=\"lazy\" decoding=\"async\" class=\"size-full wp-image-2933 aligncenter\" src=\"https:\/\/corbeil-essonnes-environnement.org\/wp-content\/uploads\/2024\/11\/SCOT_CORBEIL_ESSONNES_Reunion-publique_IMP_page-0001-722x1024-1.jpg\" alt=\"\" width=\"722\" height=\"1024\" srcset=\"https:\/\/corbeil-essonnes-environnement.org\/wp-content\/uploads\/2024\/11\/SCOT_CORBEIL_ESSONNES_Reunion-publique_IMP_page-0001-722x1024-1.jpg 722w, https:\/\/corbeil-essonnes-environnement.org\/wp-content\/uploads\/2024\/11\/SCOT_CORBEIL_ESSONNES_Reunion-publique_IMP_page-0001-722x1024-1-212x300.jpg 212w\" sizes=\"auto, (max-width: 722px) 100vw, 722px\" \/><\/li>\n<\/ul>\n<\/li>\n<\/ul>\n<ul>\n<li style=\"list-style-type: none;\">\n<ul>\n<li>La r\u00e9vision g\u00e9n\u00e9rale du PLU a \u00e9t\u00e9 vot\u00e9e par le conseil municipal le 08 f\u00e9vrier 2023\n<ul>\n<li>Notre association ne peut rester en retrait du d\u00e9fi que repr\u00e9sente l\u2019\u00e9laboration d\u2019un nouveau PLU<\/li>\n<li>C\u2019est pourquoi nous mettons en ligne sur notre site <strong>un <a href=\"https:\/\/corbeil-essonnes-environnement.org\/?page_id=58\" target=\"_blank\" rel=\"noopener\">dossier intitul\u00e9 \u00a8R\u00e9vision g\u00e9n\u00e9rale du PLU<\/a>\u00a8<\/strong> qui contiendra des documents d\u2019analyse que nous vous invitons vivement \u00e0 consulter. Ces documents pourront en effet nous aider \u00e0 r\u00e9fl\u00e9chir, \u00e0 faire des propositions et <strong>\u00e0 mettre en avant nos priorit\u00e9s tout en restant r\u00e9alistes.<\/strong><\/li>\n<li>Ci-dessous la synth\u00e8se des points que nous consid\u00e9rons :<\/li>\n<li><img loading=\"lazy\" decoding=\"async\" class=\"alignnone size-full wp-image-2818\" src=\"https:\/\/corbeil-essonnes-environnement.org\/wp-content\/uploads\/2024\/09\/2024_0907_CEE_FORUM2024.jpg\" alt=\"\" width=\"1024\" height=\"740\" srcset=\"https:\/\/corbeil-essonnes-environnement.org\/wp-content\/uploads\/2024\/09\/2024_0907_CEE_FORUM2024.jpg 1024w, https:\/\/corbeil-essonnes-environnement.org\/wp-content\/uploads\/2024\/09\/2024_0907_CEE_FORUM2024-300x217.jpg 300w, https:\/\/corbeil-essonnes-environnement.org\/wp-content\/uploads\/2024\/09\/2024_0907_CEE_FORUM2024-768x555.jpg 768w, https:\/\/corbeil-essonnes-environnement.org\/wp-content\/uploads\/2024\/09\/2024_0907_CEE_FORUM2024-553x400.jpg 553w\" sizes=\"auto, (max-width: 1024px) 100vw, 1024px\" \/><\/li>\n<\/ul>\n<\/li>\n<\/ul>\n<\/li>\n<li>\n<h3>R\u00e9vision g\u00e9n\u00e9rale du PLU &#8211; documents de la commune<\/h3>\n<ul>\n<li style=\"list-style-type: none;\">\n<ul>\n<li><a href=\"https:\/\/corbeil-essonnes-environnement.org\/wp-content\/uploads\/2024\/06\/2024_0512_Commission_PLU.pdf\" target=\"_blank\" rel=\"noopener\">courrier<\/a>\u00a0du maire<\/li>\n<li>documents li\u00e9s \u00e0 la proc\u00e9dure et \u00e9tudes\n<ul>\n<li><a href=\"https:\/\/corbeil-essonnes-environnement.org\/wp-content\/uploads\/2024\/10\/Deliberation-lancant-la-revision-generale-du-PLU.pdf\" target=\"_blank\" rel=\"noopener\">D\u00e9lib\u00e9ration<\/a> lan\u00e7ant la r\u00e9vision g\u00e9n\u00e9rale du PLU<\/li>\n<li>Ateliers participatifs\n<ul>\n<li>Quartier <a href=\"https:\/\/corbeil-essonnes-environnement.org\/wp-content\/uploads\/2024\/10\/CR-1-ateliers-participatifs-PLU.pdf\" target=\"_blank\" rel=\"noopener\">Montconseil<\/a><\/li>\n<li>Quartier <a href=\"https:\/\/corbeil-essonnes-environnement.org\/wp-content\/uploads\/2024\/10\/CR-2-ateliers-participatifs-PLU.pdf\" target=\"_blank\" rel=\"noopener\">Halles d&rsquo;Essonnes<\/a><\/li>\n<\/ul>\n<\/li>\n<li><a href=\"https:\/\/corbeil-essonnes-environnement.org\/wp-content\/uploads\/2024\/10\/2024_0612_PTT-comite-consultatif-12-06-24_opt.pdf\" target=\"_blank\" rel=\"noopener\">Comit\u00e9 consultatif<\/a> et compte rendu r\u00e9union du 12 juin 2024<\/li>\n<li><a href=\"https:\/\/corbeil-essonnes-environnement.org\/wp-content\/uploads\/2024\/10\/Kit-d_animation-PLU.pdf\" target=\"_blank\" rel=\"noopener\">Kits d&rsquo;animation<\/a><\/li>\n<li><a href=\"https:\/\/corbeil-essonnes-environnement.org\/wp-content\/uploads\/2024\/10\/PPT-reunion-publique-26-06-24.pdf\" target=\"_blank\" rel=\"noopener\">R\u00e9unions publiques<\/a>\n<ul>\n<li><a href=\"https:\/\/corbeil-essonnes-environnement.org\/wp-content\/uploads\/2024\/10\/compte-rendu-reunion-publique-26-06-2024.pdf\" target=\"_blank\" rel=\"noopener\">Compte rendu<\/a> 26 juin 2024<\/li>\n<\/ul>\n<\/li>\n<li>Articles : <a href=\"https:\/\/corbeil-essonnes-environnement.org\/wp-content\/uploads\/2024\/10\/juin-2024.pdf\" target=\"_blank\" rel=\"noopener\">juin<\/a> <a href=\"https:\/\/corbeil-essonnes-environnement.org\/wp-content\/uploads\/2024\/10\/septembre-2024.png\" target=\"_blank\" rel=\"noopener\">septembre<\/a><\/li>\n<li>Etudes\n<ul>\n<li>Etude socio-\u00e9conomique\n<ul>\n<li><a href=\"https:\/\/corbeil-essonnes-environnement.org\/wp-content\/uploads\/2024\/10\/diagnostic_socio_economique.pdf\" target=\"_blank\" rel=\"noopener\">diagnostic socio-\u00e9conomique<\/a><\/li>\n<li><a href=\"https:\/\/corbeil-essonnes-environnement.org\/wp-content\/uploads\/2024\/10\/diagnostic_socio_economique_annexe_comparaison_corbeil_evry_.pdf\" target=\"_blank\" rel=\"noopener\">diagnostic_socio_economique_annexe_comparaison_corbeil_evry<\/a><\/li>\n<li><a href=\"https:\/\/corbeil-essonnes-environnement.org\/wp-content\/uploads\/2024\/10\/diagnostic_socio_economique_annexes.pdf\" target=\"_blank\" rel=\"noopener\">diagnostic_socio_economique_annexes<\/a><\/li>\n<li><a href=\"https:\/\/corbeil-essonnes-environnement.org\/wp-content\/uploads\/2024\/10\/diagnostic_socio_economique_annexes1.pdf\" target=\"_blank\" rel=\"noopener\">diagnostic_socio_economique_annexes1<\/a><\/li>\n<li><a href=\"https:\/\/corbeil-essonnes-environnement.org\/wp-content\/uploads\/2024\/10\/Proposition_diagnostic_territorial_PN_conseils.pdf\" target=\"_blank\" rel=\"noopener\">proposition_diagnostic_territorial_PN_conseils<\/a><\/li>\n<li><a href=\"https:\/\/corbeil-essonnes-environnement.org\/wp-content\/uploads\/2024\/10\/prospective-et-strategie.pdf\" target=\"_blank\" rel=\"noopener\">prospective et strat\u00e9gie<\/a><\/li>\n<\/ul>\n<\/li>\n<li>Etude mobilit\u00e9s SARECO\n<ul>\n<li><a href=\"https:\/\/corbeil-essonnes-environnement.org\/wp-content\/uploads\/2024\/10\/ETC_FAISABILITE_RER_V_DIAGNOSTIC_SUPPORT_SYNTHETIQUE_COPIL_1.0.pdf\" target=\"_blank\" rel=\"noopener\">ETC_FAISABILITE_RER_V_DIAGNOSTIC_SUPPORT_SYNTHETIQUE_COPIL_1.0<\/a><\/li>\n<li><a href=\"https:\/\/corbeil-essonnes-environnement.org\/wp-content\/uploads\/2024\/10\/ETC_PLAN_ORIENTATION_MOBILITES_DIAGNOSTIC_SUPPORT_DETAILLE_COPIL_1.0.pdf\" target=\"_blank\" rel=\"noopener\">ETC_PLAN_ORIENTATION_MOBILITES_DIAGNOSTIC_SUPPORT_DETAILLE_COPIL_1.0<\/a><\/li>\n<li><a href=\"https:\/\/corbeil-essonnes-environnement.org\/wp-content\/uploads\/2024\/10\/ETC_PLAN_ORIENTATION_MOBILITES_DIAGNOSTIC_SUPPORT_SYNTHETIQUE_COPIL_1.0.pdf\" target=\"_blank\" rel=\"noopener\">ETC_PLAN_ORIENTATION_MOBILITES_DIAGNOSTIC_SUPPORT_SYNTHETIQUE_COPIL_1.0<\/a><\/li>\n<\/ul>\n<\/li>\n<li>Etude sur l&rsquo;environnement et la transition \u00e9cologique\n<ul>\n<li><a href=\"https:\/\/corbeil-essonnes-environnement.org\/wp-content\/uploads\/2024\/10\/Rapport-Version-21-06-14.pdf\" target=\"_blank\" rel=\"noopener\">Rapport Version 21 06 14<\/a><\/li>\n<li><a href=\"https:\/\/corbeil-essonnes-environnement.org\/wp-content\/uploads\/2024\/10\/Rapport-Version-21-06-14-Synthese.pdf\" target=\"_blank\" rel=\"noopener\">Rapport Version 21 06 14 &#8211; Synth\u00e8se<\/a><\/li>\n<\/ul>\n<\/li>\n<li>Etude ville d&rsquo;eau\n<ul>\n<li><a href=\"https:\/\/corbeil-essonnes-environnement.org\/wp-content\/uploads\/2024\/10\/Corbeil-essonnes-ville-deau-PHASE-2.final-pptx.pdf\" target=\"_blank\" rel=\"noopener\">Corbeil-Essonnes ville d&rsquo;eau PHASE 2.final pptx.pdf<\/a><\/li>\n<li><a href=\"https:\/\/corbeil-essonnes-environnement.org\/wp-content\/uploads\/2024\/10\/synthese-Corbeil-Essonnes-ville-deau.pdf\" target=\"_blank\" rel=\"noopener\">synth\u00e8se Corbeil-Essonnes ville d&rsquo;eau<\/a><\/li>\n<\/ul>\n<\/li>\n<\/ul>\n<\/li>\n<\/ul>\n<\/li>\n<\/ul>\n<\/li>\n<\/ul>\n<\/li>\n<li>Institut Paris R\u00e9gion\n<ul>\n<li>La <a href=\"https:\/\/www.institutparisregion.fr\/fileadmin\/NewEtudes\/000pack4\/Etude_3064\/cp16_ok_BAT_web.pdf\" target=\"_blank\" rel=\"noopener\">r\u00e9industrialisation<\/a> appara\u00eet aujourd\u2019hui comme un imp\u00e9ratif cat\u00e9gorique, au niveau national comme au niveau r\u00e9gional, pour renforcer notre place dans le monde, r\u00e9\u00e9quilibrer le d\u00e9veloppement des diff\u00e9rents territoires, d\u00e9carboner notre consommation en produisant plus pr\u00e8s, plus efficacement.<\/li>\n<\/ul>\n<\/li>\n<li>\n<h3>Documents de GPS<\/h3>\n<ul>\n<li><a href=\"https:\/\/corbeil-essonnes-environnement.org\/wp-content\/uploads\/2024\/10\/CARTE-AGGLO-RECTO-VERSO.pdf\" target=\"_blank\" rel=\"noopener\">Carte<\/a> agglom\u00e9ration GPS<\/li>\n<li>Plan <a href=\"https:\/\/corbeil-essonnes-environnement.org\/wp-content\/uploads\/2024\/10\/PLAN-PROJETS-MAJEURS_GPS-2022.pdf\" target=\"_blank\" rel=\"noopener\">projets majeurs<\/a> de l&rsquo;agglom\u00e9ration<\/li>\n<\/ul>\n<\/li>\n<li>\n<h3>Documents \u00e9mis par Corbeil-Essonnes-Environnement :<\/h3>\n<\/li>\n<li><img decoding=\"async\" src=\"https:\/\/corbeil-essonnes-environnement.org\/wp-content\/uploads\/2024\/09\/2024_0907_CEE_FORUM2024.jpg\" \/><\/li>\n<li>Janvier 2024 : v<span class=\"x193iq5w xeuugli x13faqbe x1vvkbs x1xmvt09 x1lliihq x1s928wv xhkezso x1gmr53x x1cpjm7i x1fgarty x1943h6x xudqn12 x3x7a5m x6prxxf xvq8zen xo1l8bm xzsf02u x1yc453h\" dir=\"auto\">oici le document r\u00e9sumant notre proposition de<a href=\"https:\/\/corbeil-essonnes-environnement.org\/wp-content\/uploads\/2024\/02\/20240127_Strategie-damenagement-urbain-pour-lavenir-de-C-E.pdf\" target=\"_blank\" rel=\"noopener\"> strat\u00e9gie pour un am\u00e9nagement urbain de Corbeil-Essonnes<\/a> soutenue par les habitants, distribu\u00e9 lors de la r\u00e9union publique organis\u00e9e par l&rsquo;association samedi 27 janvier 2024. Nous vous invitons \u00e0 soutenir cette strat\u00e9gie en <a href=\"https:\/\/corbeil-essonnes-environnement.org\/?page_id=1127\" target=\"_blank\" rel=\"noopener\">adh\u00e9rant<\/a> \u00e0 l&rsquo;association.<\/span><a href=\"https:\/\/corbeil-essonnes-environnement.org\/wp-content\/uploads\/2024\/02\/20240127_Strategie-damenagement-urbain-pour-lavenir-de-C-E.pdf\" target=\"_blank\" rel=\"noopener\"><img loading=\"lazy\" decoding=\"async\" class=\"size-large wp-image-2490 aligncenter\" src=\"https:\/\/corbeil-essonnes-environnement.org\/wp-content\/uploads\/2024\/02\/Strategie-damenagement-2-pages-1-1024x839.jpg\" alt=\"\" width=\"1024\" height=\"839\" srcset=\"https:\/\/corbeil-essonnes-environnement.org\/wp-content\/uploads\/2024\/02\/Strategie-damenagement-2-pages-1-1024x839.jpg 1024w, https:\/\/corbeil-essonnes-environnement.org\/wp-content\/uploads\/2024\/02\/Strategie-damenagement-2-pages-1-300x246.jpg 300w, https:\/\/corbeil-essonnes-environnement.org\/wp-content\/uploads\/2024\/02\/Strategie-damenagement-2-pages-1-768x629.jpg 768w, https:\/\/corbeil-essonnes-environnement.org\/wp-content\/uploads\/2024\/02\/Strategie-damenagement-2-pages-1-1536x1258.jpg 1536w, https:\/\/corbeil-essonnes-environnement.org\/wp-content\/uploads\/2024\/02\/Strategie-damenagement-2-pages-1-2048x1677.jpg 2048w, https:\/\/corbeil-essonnes-environnement.org\/wp-content\/uploads\/2024\/02\/Strategie-damenagement-2-pages-1-1320x1081.jpg 1320w\" sizes=\"auto, (max-width: 1024px) 100vw, 1024px\" \/><\/a><\/li>\n<li>\n<h3>Document \u00e9mis par le Conseil Citoyen de Corbeil-Essonnes<\/h3>\n<ul>\n<li><a href=\"https:\/\/corbeil-essonnes-environnement.org\/wp-content\/uploads\/2024\/10\/2023_0921_Avis_conseil_citoyen_priorites_nouveau_contrat-de-ville.pdf\" target=\"_blank\" rel=\"noopener\">Avis du conseil citoyen<\/a> &#8211; Enjeux et priorit\u00e9s du nouveau contrat de ville 2024-2030<\/li>\n<\/ul>\n<\/li>\n<\/ul>\n<ul>\n<li>6 mai 2024 :\u00a0<a href=\"https:\/\/corbeil-essonnes-environnement.org\/wp-content\/uploads\/2024\/05\/2024_0506_Avis-C-E-E-modif-2-du-PLU.pdf\" target=\"_blank\" rel=\"noopener\">Avis de CEE<\/a> d\u00e9pos\u00e9 aupr\u00e8s du commissaire enqu\u00eateur sur la modification N\u00b02 du PLU 2019<\/li>\n<li>Avril\u00a0 2024 : modification n\u00b02 du PLU 2019\n<ul>\n<li style=\"list-style-type: none;\">\n<ul>\n<li><a href=\"https:\/\/corbeil-essonnes-environnement.org\/wp-content\/uploads\/2024\/04\/Arrete-n%C2%B0-2024-670-enquete-publique-PLU.pdf\" target=\"_blank\" rel=\"noopener\">Arr\u00eat\u00e9<\/a>\u00a0pour l\u2019enqu\u00eate publique<\/li>\n<li><a href=\"https:\/\/corbeil-essonnes-environnement.org\/wp-content\/uploads\/2024\/04\/Reunion-publique-modification-N%C2%B02-du-PLU.pdf\" target=\"_blank\" rel=\"noopener\">R\u00e9union publique<\/a>\u00a0pr\u00e9cisant la modification N\u00b02 du PLU 2019<\/li>\n<li><a href=\"https:\/\/corbeil-essonnes-environnement.org\/wp-content\/uploads\/2024\/04\/20240410_courrier-mairie-procedure-modi-2-PLU.jpg\" target=\"_blank\" rel=\"noopener\">Courier du maire<\/a>\u00a0\u00e0 CEE<\/li>\n<li>\u00a0<a href=\"https:\/\/corbeil-essonnes-environnement.org\/wp-content\/uploads\/2024\/04\/Avis-MRAe-du-20-12-2023.pdf\" target=\"_blank\" rel=\"noopener\">Avis MRAe<\/a>\u00a0de d\u00e9cembre 2023<\/li>\n<li><a href=\"https:\/\/corbeil-essonnes-environnement.org\/wp-content\/uploads\/2024\/04\/Avis-de-la-MRAe-en-date-du-13-mars-2024.pdf\" target=\"_blank\" rel=\"noopener\">Avis MRAE<\/a>\u00a0mars 2024<\/li>\n<\/ul>\n<\/li>\n<\/ul>\n<\/li>\n<li>Novembre 2023 : publication de FUTURA : <a href=\"https:\/\/www.futura-sciences.com\/planete\/actualites\/biodiversite-artificialisation-nuit-biodiversite-nous-faisons-partie-cette-biodiversite-109294\/\" target=\"_blank\" rel=\"noopener\">L\u2019artificialisation<\/a> nuit \u00e0 la biodiversit\u00e9. Et nous faisons partie de cette biodiversit\u00e9<\/li>\n<li>27 mars 2023, site Pomchou : Nos <a href=\"https:\/\/corbeil-essonnes-environnement.org\/wp-content\/uploads\/2023\/04\/20230327_-C-E-E-Texte-PomChou.pdf\" target=\"_blank\" rel=\"noopener\">commentaires<\/a> et la <a href=\"https:\/\/corbeil-essonnes-environnement.org\/wp-content\/uploads\/2023\/04\/20230327_Lettre-ouverte-Pom-Chou-Voisins-Galants.pdf\" target=\"_blank\" rel=\"noopener\">lettre ouverte de l&rsquo;association Voisins Galants<\/a> suite \u00e0 la <a href=\"https:\/\/corbeil-essonnes-environnement.org\/wp-content\/uploads\/2023\/04\/09-02-2023-REUNION-PUBLIQUEo.pdf\" target=\"_blank\" rel=\"noopener\">r\u00e9union publique<\/a> du 9 f\u00e9vrier 2023 \u00e0 la maison de quartier de La Nacelle \/ pr\u00e9sentation du projet sur l&rsquo;ancien site PomChou<\/li>\n<li>F\u00e9vrier 2023 : Marc Barra, \u00e9cologue de l&rsquo;Agence R\u00e9gionale de Biodiversit\u00e9 \u00eedF, revient sur l&rsquo;\u00e9cologie urbaine dans cet <a href=\"https:\/\/sfecologie.org\/regard\/ro21-oct-2022-marc-barra-ecologie-urbaine\/?utm_source=email&amp;utm_campaign=IN%20253&amp;utm_medium=email\" target=\"_blank\" rel=\"noopener\">article<\/a> \u00e9crit pour la Soci\u00e9t\u00e9 Fran\u00e7aise d\u2019\u00c9cologie et d\u2019\u00c9volution. L\u2019\u00e9cologie r\u00e9interroge aujourd&rsquo;hui les fondamentaux de l\u2019urbanisme. D\u00e9couvrez comment les \u00e9cologues et les naturalistes peuvent occuper d\u00e9sormais une place plus importante dans les r\u00e9flexions strat\u00e9giques et l\u2019\u00e9laboration des politiques urbaines.<\/li>\n<li>Octobre 2022 : 2 r\u00e9unions publiques concernant le projet \u00ab\u00a0Coeur de Ville\u00a0\u00bb &#8211; <strong>Soyons nombreux-ses et nous attendons des informations s\u00e9rieuses, pas des discours<\/strong>\n<ul>\n<li>Mercredi 19 octobre 19H \u00e0 l&rsquo;h\u00f4tel de ville, pr\u00e9sentation du projet sur le Centre ville, acc\u00e9der \u00e0 la <a href=\"https:\/\/corbeil-essonnes-environnement.org\/wp-content\/uploads\/2022\/10\/2022_1019_Presentation_projet_place_du_marche_o.pdf\" target=\"_blank\" rel=\"noopener\">pr\u00e9sentation<\/a><\/li>\n<li>Jeudi 20 octobre 18H \u00e0 l&rsquo;h\u00f4tel de ville, ateliers publiques destin\u00e9s \u00e0 travailler sur les diff\u00e9rents sc\u00e9narii d&rsquo;am\u00e9nagement du site de l\u2019ancienne imprimerie H\u00e9lio<\/li>\n<li><a href=\"https:\/\/corbeil-essonnes-environnement.org\/wp-content\/uploads\/2022\/10\/Pages-23-de-Magazine-Imagine-Corbeil-Essonnes-octobre-2022-4.pdf\" target=\"_blank\" rel=\"noopener\"><img loading=\"lazy\" decoding=\"async\" class=\"size-medium wp-image-2190 aligncenter\" src=\"https:\/\/corbeil-essonnes-environnement.org\/wp-content\/uploads\/2022\/10\/20221010_reunions-publiques-commune-300x189.jpg\" alt=\"\" width=\"300\" height=\"189\" srcset=\"https:\/\/corbeil-essonnes-environnement.org\/wp-content\/uploads\/2022\/10\/20221010_reunions-publiques-commune-300x189.jpg 300w, https:\/\/corbeil-essonnes-environnement.org\/wp-content\/uploads\/2022\/10\/20221010_reunions-publiques-commune-768x483.jpg 768w, https:\/\/corbeil-essonnes-environnement.org\/wp-content\/uploads\/2022\/10\/20221010_reunions-publiques-commune-640x400.jpg 640w, https:\/\/corbeil-essonnes-environnement.org\/wp-content\/uploads\/2022\/10\/20221010_reunions-publiques-commune.jpg 1009w\" sizes=\"auto, (max-width: 300px) 100vw, 300px\" \/><\/a><\/li>\n<\/ul>\n<\/li>\n<li>Novembre 2022, la nouvelle <a href=\"https:\/\/corbeil-essonnes-environnement.org\/wp-content\/uploads\/2022\/12\/2022_1101_Herisson_numero_01.pdf\" target=\"_blank\" rel=\"noopener\">lettre<\/a> du regroupement des associations de GPS membres de FNE-IDF. Il y a un petit article sur l&rsquo;urbanisme du centre de Corbeil<\/li>\n<li>septembre 2022 &#8211; projet H\u00e9lio : veuillez prendre connaissance du <a href=\"https:\/\/corbeil-essonnes-environnement.org\/wp-content\/uploads\/2022\/09\/2022_0712_Demande_daudition_par_votre_Conseil_dadministration.pdf\" target=\"_blank\" rel=\"noopener\">courrier du maire<\/a> de Corbeil-Essonnes adress\u00e9 \u00e0 C-E-E au sujet de Novaxia \/ancien site H\u00e9lio et de notre <a href=\"https:\/\/corbeil-essonnes-environnement.org\/wp-content\/uploads\/2022\/09\/2022_0723_Reponse_C-E-E_au_maire.pdf\" target=\"_blank\" rel=\"noopener\">r\u00e9ponse<\/a>.<\/li>\n<li>27 juin 2022 : <a href=\"https:\/\/corbeil-essonnes-environnement.org\/wp-content\/uploads\/2022\/06\/25-06-2022-lettre-C-E-E-delib-5.7.pdf\" target=\"_blank\" rel=\"noopener\">CEE publie son avis<\/a> sur la d\u00e9lib\u00e9ration 5.7 du conseil municipal du 29 juin visant \u00e0 faire approuver le projet de construction de logements sur le site H\u00e9lio par une proc\u00e9dure exp\u00e9ditive de d\u00e9claration de projets sans obligation de concertation pr\u00e9alable et sans donner aucun \u00e9l\u00e9ment d&rsquo;appr\u00e9ciation du projet : nombre de logements, parkings, \u00e9cole, \u00e9quipement, &#8230;\n<ul>\n<li>Pour Novaxia, c&rsquo;est clair : 60000 M2 \u00e0 usage r\u00e9sidentiel, soit de l&rsquo;ordre de 1000 logements, lire leur <a href=\"https:\/\/corbeil-essonnes-environnement.org\/wp-content\/uploads\/2022\/07\/Pages-9-de-Reporting_FPCI_2_Novaxia_Immo_Evolution_2-2.pdf\" target=\"_blank\" rel=\"noopener\">reporting<\/a> semestriel 2020<\/li>\n<\/ul>\n<\/li>\n<li>Avril 2022 : Enqu\u00eate publique relative au projet de modification de Plan Local d&rsquo;Urbanisme (PLU), faible participation des habitants, lire l&rsquo;<a href=\"https:\/\/corbeil-essonnes-environnement.org\/wp-content\/uploads\/2022\/05\/2022_0512_Avis_CEE_enquete_publique-modification_N\u00b01_PLU.pdf\" target=\"_blank\" rel=\"noopener\">avis<\/a> de Corbeil-Essonnes-Environnement en date du 2 mai<a href=\"https:\/\/corbeil-essonnes-environnement.org\/wp-content\/uploads\/2022\/05\/affiche-2.pdf\" target=\"_blank\" rel=\"noopener\"><img loading=\"lazy\" decoding=\"async\" class=\"size-medium wp-image-2022 aligncenter\" src=\"https:\/\/corbeil-essonnes-environnement.org\/wp-content\/uploads\/2022\/05\/avis-300x298.jpg\" alt=\"\" width=\"300\" height=\"298\" srcset=\"https:\/\/corbeil-essonnes-environnement.org\/wp-content\/uploads\/2022\/05\/avis-300x298.jpg 300w, https:\/\/corbeil-essonnes-environnement.org\/wp-content\/uploads\/2022\/05\/avis-150x150.jpg 150w, https:\/\/corbeil-essonnes-environnement.org\/wp-content\/uploads\/2022\/05\/avis-768x762.jpg 768w, https:\/\/corbeil-essonnes-environnement.org\/wp-content\/uploads\/2022\/05\/avis.jpg 800w\" sizes=\"auto, (max-width: 300px) 100vw, 300px\" \/><\/a><\/li>\n<li>31 mars 2022 : lancement de l\u2019enqu\u00eate publique pr\u00e9alable au projet de renouvellement urbain NPNRU \u00ab Tarter\u00eats \u00bb. L\u2019ensemble des documents de l\u2019enqu\u00eate sont disponibles sur les sites de la municipalit\u00e9 et de l\u2019agglom\u00e9ration Grand Paris Sud. Ils sont \u00e9galement disponibles sur le site internet du Conseil Citoyen :\n<ul>\n<li>Lire l\u2019<a href=\"https:\/\/www.a3ce.org\/wp-content\/uploads\/2022\/04\/2022_0429_A_destination_de_Monsieur_le_Commissaire.pdf\" target=\"_blank\" rel=\"noopener\">avis<\/a> du Conseil Citoyen en date du 29 avril 2022<\/li>\n<li><a href=\"https:\/\/www.a3ce.org\/wp-content\/uploads\/2022\/04\/Enquete-publique-Tarterets-avril-2022.pdf\" target=\"_blank\" rel=\"noreferrer noopener\">Avis d\u2019enqu\u00eate publique<\/a> suite \u00e0 l\u2019arr\u00eat\u00e9 pr\u00e9fectoral du 10 mars 2022<\/li>\n<li><a href=\"https:\/\/www.a3ce.org\/wp-content\/uploads\/2022\/04\/A_2022_0034.pdf\" target=\"_blank\" rel=\"noreferrer noopener\">Arr\u00eat\u00e9<\/a> portant organisation de l\u2019Enqu\u00eate Publique de GPS en date du 10 mars 2022<\/li>\n<li><a href=\"https:\/\/www.a3ce.org\/wp-content\/uploads\/2022\/04\/DEL_2021_306_organized_1_Vdef.pdf\" target=\"_blank\" rel=\"noreferrer noopener\">D\u00e9lib\u00e9ration<\/a> GPS approbation de principe du 6 juillet 2021<\/li>\n<li><a href=\"https:\/\/www.a3ce.org\/wp-content\/uploads\/2022\/04\/20NIF058_Etude-d-impact-NPNRU-Tarterets-fusionne_compressed.pdf\" target=\"_blank\" rel=\"noreferrer noopener\">Etude d\u2019impact Environnemental<\/a> du 23 juillet 2021 de GPS (935 pages)<\/li>\n<li><a href=\"https:\/\/www.a3ce.org\/wp-content\/uploads\/2022\/04\/Avis-delegue-Mrae.pdf\" target=\"_blank\" rel=\"noreferrer noopener\">Saisine de la MRAE<\/a> (Mission r\u00e9gionale d\u2019autorit\u00e9 environnementale) pour avis sur le projet en date du 30 juillet 2021<\/li>\n<li><a href=\"https:\/\/www.a3ce.org\/wp-content\/uploads\/2022\/04\/20NIF058-Memoire-en-reponse_20211112.pdf\" target=\"_blank\" rel=\"noreferrer noopener\">M\u00e9moire en r\u00e9ponse<\/a> par GPS en date du 12 novembre 2021<\/li>\n<li><a href=\"https:\/\/www.a3ce.org\/wp-content\/uploads\/2022\/04\/20NIF058_EI_Tarterets_V3_20211112.pdf\" target=\"_blank\" rel=\"noreferrer noopener\">\u00c9tude d\u2019impact Environnemental<\/a> du 12 novembre 2021 de GPS (506 pages)<\/li>\n<li>Lire l\u2019<a href=\"https:\/\/www.a3ce.org\/wp-content\/uploads\/2022\/04\/2021_0930_projet_avis_projet_npnru_tarterets-signe_avis-MRAE.pdf\" target=\"_blank\" rel=\"noreferrer noopener\">avis de la MRAE<\/a> en date du 30 septembre 2021 (non inclus dans le dossier d\u2019enqu\u00eate publique)<\/li>\n<\/ul>\n<\/li>\n<li>O\u00f9 en est l&rsquo;am\u00e9nagement du centre-ville ?\n<ul>\n<li><a href=\"https:\/\/corbeil-essonnes-environnement.org\/wp-content\/uploads\/2022\/04\/2022_0409_affiche-reunion-publique-3.pdf\" target=\"_blank\" rel=\"noopener\">R\u00e9union publique<\/a> 9 avril 2022 \/ 9h30 &#8211; 12h30 organis\u00e9e par CEE<\/li>\n<li>Salle Carnot, 75 avenue Carnot<\/li>\n<\/ul>\n<\/li>\n<\/ul>\n<ul>\n<li><img loading=\"lazy\" decoding=\"async\" class=\"wp-image-1974 aligncenter\" src=\"https:\/\/corbeil-essonnes-environnement.org\/wp-content\/uploads\/2022\/04\/2022_0409_affiche-reunion-publique-3-300x193.jpg\" alt=\"\" width=\"385\" height=\"264\" \/><\/li>\n<\/ul>\n<p>&nbsp;<\/p>\n<ul>\n<li>Mars 2022 : <a href=\"https:\/\/corbeil-essonnes-environnement.org\/wp-content\/uploads\/2022\/04\/2022_0310_Presentation_projet_GMC-2.pdf\" target=\"_blank\" rel=\"noopener\">Pr\u00e9sentation<\/a> du projet des Grands Moulins de Corbeil par le propri\u00e9taire le groupe Soufflet<\/li>\n<li>Janvier 2022 : Acc\u00e9der au <a href=\"https:\/\/corbeil-essonnes-environnement.org\/wp-content\/uploads\/2022\/04\/2022_01_PLAN_-GUIDE_coeur_de_ville-2.pdf\" target=\"_blank\" rel=\"noopener\">plan guide<\/a> vers un c\u0153ur de ville<\/li>\n<li>10 Mars 2022 : <a href=\"https:\/\/corbeil-essonnes-environnement.org\/wp-content\/uploads\/2022\/04\/2022_0310_Presentation_projet_GMC-2.pdf\" target=\"_blank\" rel=\"noopener\">pr\u00e9sentation<\/a> du projet d&rsquo;am\u00e9nagement sur le site des Grands Moulins de Corbeil par le groupe Soufflet<\/li>\n<\/ul>\n<ul>\n<li>CEE participe aux r\u00e9unions sur l&rsquo;avenir du site d&rsquo;H\u00e9lio, rachet\u00e9 par <a href=\"https:\/\/www.novaxia.fr\/\" target=\"_blank\" rel=\"noopener\">Novaxia<\/a>\n<ul>\n<li>Novaxia est un groupe financier dans l&rsquo;immobilier qui ach\u00e8te et revend des espaces \u00e0 urbaniser. Ce n&rsquo;est pas un promoteur, ni un am\u00e9nageur, l&rsquo;objectif de ce fond de placement est de r\u00e9aliser une plus value \u00e0 court terme (2 ans). Voir leur <a href=\"https:\/\/corbeil-essonnes-environnement.org\/wp-content\/uploads\/2021\/12\/projet-novaxia.pdf\" target=\"_blank\" rel=\"noopener\">pr\u00e9sentation<\/a> semestrielle 2020<\/li>\n<li>Lire\u00a0 <a href=\"https:\/\/corbeil-essonnes-environnement.org\/wp-content\/uploads\/2021\/11\/20210906__AR-Arrete-n-2021-1760-lancement-modif-PLU.pdf\" target=\"_blank\" rel=\"noopener\">l&rsquo;arr\u00eat\u00e9 municipal<\/a> de concertation et le <a href=\"https:\/\/corbeil-essonnes-environnement.org\/wp-content\/uploads\/2021\/11\/Dossier-concertation-finalisee-V2.pdf\" target=\"_blank\" rel=\"noopener\">dossier de concertation<\/a><\/li>\n<li>CEE publie un communiqu\u00e9 avec un avis <a href=\"https:\/\/corbeil-essonnes-environnement.org\/wp-content\/uploads\/2021\/12\/page-pseudo-concertation.pdf\" target=\"_blank\" rel=\"noopener\"> d\u00e9favorable<\/a> sur la m\u00e9thode suivie, pourquoi ?\n<ul>\n<li>Une <strong>politique de concertation<\/strong> est un mode de fonctionnement, de <a href=\"https:\/\/www.toupie.org\/Dictionnaire\/Gouvernance.htm\">gouvernance<\/a>, qui associe les administr\u00e9s, les citoyens, les salari\u00e9s ou leurs repr\u00e9sentants en les consultant et en \u00e9laborant avec eux les projet de d\u00e9cisions qu&rsquo;ils auront \u00e0 appliquer et dont ils auront \u00e0 supporter les cons\u00e9quences. Elle repose sur un dialogue coop\u00e9ratif entre toutes les parties prenantes pour obtenir une vision collective en vue d&rsquo;une d\u00e9cision ou d&rsquo;une action<\/li>\n<li>Les seules informations disponibles \u00e0 ce jour ne permettent pas de travailler ensemble. Nous pourrions tout au plus \u00eatre dans une phase pr\u00e9liminaire de collecte des besoins exprim\u00e9s par les habitants. Les th\u00e8mes qui ressortent le plus, sont : emploi, cadre de vie, \u00e9quipements, circulation, stationnement, r\u00e9novation des quartiers anciens. Nous attendons les comptes rendus des ateliers<\/li>\n<li>Le cabinet Grand Public est sp\u00e9cialis\u00e9 dans la communication et non les projets d&rsquo;urbanisme, il collecte et publie<\/li>\n<li>Pour un projet de cette ampleur, pr\u00e8s de 4 ha en plein centre, il est n\u00e9cessaire d&rsquo;en conna\u00eetre le contexte. Quel est le projet politique global avec H\u00e9lio, les moulins, la gare, les all\u00e9es, Coeur de ville&#8230; ?<\/li>\n<\/ul>\n<\/li>\n<\/ul>\n<\/li>\n<li>Novembre 2021 : lancement de la modification n\u00b01 du Plan Local d&rsquo;Urbanisme de Corbeil-Essonnes et r\u00e9unions sur l&rsquo;avenir du site H\u00e9lio-Corbeil o\u00f9 les habitants sont amen\u00e9s \u00e0 s\u00a0\u00bbexprimer sur l&rsquo;avenue du site. Corbeil-Essonnes-Environnement d\u00e9plore le manque d&rsquo;information de la part du propri\u00e9taire du site sur l&rsquo;avancement de son projet, ainsi que le manque d&rsquo;information de la part de la commune sur ses objectifs en terme d&rsquo;urbanisme. Ces informations sont pr\u00e9alables \u00e0 toute concertation. Lire <a href=\"https:\/\/corbeil-essonnes-environnement.org\/wp-content\/uploads\/2021\/11\/99_AR-Arrete-n\u00b02021-2352-concertation-et-objectifs-site-Helio.pdf\" target=\"_blank\" rel=\"noopener\">l&rsquo;arr\u00eat\u00e9<\/a> et le <a href=\"https:\/\/corbeil-essonnes-environnement.org\/wp-content\/uploads\/2021\/11\/Dossier-concertation-finalisee-V2.pdf\" target=\"_blank\" rel=\"noopener\">dossier de concertation<\/a>.<\/li>\n<li>Corbeil-Essonnes : Information communale sur <a href=\"https:\/\/corbeil-essonnes-environnement.org\/wp-content\/uploads\/2022\/01\/2021-Information-communal-sur-les-risques-majeurs.pdf\" target=\"_blank\" rel=\"noopener\">les risques majeurs<\/a> mise \u00e0 jour de janvier 2021. Lire aussi le <a href=\"https:\/\/corbeil-essonnes-environnement.org\/wp-content\/uploads\/2022\/01\/2008_dossier_departemental_risques_majeurs_version-finale.pdf\" target=\"_blank\" rel=\"noopener\">dossier d\u00e9partemental des risques majeurs<\/a> (278 pages)<\/li>\n<li><span dir=\"ltr\" role=\"presentation\">Au titre de sa politique des Espaces naturels sensibles (ENS), le D\u00e9partement de l\u2019Es<\/span><span dir=\"ltr\" role=\"presentation\">sonne acquiert des sites afin de les soustraire \u00e0 la pression fonci\u00e8re et de les valo<\/span><span dir=\"ltr\" role=\"presentation\">riser. <\/span>\n<ul>\n<li>le Conservatoire d\u00e9partemental des espaces naturels sensibles \u00e9tablit la <a href=\"https:\/\/www.essonne.fr\/fileadmin\/5-cadre_vie_environnement\/patrimoine_naturel\/ressources\/etudes\/Synthese_naturaliste_-_ENS__2020_.pdf\" target=\"_blank\" rel=\"noopener\">Synth\u00e8se naturaliste<\/a> des observations r\u00e9alis\u00e9es sur les diff\u00e9rents sites d\u00e9partementaux<\/li>\n<\/ul>\n<\/li>\n<\/ul>\n<p>Nous vous signalons la publication du <a href=\"https:\/\/49gx4.r.ag.d.sendibm3.com\/mk\/cl\/f\/r_oe2U6gG01_Ld4pMfv_cDTJP4g57jWh_n85xzeY8G4flO834dNBGvI7UWBAqZC7ToqDBF9_3jG_8lDajaJdp-AYYuhMP9E9mWUOoyej8MaBBOH_J0rV4kj5mzVDHWth8nCrJQliT8SWfcOeHqJgrTRDBiH1anZd9GT1ION4IVlJNYKtekJcG--tLRAzS7KjyPTqyswU1tpuSuv_IlPvHuAOKGWJXoiJGTU\" target=\"_blank\" rel=\"noopener\">replay <\/a>de la formation \u201cComprendre les documents d\u2019urbanisme\u201d, dispens\u00e9e par FNE le 20 octobre 2021<\/p>\n<p>La commune a engag\u00e9 en 2015 la r\u00e9vision de notre Plan Local d\u2019Urbanisme. Il d\u00e9\ufb01nit le projet de ville \u00e0 l\u2019horizon des 10 \u00e0 15 prochaines ann\u00e9es.<\/p>\n<p>Nous sommes tous concern\u00e9s par:<br \/>\nl&rsquo;impact du r\u00e9chauffement climatique &#8211; l&rsquo;urbanisation importante &#8211;\u00a0 l\u2019imperm\u00e9abilisation des sols &#8211; la disparition d\u2019espaces v\u00e9g\u00e9talis\u00e9s &#8211; l&rsquo;absorption des eaux de pluie &#8211;\u00a0 les inondations- notre cadre de vie &#8211; le logement en hausse\/l&rsquo; emploi en baisse &#8211; l&rsquo;offre commerciale d\u00e9s\u00e9quilibr\u00e9e &#8211; la circulation\/le stationnement- l&rsquo;efficacit\u00e9 \u00e9nerg\u00e9tique,\u2026<\/p>\n<p>Nous avons le d\u00e9sir de bien vivre dans tous les quartiers et de transmettre aux g\u00e9n\u00e9rations futures une ville en harmonie.<br \/>\nL\u2019urbanisme, c\u2019est l\u2019affaire de tous, c\u2019est donc VOTRE affaire et NOTRE affaire.<\/p>\n<ul>\n<li>Corbeil-Essonnes-Environnement a la <a href=\"https:\/\/corbeil-essonnes-environnement.org\/wp-content\/uploads\/2020\/05\/20180307_ENE_CEE_delegation-PPA_PPC_PLU.pdf\" target=\"_blank\" rel=\"noopener noreferrer\">d\u00e9l\u00e9gation<\/a> de sa f\u00e9d\u00e9ration ENE qui dispose des agr\u00e9ments environnement et de la participation au d\u00e9bat sur l&rsquo;environnement, pour \u00eatre pr\u00e9sent dans la commission de r\u00e9vision du PLU en tant que personne publique associ\u00e9e (PPA)<\/li>\n<li><a href=\"http:\/\/www.confluence-91.org\/CEE_site\/PLU_ZAC_Glaises_SDRIF_SMITEC\/revision plu 2018\/image_ Reunion publique mercredi 17 octobre 2018.pdf\" target=\"new\" rel=\"noopener noreferrer\">Participez \u00e0 la r\u00e9union publique mercredi 19 d\u00e9cembre 19H \u00e0 l&rsquo;H\u00f4tel de Ville<\/a>.<\/li>\n<li>Le <a href=\"http:\/\/www.confluence-91.org\/CEE_site\/PLU_ZAC_Glaises_SDRIF_SMITEC\/revision plu 2018\/Courrier du 23.02.18.pdf\" target=\"_new\" rel=\"noopener noreferrer\">courrier<\/a> du maire \u00e0 CEE<\/li>\n<li>Le <a href=\"http:\/\/www.confluence-91.org\/CEE_site\/PLU_ZAC_Glaises_SDRIF_SMITEC\/revision plu 2018\/DDT - Porter a Connaissance Corbeil-Essonnes r.pdf\" target=\"_new\" rel=\"noopener noreferrer\">Porter \u00e0 connaissance<\/a> de la Pr\u00e9f\u00e8te en date du 26 octobre 2016<\/li>\n<li>CEE participe \u00e0 la concertation en liaison avec plusieurs associations locales (r\u00e9unions en avril et une nouvelle pr\u00e9vue fin mai)<\/li>\n<li>Ces r\u00e9unions n&rsquo;ont pas \u00e9t\u00e9 fructueuses<\/li>\n<li>La municipalit\u00e9 a prescrit le d\u00e9bat sur le Projet d&rsquo;Am\u00e9nagement et de D\u00e9veloppement Durable (<a href=\"http:\/\/www.confluence-91.org\/CEE_site\/PLU_ZAC_Glaises_SDRIF_SMITEC\/revision plu 2018\/20180821_CEE_padd_plu_A3.pdf\" target=\"_new\" rel=\"noopener noreferrer\">PADD<\/a>) le 9 juillet<\/li>\n<li>Pour m\u00e9moire, <a href=\"http:\/\/www.confluence-91.org\/CEE_site\/PLU_ZAC_Glaises_SDRIF_SMITEC\/revision plu 2018\/20160622 Avis C-E-E enquete publique PLU.pdf\" target=\"_new\" rel=\"noopener noreferrer\">l&rsquo;avis de CEE<\/a> lors de la r\u00e9vision de 2016<\/li>\n<li>11 mars 2019 : Le PLU est arr\u00eat\u00e9 en Conseil Municipal\n<ul>\n<li>Le <a href=\"http:\/\/www.confluence-91.org\/CEE_site\/PLU_ZAC_Glaises_SDRIF_SMITEC\/20190311 CM documents PLU arrete en CM\/0-PADD OAP Zonage Reglement.pdf\" target=\"new\" rel=\"noopener noreferrer\">premier<\/a> document regroupe le PADD, Le Zonage, les OAP g\u00e9ographiques et les OAP th\u00e9matiques (17 documents 75Mo)<\/li>\n<li>Le <a href=\"http:\/\/www.confluence-91.org\/CEE_site\/PLU_ZAC_Glaises_SDRIF_SMITEC\/20190311 CM documents PLU arrete en CM\/0-Autres documents et annexes.pdf\" target=\"new\" rel=\"noopener noreferrer\">deuxi\u00e8me<\/a> regroupe les autres documents et les annexes (82 documents 114 Mo)<\/li>\n<li>13 janvier 2020 : <a href=\"http:\/\/www.confluence-91.org\/CEE_site\/PLU_ZAC_Glaises_SDRIF_SMITEC\/20200111_Recours_gracieux_CEE_PLU.pdf\" target=\"new\" rel=\"noopener noreferrer\">Recours gracieux<\/a> \u00e0 l\u2019encontre de la d\u00e9lib\u00e9ration du conseil municipal de Corbeil Corbeil- Essonnes, en date du 17 octobre 2019, approuvant le PLU.<\/li>\n<\/ul>\n<\/li>\n<\/ul>\n<h3><strong>2019<\/strong> :<\/h3>\n<ul>\n<li>Le <strong>NPRNU<\/strong> (Nouveau Programme National de R\u00e9novation Urbaine) du quartier prioritaire des Tarter\u00eats a \u00e9t\u00e9 pr\u00e9sent\u00e9 le <strong><a href=\"https:\/\/www.a3ce.org\/wp-content\/uploads\/2019\/09\/20190811-Support_reunion_publique_1107-npnru-tarterets_01-r.pdf\">11 juillet 2019 \u2013 r\u00e9union publique d\u2019information par la municipalit\u00e9<\/a><\/strong><\/li>\n<li>Ce projet fait suite au premier projet de r\u00e9novation urbaine \u00e0 ce jour termin\u00e9. Il doit restructurer le quartier sur les ann\u00e9es \u00e0 venir<\/li>\n<\/ul>\n<h3>2018 Site papeterie OAP-Pom\u2019Chou projet ICADE<\/h3>\n<p>Novembre :\u00a0CEE a formul\u00e9 un recours gracieux puis un recours contentieux parce que le permis de construire autoris\u00e9 \/ projet ICADE ne respectait pas l\u2019OAP : Orientation d\u2019Am\u00e9nagement et de Programmation \u2013 Pom\u2019Chou, inscrite au PLU de 2016. En cons\u00e9quence le permis de construire pour 240 logements d\u00e9pos\u00e9 par ICADE a \u00e9t\u00e9 retir\u00e9 par le promoteur, avant les conclusions du tribunal administratif qui l\u2019aurait condamn\u00e9 pour non-respect des dispositions du PLU.<a href=\"http:\/\/www.confluence-91.org\/CEE_site\/PLU_ZAC_Glaises_SDRIF_SMITEC\/20181120%20Communique%20OAP%20PomChou%20ICADE.pdf\"> Lire le communiqu\u00e9<\/a>.\u00a0 Ce retrait qui \u00e9teint l\u2019action en justice n\u2019a pas permis \u00e0 C-E-E d\u2019\u00eatre d\u00e9dommag\u00e9 des frais de proc\u00e9dure engag\u00e9s.<\/p>\n<h3>2017<\/h3>\n<ul>\n<li>Retrouvez la <a href=\"http:\/\/www.confluence-91.org\/CEE_site\/Mairie de Corbeil\/20170802 Motion CEE version 11 du 2 aout.pdf\" target=\"_new\" rel=\"noopener noreferrer\"><strong>motion\/p\u00e9tition<\/strong><\/a> \u00e0 l&rsquo;adresse de Monsieur le Maire de Corbeil-Essonnes, Vice-pr\u00e9sident de Grand Paris Sud, sur le cadre de vie des habitants et l&rsquo;urbanisation de notre ville. Nous serons 53000 habitants au lieu des 45000 pr\u00e9vus dans le Plan Local d&rsquo;Urbanisme. Cette diff\u00e9rence consid\u00e9rable de 8000 habitants entre le PLU adopt\u00e9 et la r\u00e9alit\u00e9 engendre de lourdes cons\u00e9quences sur la vie des habitants : surdensification, imperm\u00e9abilisation des sols, r\u00e9seau d&rsquo;assainissement insuffisant, circulation et stationnement de plus en plus difficile, immobilisme quant aux projets d&rsquo;am\u00e9nagement comme sur le Cirque de l&rsquo;Essonne. 354 signatures ont \u00e9t\u00e9 recueillies \u00e0 ce jour. La p\u00e9tition continue. Le bureau de l&rsquo;association a longuement rencontr\u00e9 notre maire le 12 f\u00e9vrier, plus \u00e0 suivre.<\/li>\n<\/ul>\n<h3>2016 :<\/h3>\n<ul>\n<li>PLU de Villab\u00e9, 16 d\u00e9cembre 2016 : <a href=\"http:\/\/www.confluence-91.org\/CEE_site\/PLU_ZAC_Glaises_SDRIF_SMITEC\/20161216%20Avis%20CEE%20enquete%20publique%20modifs%20PLU%20Villabe.pdf\">lire l&rsquo;avis de CEE<\/a><\/li>\n<\/ul>\n<h3>2016 :<\/h3>\n<ul>\n<li>R\u00e9vision du PLU de Corbeil-Essonnes<\/li>\n<li>Juin 2016 : Enqu\u00eate publique modification du PLU, lire l&rsquo;<a href=\"http:\/\/www.confluence-91.org\/CEE_site\/PLU_ZAC_Glaises_SDRIF_SMITEC\/20160622 Avis C-E-E enquete publique PLU.pdf\" target=\"_new\" rel=\"noopener noreferrer\">avis<\/a> de CEE en date du 24 juin 2016 et les <a href=\"http:\/\/www.confluence-91.org\/CEE_site\/PLU_ZAC_Glaises_SDRIF_SMITEC\/20160622 Annexes avis enquete publique PLU.pdf\" target=\"_new\" rel=\"noopener noreferrer\">annexes<\/a>.<\/li>\n<\/ul>\n<ul>\n<li>\u00a0Modification PLU 2016 : acc\u00e9der au dossier et l&rsquo;<a href=\"http:\/\/www.confluence-91.org\/CEE_site\/PLU_ZAC_Glaises_SDRIF_SMITEC\/20160622 Avis C-E-E enquete publique PLU.pdf\" target=\"_new\" rel=\"noopener noreferrer\">avis<\/a> de CEE, \u00e0 la <a href=\"http:\/\/www.confluence-91.org\/CEE_site\/PLU_ZAC_Glaises_SDRIF_SMITEC\/20160912 delib appro mod plu.pdf\" target=\"_new\" rel=\"noopener noreferrer\">d\u00e9lib\u00e9ration<\/a> du conseil municipal du 12 septembre 2016, au <a href=\"http:\/\/www.confluence-91.org\/CEE_site\/PLU_ZAC_Glaises_SDRIF_SMITEC\/21060724 rapport plu 2016-enquete_publique_fascicule_1.pdf\" target=\"_new\" rel=\"noopener noreferrer\">tome 1<\/a> du rapport du commissaire enqu\u00eateur et <a href=\"http:\/\/www.confluence-91.org\/CEE_site\/PLU_ZAC_Glaises_SDRIF_SMITEC\/20160724 rapport plu 2016_enquete_publique_fascicule_2.pdf\" target=\"_new\" rel=\"noopener noreferrer\">tome 2<\/a>.<\/li>\n<li>Novembre 2016 : lire le <a href=\"http:\/\/www.confluence-91.org\/CEE_site\/PLU_ZAC_Glaises_SDRIF_SMITEC\/20161110 Recours gracieux PLU 10-11-2016.pdf\" target=\"new\" rel=\"noopener noreferrer\">recours gracieux<\/a> \u00e9mis par CEE et la <a href=\"http:\/\/www.confluence-91.org\/CEE_site\/PLU_ZAC_Glaises_SDRIF_SMITEC\/20161124_CEE_AR_PLU_Maire_reponse_recoursgracieux.pdf\" target=\"new\" rel=\"noopener noreferrer\">r\u00e9ponse<\/a> de la municipalit\u00e9.<\/li>\n<\/ul>\n<h3>2011-2013 :<\/h3>\n<ul>\n<li>R\u00e9vision du PLU<\/li>\n<li>La r\u00e9vision du PLU 2009 a \u00e9t\u00e9 stopp\u00e9e et le 22 f\u00e9vrier 2010 la municipalit\u00e9 prescrit une nouvelle r\u00e9vision g\u00e9n\u00e9rale du Plan Local d&rsquo;Urbanisme de la commune de Corbeil-Essonnes.<\/li>\n<li>La premi\u00e8re \u00e9tape \u00e0 r\u00e9aliser est un diagnostic urbain, et les corbeil-essonnois sont sollicit\u00e9s pour donner leur analyse. CEE d\u00e9cide d&rsquo;y contribuer et fin mai 2011 communique son document d&rsquo;analyse \u00e9labor\u00e9 par le conseil d&rsquo;administration et plusieurs adh\u00e9rents. Ce <a href=\"http:\/\/www.confluence-91.org\/CEE_site\/PLU_ZAC_Glaises_SDRIF_SMITEC\/110531 PLU Constat preparatoire par CEE.pdf\">document<\/a> est consultable en ligne. M. Bechter nous<a href=\"http:\/\/www.confluence-91.org\/CEE_site\/PLU_ZAC_Glaises_SDRIF_SMITEC\/110627 Lettre Bechter PLU a CEE.pdf\"> remercie<\/a> du travail effectu\u00e9.<\/li>\n<li>le 29 juin 2011, la premi\u00e8re commission extra-municipale d&rsquo;urbanisme se r\u00e9unit et les cabinets d&rsquo;\u00e9tudes en charge du PLU pr\u00e9sentent leur diagnostic. Cette <a href=\"http:\/\/www.confluence-91.org\/CEE_site\/PLU_ZAC_Glaises_SDRIF_SMITEC\/110629 present diag PLU com xtra mun.pdf\" target=\"_new\" rel=\"noopener noreferrer\">pr\u00e9sentation<\/a> est consultable en ligne, ainsi que le <a href=\"http:\/\/www.confluence-91.org\/CEE_site\/PLU_ZAC_Glaises_SDRIF_SMITEC\/CR Commission Extra-municipale Urbanisme_29-06-11.pdf\" target=\"_new\" rel=\"noopener noreferrer\">compte rendu<\/a> de la commission.<\/li>\n<li>La 2\u00e8me commission extra municipale d&rsquo;urbanisme consacr\u00e9e \u00e0 la pr\u00e9paration du Projet d&rsquo;Am\u00e9nagement et de D\u00e9veloppement Durable (PADD) s&rsquo;est r\u00e9unie le 1er sept 2011. Le PADD exprime l&rsquo;avenir et la transformation de la ville, pr\u00e9alable \u00e0 l&rsquo;\u00e9laboration du PLU qui traite du zonage et du r\u00e9glement. Nous avons pr\u00e9sent\u00e9 nos<a href=\"http:\/\/www.confluence-91.org\/CEE_site\/PLU_ZAC_Glaises_SDRIF_SMITEC\/110901 Reflexions de CEE PADD pour PLU CE.pdf\" target=\"_new\" rel=\"noopener noreferrer\"> r\u00e9flexions<\/a> et le cabinet d&rsquo;\u00e9tude a pr\u00e9sent\u00e9 un ensemble de <a href=\"http:\/\/www.confluence-91.org\/CEE_site\/PLU_ZAC_Glaises_SDRIF_SMITEC\/110901 Debat autour du PADD.pdf\" target=\"_new\" rel=\"noopener noreferrer\">th\u00e8mes<\/a> pour discussion.<\/li>\n<li>La 3\u00e8me commission s&rsquo;est tenu le 4 octobre 2011. Lire le <a href=\"http:\/\/www.confluence-91.org\/CEE_site\/PLU_ZAC_Glaises_SDRIF_SMITEC\/20111004 CR commission extramunicipale urbanisme_VF.pdf\" target=\"_new\" rel=\"noopener noreferrer\">compte rendu<\/a> et le <a href=\"http:\/\/www.confluence-91.org\/CEE_site\/PLU_ZAC_Glaises_SDRIF_SMITEC\/20111004 Projet de de PADD doc de travail VF.pdf\" target=\"_new\" rel=\"noopener noreferrer\">projet de PADD<\/a> (document de travail).<\/li>\n<li>Le 13 novembre 2011, CEE communique son <a href=\"http:\/\/www.confluence-91.org\/CEE_site\/PLU_ZAC_Glaises_SDRIF_SMITEC\/20111113 Avis CEE sur le projet de PADD.pdf\" target=\"_new\" rel=\"noopener noreferrer\">avis<\/a> sur le projet de PADD.<\/li>\n<li>La 4\u00e8me commission s&rsquo;est tenue le 23 novembre 2011. Lire le <a href=\"http:\/\/www.confluence-91.org\/CEE_site\/PLU_ZAC_Glaises_SDRIF_SMITEC\/20111123CR commission extramunicipale urbanisme VF.pdf\" target=\"_new\" rel=\"noopener noreferrer\">compte rendu<\/a> et la <a href=\"http:\/\/www.confluence-91.org\/CEE_site\/PLU_ZAC_Glaises_SDRIF_SMITEC\/20111123 Carte de synthese PADD.pdf\" target=\"_new\" rel=\"noopener noreferrer\">carte de synth\u00e8se du PADD<\/a>.<\/li>\n<li>Le 12 d\u00e9cembre 2012, le projet de PADD est en <a href=\"http:\/\/www.confluence-91.org\/CEE_site\/PLU_ZAC_Glaises_SDRIF_SMITEC\/20111212 Projet de PADD_Debat CM 12-12-2011 VF.pdf\" target=\"_new\" rel=\"noopener noreferrer\">d\u00e9bat<\/a> au conseil municipal.<\/li>\n<li>Le 18 janvier 2012, CEE est invit\u00e9 \u00e0 une r\u00e9union publique de <a href=\"http:\/\/www.confluence-91.org\/CEE_site\/PLU_ZAC_Glaises_SDRIF_SMITEC\/20120118 Diag et padd reunion plu VF.pdf\" target=\"_new\" rel=\"noopener noreferrer\">pr\u00e9sentation<\/a> des \u00e9tapes \u00ab\u00a0Diagnostic\u00a0\u00bb &amp; \u00ab\u00a0PADD\u00a0\u00bb, en tant que Personne Publique Consult\u00e9e PPC, mandataire d&rsquo;Essonne Nature Environnement\u00a0\u00bb. Lire le <a href=\"http:\/\/www.confluence-91.org\/CEE_site\/PLU_ZAC_Glaises_SDRIF_SMITEC\/20120218 CR PLU RPPA.pdf\" target=\"_new\" rel=\"noopener noreferrer\">compte rendu<\/a>.<\/li>\n<li>Le 28 mars 2012, CEE participe \u00e0 la 5\u00e8me commission extra-municipale d&rsquo;urbanisme, lire le <a href=\"http:\/\/www.confluence-91.org\/CEE_site\/PLU_ZAC_Glaises_SDRIF_SMITEC\/20120328 Compte-rendu CEM Urba.pdf\" target=\"_new\" rel=\"noopener noreferrer\">compte rendu<\/a> et le <a href=\"http:\/\/www.confluence-91.org\/CEE_site\/PLU_ZAC_Glaises_SDRIF_SMITEC\/20120328 Presentation CEM URBA.pdf\" target=\"_new\" rel=\"noopener noreferrer\">document pr\u00e9paratoire<\/a> au zonage et r\u00e8glement. La commission suivante s&rsquo;est tenue le 9 mai. La prochaine se tiendra le 6 juin, et la r\u00e9union des Personnes Publiques Associ\u00e9es le 22 juin. CEE communique son<a href=\"http:\/\/www.confluence-91.org\/CEE_site\/PLU_ZAC_Glaises_SDRIF_SMITEC\/20120606 Avis CEE zonage regl CEM du 6 juin V2.pdf\" target=\"_new\" rel=\"noopener noreferrer\"> avis<\/a> pour la commission du 6 juin.<\/li>\n<li>Commission du 6 juin, lire le <a href=\"http:\/\/www.confluence-91.org\/CEE_site\/PLU_ZAC_Glaises_SDRIF_SMITEC\/20120628 Compte rendu commission xtra municipale urbanisme.pdf\" target=\"_new\" rel=\"noopener noreferrer\">compte rendu<\/a>.<\/li>\n<li>Le 28 juin, le <a href=\"http:\/\/confluence-91.org\/CEE_site\/PLU_ZAC_Glaises_SDRIF_SMITEC\/20120628%20diagnostic_circulatio_stationnement_PLU_%20avril%202012%20V7e.pdf\" target=\"_new\" rel=\"noopener noreferrer\">diagnostic<\/a> de l&rsquo;\u00e9tude \u00ab\u00a0Circulation &amp; Stationnement\u00a0\u00bb a \u00e9t\u00e9 pr\u00e9sent\u00e9 \u00e0 la commission extra municipale d&rsquo;urbanisme. CEE a fait ses <a href=\"http:\/\/confluence-91.org\/CEE_site\/PLU_ZAC_Glaises_SDRIF_SMITEC\/20120628%20Reflexions%20de%20CEE%20diag%20circulation%20stationnement.pdf\" target=\"_new\" rel=\"noopener noreferrer\">observations<\/a> de fond. CEE ne dispose d&rsquo;aucune information sur la suite donn\u00e9e \u00e0 cette pr\u00e9sentation, y a t-il un plan d&rsquo;action ? <a href=\"http:\/\/confluence-91.org\/CEE_site\/PLU_ZAC_Glaises_SDRIF_SMITEC\/20120628%20Reponse%20ppt%20Corbeil%20Essonnes%20Environnement%20.pdf\" target=\"_new\" rel=\"noopener noreferrer\">Lire la position de la ville<\/a>.<\/li>\n<li>Le 5 octobre, 2\u00e8me r\u00e9union des Personnes Publiques Associ\u00e9es, lire la <a href=\"http:\/\/www.confluence-91.org\/CEE_site\/PLU_ZAC_Glaises_SDRIF_SMITEC\/20121005 Presentation reunion des Personnes Publiques Associees V4.pdf\" target=\"_new\" rel=\"noopener noreferrer\">pr\u00e9sentation<\/a> et le <a href=\"http:\/\/www.confluence-91.org\/CEE_site\/PLU_ZAC_Glaises_SDRIF_SMITEC\/20121005 Compte rendu reunion PPA.pdf\" target=\"_new\" rel=\"noopener noreferrer\">compte rendu<\/a>.<\/li>\n<li>Le 11 octobre 2012, <a href=\"http:\/\/www.confluence-91.org\/CEE_site\/PLU_ZAC_Glaises_SDRIF_SMITEC\/20121011 presentation en commission evol zonage reglement V2.pdf\" target=\"_new\" rel=\"noopener noreferrer\">pr\u00e9sentation<\/a> en commission des \u00e9volutions du zonage et du r\u00e8glement.<\/li>\n<li>F\u00e9vrier 2013, les documents finaux sont disponibles :\n<ul>\n<li><a href=\"http:\/\/www.confluence-91.org\/CEE_site\/PLU_ZAC_Glaises_SDRIF_SMITEC\/2013023 PLU doc finaux\/0-Cartouche et liste des pieces.pdf\" target=\"_new\" rel=\"noopener noreferrer\">0-Cartouche et liste des pieces<\/a>, <a href=\"http:\/\/www.confluence-91.org\/CEE_site\/PLU_ZAC_Glaises_SDRIF_SMITEC\/2013023 PLU doc finaux\/1-Rapport de presentation.pdf\" target=\"_new\" rel=\"noopener noreferrer\">1-Rapport de presentation<\/a>, <a href=\"http:\/\/www.confluence-91.org\/CEE_site\/PLU_ZAC_Glaises_SDRIF_SMITEC\/2013023 PLU doc finaux\/2-PADD.pdf\" target=\"_new\" rel=\"noopener noreferrer\">2-PADD<\/a>, <a href=\"http:\/\/www.confluence-91.org\/CEE_site\/PLU_ZAC_Glaises_SDRIF_SMITEC\/2013023 PLU doc finaux\/3-OAP.pdf\" target=\"_new\" rel=\"noopener noreferrer\">3-OAP<\/a>, <a href=\"http:\/\/www.confluence-91.org\/CEE_site\/PLU_ZAC_Glaises_SDRIF_SMITEC\/2013023 PLU doc finaux\/4-Reglement.pdf\" target=\"_new\" rel=\"noopener noreferrer\">4-Reglement<\/a>, <a href=\"http:\/\/www.confluence-91.org\/CEE_site\/PLU_ZAC_Glaises_SDRIF_SMITEC\/2013023 PLU doc finaux\/5-Zonage.pdf\" target=\"_new\" rel=\"noopener noreferrer\">5-Zonage<\/a>, <a href=\"http:\/\/www.confluence-91.org\/CEE_site\/PLU_ZAC_Glaises_SDRIF_SMITEC\/2013023 PLU doc finaux\/6-Annexes 1eme part.pdf\" target=\"_new\" rel=\"noopener noreferrer\">6-Annexes 1eme part<\/a>, <a href=\"http:\/\/www.confluence-91.org\/CEE_site\/PLU_ZAC_Glaises_SDRIF_SMITEC\/2013023 PLU doc finaux\/6-Annexes 2eme part.pdf\">6-Annexes 2eme part<\/a>,<a href=\"http:\/\/www.confluence-91.org\/CEE_site\/PLU_ZAC_Glaises_SDRIF_SMITEC\/2013023 PLU doc finaux\/7-pieces administratives.pdf\" target=\"_new\" rel=\"noopener noreferrer\"> 7-pieces administratives<\/a>.<\/li>\n<\/ul>\n<\/li>\n<li>Le 31 mai 2013, l&rsquo;association a d\u00e9pos\u00e9 son <a href=\"http:\/\/www.confluence-91.org\/CEE_site\/PLU_ZAC_Glaises_SDRIF_SMITEC\/20130531 AVIS CEE PLU 2013.pdf\" target=\"_new\" rel=\"noopener noreferrer\">avis<\/a> d\u00e9favorable au PLU en tant que Personne Publique Associ\u00e9e (PPA)<\/li>\n<li>Le 26 juin 2013, CEE propose \u00e0 ses adh\u00e9rents une <a href=\"http:\/\/www.confluence-91.org\/CEE_site\/PLU_ZAC_Glaises_SDRIF_SMITEC\/20130626 Tract et petition CEE PLU 2013.pdf\" target=\"_new\" rel=\"noopener noreferrer\">information et une p\u00e9tition<\/a> pr\u00e9cisant les modifications demand\u00e9es sur le projet de PLU, ainsi qu&rsquo;un <a href=\"http:\/\/www.confluence-91.org\/CEE_site\/PLU_ZAC_Glaises_SDRIF_SMITEC\/20130626 CONDENSE DE avis CEE sur le PLU 2013.pdf\" target=\"_new\" rel=\"noopener noreferrer\">condens\u00e9<\/a> de 13 pages de sa position \u00e9mise en tant que PPA (Personne Publique Associ\u00e9e).<\/li>\n<li>Le 6 juillet 2013, CEE a remis son avis \u00e0 M. le commissaire enqu\u00eateur le 6 juillet 2013, ainsi qu&rsquo;un certain nombre de p\u00e9tition soutenant les demandes de modifications demand\u00e9es par CEE. Lire l&rsquo;avis <a href=\"http:\/\/www.confluence-91.org\/CEE_site\/PLU_ZAC_Glaises_SDRIF_SMITEC\/20130706 AVIS PLU de CEE remis 6 juillet 2013.pdf\" target=\"_new\" rel=\"noopener noreferrer\">ici<\/a>. Le d\u00e9compte des p\u00e9titions sera fait ult\u00e9rieurement.<\/li>\n<li>Septembre 2013 : le <a href=\"http:\/\/www.corbeil-essonnes.com\/spip.php?article4384\" target=\"_new\" rel=\"noopener noreferrer\">rapport<\/a> du commissaire enqu\u00eateur est disponible sur le site de la mairie. Consulter \u00e9galement l&rsquo;<a href=\"http:\/\/www.confluence-91.org\/CEE_site\/PLU_ZAC_Glaises_SDRIF_SMITEC\/20130705 commentaire parisien sur avis CEE PLU.pdf\" target=\"_new\" rel=\"noopener noreferrer\">article<\/a> du Parisien sur la position de CEE.<\/li>\n<li>5 septembre 2013, PLU en r\u00e9vision : le rapport du commisssaire enqu\u00eateur disponible sur le site de CEE :\n<ul>\n<li><a href=\"http:\/\/www.confluence-91.org\/CEE_site\/PLU_ZAC_Glaises_SDRIF_SMITEC\/20130905 PLU rapport du commissaire enqueteur comp\/PLU rapport commissaire enqueteur.pdf\" target=\"_new\" rel=\"noopener noreferrer\">Le rapport<\/a>, <a href=\"http:\/\/www.confluence-91.org\/CEE_site\/PLU_ZAC_Glaises_SDRIF_SMITEC\/20130905 PLU rapport du commissaire enqueteur comp\/PLU rapport commissaire enqueteur vol 1 annexes 1 a 6.pdf\" target=\"_new\" rel=\"noopener noreferrer\">annexes 1 \u00e0 6<\/a>, <a href=\"http:\/\/www.confluence-91.org\/CEE_site\/PLU_ZAC_Glaises_SDRIF_SMITEC\/20130905 PLU rapport du commissaire enqueteur comp\/PLU rapport commissaire enqueteur vol 2 annexe 7.pdf\" target=\"_new\" rel=\"noopener noreferrer\">annexe 7<\/a>, <a href=\"http:\/\/www.confluence-91.org\/CEE_site\/PLU_ZAC_Glaises_SDRIF_SMITEC\/20130905 PLU rapport du commissaire enqueteur comp\/PLU rapport commissaire enqueteur vol 2bis annexe 7 suite.pdf\" target=\"_new\" rel=\"noopener noreferrer\">annexe 7 suite<\/a>, <a href=\"http:\/\/www.confluence-91.org\/CEE_site\/PLU_ZAC_Glaises_SDRIF_SMITEC\/20130905 PLU rapport du commissaire enqueteur comp\/PLU rapport commissaire enqueteur vol 2 ter annexe 8.pdf\" target=\"_new\" rel=\"noopener noreferrer\">annexe 8<\/a>, <a href=\"http:\/\/www.confluence-91.org\/CEE_site\/PLU_ZAC_Glaises_SDRIF_SMITEC\/20130905 PLU rapport du commissaire enqueteur comp\/PPM rapport du commissaire enqueteur perimetre protection batiments historiques.pdf\" target=\"_new\" rel=\"noopener noreferrer\">p\u00e9rim\u00e8tre de protection des monuments historiques<\/a>.<\/li>\n<\/ul>\n<\/li>\n<li>Le PLU est au programme du conseil municipal du 18 novembre 2013,<a href=\"http:\/\/www.confluence-91.org\/CEE_site\/PLU_ZAC_Glaises_SDRIF_SMITEC\/20131115 Communication CEE PLU 2013 avant conseil municipal.pdf\" target=\"_new\" rel=\"noopener noreferrer\"> Communication<\/a> de CEE \u00e0 la veille de ce conseil municipal.<\/li>\n<\/ul>\n<p><span id=\"hets\"><b>R\u00e9vision 2009 <\/b>(Cette r\u00e9vision a \u00e9t\u00e9 abandonn\u00e9e)<\/span><\/p>\n<ul>\n<li><span id=\"hets\">Enqu\u00eate publique du 11 mars au 10 avril 2009<\/span><\/li>\n<li><span id=\"hets\"><span class=\"TabbedPanelsContent\">La ville de Corbeil-Essonnes a arr\u00eat\u00e9 son Plan Local d&rsquo;Urbanisme, le <a href=\"http:\/\/www.confluence-91.org\/CEE_site\/PLU_ZAC_Glaises_SDRIF_SMITEC\/20081208-avisPLUCEE.jpg\" target=\"_blank\" rel=\"noopener noreferrer\">communique<\/a> \u00e0 l&rsquo;association CEE pour avis au plus tard le 10 mars 2009, en tant que PPA (Personne Publique Associ\u00e9e), avant enqu\u00eate publique. CEE travaille \u00e0 fournir son analyse et sa position. L&rsquo;association CEE fournit une <a href=\"http:\/\/www.confluence-91.org\/CEE_site\/PLU_ZAC_Glaises_SDRIF_SMITEC\/20090312_synthesePLU.pdf\" target=\"_blank\" rel=\"noopener noreferrer\">synth\u00e8se<\/a> de son avis et son <a href=\"http:\/\/www.confluence-91.org\/CEE_site\/PLU_ZAC_Glaises_SDRIF_SMITEC\/20090308_CEE avis PLU 2009.pdf\" target=\"_blank\" rel=\"noopener noreferrer\">rapport<\/a> complet. Ce rapport est int\u00e9gr\u00e9 \u00e0 l&rsquo;enqu\u00eate publique qui a lieu du 11 mars au 10 avril 2009. Le 4 avril 2009, CEE remet \u00e0 M. le Commissaire-Enqu\u00eateur ses commentaires par <a href=\"http:\/\/www.confluence-91.org\/CEE_site\/PLU_ZAC_Glaises_SDRIF_SMITEC\/20090404 Avis de CEE enquete publique du PLU avril 2009.pdf\" target=\"_blank\" rel=\"noopener noreferrer\">lettre<\/a> dans le cadre de l&rsquo;enqu\u00eate publique. Nos observations mentionnent : <\/span><\/span>\n<ul>\n<li class=\"TabbedPanelsContent\"><span id=\"hets\">Pas d&rsquo;orientation et de vision pour les 6 \u00e0 10 ans \u00e0 venir, sinon une densification de l&rsquo;habitat<\/span><\/li>\n<li class=\"TabbedPanelsContent\"><span id=\"hets\">Pas de coh\u00e9rence avec PADD et SCOT (Plan de d\u00e9veloppement durable et Sch\u00e9ma de coh\u00e9rence territoriale)<\/span><\/li>\n<li class=\"TabbedPanelsContent\"><span id=\"hets\">Les plans de circulation et Plan Local de D\u00e9placement sont ignor\u00e9s<\/span><\/li>\n<li class=\"TabbedPanelsContent\"><span id=\"hets\">Pas de r\u00e8glement sur les antennes radio\u00e9lectriques<\/span><\/li>\n<li class=\"TabbedPanelsContent\"><span id=\"hets\">Pas de mise en valeur des rives et du b\u00e2ti de la rivi\u00e8re Essonne<\/span><\/li>\n<li class=\"TabbedPanelsContent\"><span id=\"hets\">Pas de r\u00e9flexion sur l&rsquo;\u00e9clairage publique<\/span><\/li>\n<li class=\"TabbedPanelsContent\"><span id=\"hets\">Pas de mesure sur le bruit et la qualit\u00e9 de l&rsquo;air<\/span><\/li>\n<li class=\"TabbedPanelsContent\"><span id=\"hets\">Le projet de r\u00e9habilitation de la papeterie et son manque de transparence concernant les d\u00e9molitions, les am\u00e9nagements publics, les servitudes que devront supporter les habitants relatives \u00e0 la pollution des sols, l&rsquo;absence de crit\u00e8res pr\u00e9cis concernant l&rsquo;\u00e9cologie du site, les communications (acc\u00e8s et dessertes) de cette zone fortement enclav\u00e9e, une \u00e9cole envisag\u00e9e dans les 7 ans, alors que le projet pr\u00e9voit les 2\/3 des logements sur les 2 ann\u00e9es \u00e0 venir (environ 2000 habitants). Ce projet est un projet majeur pour Corbeil-Essonnes avec plus de 3000 habitants. L&rsquo;association maintient que le PLU doit inscrire ce projet en ZAC afin de donner aux habitants la visibilit\u00e9 et la possibilit\u00e9 de s&rsquo;exprimer.<\/span><\/li>\n<\/ul>\n<\/li>\n<\/ul>\n<p>[\/vc_column_text][\/vc_column][\/vc_row]<\/p>\n<\/div>","protected":false},"excerpt":{"rendered":"<p>[vc_row][vc_column][vc_column_text css=\u00a0\u00bb.vc_custom_1590651989781{margin-top: -80px !important;}\u00a0\u00bb el_id=\u00a0\u00bbR\u00e9vision du PLU\u00a0\u00bb] &nbsp; 27 novembre 2024 : r\u00e9union d&rsquo;information sur le Scot en l&rsquo;h\u00f4tel de ville de Corbeil-Essonnes 18h \u00e0 20h : lien vers le \u00ab\u00a0cahier de pr\u00e9conisation\u00a0\u00bb du CODEV\u00a0 sur la proposition de SCOT \u00e9labor\u00e9 par GPSPour que le SCOT prenne en compte les besoins et les revendications des<br \/><a href=\"https:\/\/corbeil-essonnes-environnement.org\/?page_id=58\" class=\"more\">Lire la suite<\/a><\/p>\n","protected":false},"author":1,"featured_media":0,"parent":0,"menu_order":24,"comment_status":"closed","ping_status":"closed","template":"","meta":{"footnotes":""},"class_list":["post-58","page","type-page","status-publish","hentry"],"_links":{"self":[{"href":"https:\/\/corbeil-essonnes-environnement.org\/index.php?rest_route=\/wp\/v2\/pages\/58","targetHints":{"allow":["GET"]}}],"collection":[{"href":"https:\/\/corbeil-essonnes-environnement.org\/index.php?rest_route=\/wp\/v2\/pages"}],"about":[{"href":"https:\/\/corbeil-essonnes-environnement.org\/index.php?rest_route=\/wp\/v2\/types\/page"}],"author":[{"embeddable":true,"href":"https:\/\/corbeil-essonnes-environnement.org\/index.php?rest_route=\/wp\/v2\/users\/1"}],"replies":[{"embeddable":true,"href":"https:\/\/corbeil-essonnes-environnement.org\/index.php?rest_route=%2Fwp%2Fv2%2Fcomments&post=58"}],"version-history":[{"count":83,"href":"https:\/\/corbeil-essonnes-environnement.org\/index.php?rest_route=\/wp\/v2\/pages\/58\/revisions"}],"predecessor-version":[{"id":3146,"href":"https:\/\/corbeil-essonnes-environnement.org\/index.php?rest_route=\/wp\/v2\/pages\/58\/revisions\/3146"}],"wp:attachment":[{"href":"https:\/\/corbeil-essonnes-environnement.org\/index.php?rest_route=%2Fwp%2Fv2%2Fmedia&parent=58"}],"curies":[{"name":"wp","href":"https:\/\/api.w.org\/{rel}","templated":true}]}}