{"id":562,"date":"2020-04-15T13:59:09","date_gmt":"2020-04-15T11:59:09","guid":{"rendered":"https:\/\/corbeil-essonnes-environnement.org\/?page_id=562"},"modified":"2023-02-07T18:32:51","modified_gmt":"2023-02-07T17:32:51","slug":"enquete-publique-smitec-sdriftzen","status":"publish","type":"page","link":"https:\/\/corbeil-essonnes-environnement.org\/?page_id=562","title":{"rendered":"Transport et sch\u00e9ma directeur de la r\u00e9gion \u00eele-de-France"},"content":{"rendered":"<div class=\"wpb-content-wrapper\"><p>[vc_row][vc_column][vc_column_text css=\u00a0\u00bb.vc_custom_1587667891942{margin-top: -50px !important;}\u00a0\u00bb]<\/p>\n<ul>\n<li><a href=\"https:\/\/corbeil-essonnes-environnement.org\/wp-content\/uploads\/2022\/01\/2022_Contribution-de-FNE-IDF_SDRIF.pdf\" target=\"_blank\" rel=\"noopener\">Contribution<\/a> de FNE \u00cele-de-France au SDRIF<\/li>\n<li><a href=\"https:\/\/www.institutparisregion.fr\/institutparisregion\/\" target=\"_blank\" rel=\"noopener\">L&rsquo;Institut Paris R\u00e9gion<\/a> a pour mission essentielle de r\u00e9aliser des \u00e9tudes et travaux n\u00e9cessaires \u00e0 la prise de d\u00e9cision de la R\u00e9gion \u00cele-de-France et de ses partenaires. De l&rsquo;\u00e9chelon local \u00e0 l&rsquo;\u00e9chelon des grandes m\u00e9tropoles, il intervient notamment dans de nombreux domaines tels que l&rsquo;urbanisme, les transports et la mobilit\u00e9, l&rsquo;environnement, l&rsquo;\u00e9conomie et les questions de soci\u00e9t\u00e9. Il apporte son soutien aux politiques d&rsquo;am\u00e9nagement et de d\u00e9veloppement des communes, des intercommunalit\u00e9s et des d\u00e9partements. Il r\u00e9alise \u00e9galement pour les organismes qui lui en font la demande des \u00e9tudes,tant en \u00cele-de-France qu&rsquo;\u00e0 l&rsquo;\u00e9tranger :\n<ul>\n<li><a href=\"https:\/\/corbeil-essonnes-environnement.org\/wp-content\/uploads\/2022\/01\/portrait-de-territoires.pdf\" target=\"_blank\" rel=\"noopener\">Portrait de territoires<\/a> : l&rsquo;agglom\u00e9ration Grand Paris Sud Seine Essonne S\u00e9nart<\/li>\n<li><a href=\"https:\/\/corbeil-essonnes-environnement.org\/wp-content\/uploads\/2022\/01\/Conso_Espace91.pdf\" target=\"_blank\" rel=\"noopener\">Consommation d&rsquo;espace et d\u00e9veloppement urbain en Essonne<\/a>, \u00e9l\u00e9ments de cadrage pour l&rsquo;accompagnement du d\u00e9partement dans ses obligations pour lutter contre l&rsquo;\u00e9talement urbain et artificialisation des sols<\/li>\n<\/ul>\n<\/li>\n<\/ul>\n<h3><span id=\"hets\"><strong>Enqu\u00eate sur le <a href=\"http:\/\/www.sdrif.com\/\" target=\"_blank\" rel=\"noopener noreferrer\">SDRIF<\/a> (Sch\u00e9ma Directeur de la R\u00e9gion Ile-de-France)<\/strong><\/span><\/h3>\n<ul>\n<li class=\"TabbedPanelsContent\"><span id=\"hets\">Lire <a href=\"http:\/\/www.confluence-91.org\/CEE_site\/PLU_ZAC_Glaises_SDRIF_SMITEC\/20071207_AVIS CEE SDRIF.pdf\" target=\"_blank\" rel=\"noopener noreferrer\">l&rsquo;avis<\/a> de CEE soumis le 7 d\u00e9cembre 2007 \u00e0 l&rsquo;enqu\u00eate.<\/span><\/li>\n<\/ul>\n<h3><\/h3>\n<h3><strong>R\u00e9vision du SDRIF<\/strong><\/h3>\n<ul>\n<li>La proc\u00e9dure de r\u00e9vision du SDRIF a \u00e9t\u00e9 lanc\u00e9e officiellement lors de la conf\u00e9rence territoriale organis\u00e9e par le Conseil R\u00e9gional du 28 novembre 2011. Le lien pour consulter le diaporama projet\u00e9 ce jour-l\u00e0 : <a href=\"http:\/\/www.iau-idf.fr\/fileadmin\/user_upload\/Enjeux\/Sdrif\/ctr28112011\/Diaporama_VF-1-12-11.pdf\" target=\"_blank\" rel=\"noopener noreferrer\">http:\/\/www.iau-idf.fr\/fileadmin\/user_upload\/Enjeux\/Sdrif\/ctr28112011\/Diaporama_VF-1-12-11.pdf<\/a><\/li>\n<li>L&rsquo;avenir de la base a\u00e9rienne de Br\u00e9tigny\u00a0fait partie des grands sujets territoriaux\u00a0 (page 19 du diaporama\u00a0) qui\u00a0constitue un enjeu majeur pour la pr\u00e9servation du plateau agricole de Vert le Grand.<\/li>\n<li>CEE a \u00e9mis son <a href=\"http:\/\/www.confluence-91.org\/CEE_site\/PLU_ZAC_Glaises_SDRIF_SMITEC\/20130420_Avis CEE_SDRIF 2013_jms.pdf\" target=\"_new\" rel=\"noopener noreferrer\">avis<\/a>, et <a href=\"http:\/\/www.confluence-91.org\/CEE_site\/PLU_ZAC_Glaises_SDRIF_SMITEC\/20120625 AVIS ENE SDRIF 2013 ESSONNE.pdf\" target=\"_new\" rel=\"noopener noreferrer\">lire l&rsquo;avis<\/a> de la f\u00e9d\u00e9ration Essonne Nature Environnement (Documents provisoires susceptibles d&rsquo;\u00e9voluer). <a href=\"http:\/\/www.iledefrance.fr\/lactualite\/conseil-regional\/conseil-regional\/le-projet-de-sdrif-en-ligne\/\" target=\"_new\" rel=\"noopener noreferrer\">Le sch\u00e9ma directeur est en ligne sur le site du conseil r\u00e9gional<\/a>. Consulter la <a href=\"http:\/\/www.confluence-91.org\/CEE_site\/PLU_ZAC_Glaises_SDRIF_SMITEC\/20120627_SDRIF_Diaporama_VF-1-12-11.pdf\" target=\"_new\" rel=\"noopener noreferrer\">pr\u00e9sentation<\/a> \u00ab\u00a0Les grands enjeux de la r\u00e9vision du SDRIF\u00a0\u00bb.<\/li>\n<li>\u00cele de France Environnement (IDFE) publie son mensuel <a href=\"http:\/\/www.confluence-91.org\/CEE_site\/PLU_ZAC_Glaises_SDRIF_SMITEC\/20120922_Liaison_sept_position_IDFE_SDRIF.pdf\" target=\"_new\" rel=\"noopener noreferrer\">LIAISON<\/a> sur la r\u00e9vision du SDRIF 2013.<\/li>\n<li><a href=\"http:\/\/www.confluence-91.org\/CEE_site\/PLU_ZAC_Glaises_SDRIF_SMITEC\/20121005 projet delib sdrif conseil regional ile de France.pdf\" target=\"_new\" rel=\"noopener noreferrer\">Projet de d\u00e9lib\u00e9ration<\/a> du conseil r\u00e9gional \u00cele-de-France le 5 octobre 2012<\/li>\n<li>30 avril 2013, <a href=\"http:\/\/www.confluence-91.org\/CEE_site\/PLU_ZAC_Glaises_SDRIF_SMITEC\/20130430 Brunoy contribution SDRIF2013.pdf\" target=\"_new\" rel=\"noopener noreferrer\">Avis<\/a> de Brunoy Ecologie et association des riverains de l&rsquo;Yerres<\/li>\n<li>18 mai 2013 : <a href=\"http:\/\/www.confluence-91.org\/CEE_site\/PLU_ZAC_Glaises_SDRIF_SMITEC\/20130518 avis IDFE sur PDU 2013- 2.pdf\" target=\"_new\" rel=\"noopener noreferrer\">Avis<\/a> d&rsquo;Ile de France Environnement sur le Plan de D\u00e9placements Urbains (PDU) d&rsquo;Ile de France (Enqu\u00eate publique du 15 avril au 18 mai)<\/li>\n<li>2 septembre 2013, publication de l&rsquo;<a href=\"http:\/\/www.confluence-91.org\/CEE_site\/PLU_ZAC_Glaises_SDRIF_SMITEC\/20130902_SDRIF_Avis_Enquete_02_sept_13.pdf\" target=\"_new\" rel=\"noopener noreferrer\">avis<\/a> du commissaire enqu\u00eateur sur le projet de SDRIF.<\/li>\n<li>Le STIF Informe : <a href=\"http:\/\/www.confluence-91.org\/CEE_site\/PLU_ZAC_Glaises_SDRIF_SMITEC\/20141004 STIF EN LIGNE.pdf\" target=\"_new\" rel=\"noopener noreferrer\">Plan de D\u00e9placement Urbain en Ile-de-France<\/a> (PDUIF)<\/li>\n<\/ul>\n<h3>Enqu\u00eate publique TZEN4<\/h3>\n<ul>\n<li>cl\u00f4ture le 4 juillet 2016, lire l&rsquo;<a href=\"http:\/\/www.confluence-91.org\/CEE_site\/PLU_ZAC_Glaises_SDRIF_SMITEC\/20160704 EP TZEN4 avis de CEE.pdf\" target=\"_new\" rel=\"noopener noreferrer\">avis<\/a> d\u00e9pos\u00e9 par CEE.<\/li>\n<\/ul>\n<p>[\/vc_column_text][\/vc_column][\/vc_row]<\/p>\n<\/div>","protected":false},"excerpt":{"rendered":"<p>[vc_row][vc_column][vc_column_text css=\u00a0\u00bb.vc_custom_1587667891942{margin-top: -50px !important;}\u00a0\u00bb] Contribution de FNE \u00cele-de-France au SDRIF L&rsquo;Institut Paris R\u00e9gion a pour mission essentielle de r\u00e9aliser des \u00e9tudes et travaux n\u00e9cessaires \u00e0 la prise de d\u00e9cision de la R\u00e9gion \u00cele-de-France et de ses partenaires. De l&rsquo;\u00e9chelon local \u00e0 l&rsquo;\u00e9chelon des grandes m\u00e9tropoles, il intervient notamment dans de nombreux domaines tels que l&rsquo;urbanisme,<br \/><a href=\"https:\/\/corbeil-essonnes-environnement.org\/?page_id=562\" class=\"more\">Lire la suite<\/a><\/p>\n","protected":false},"author":1,"featured_media":0,"parent":0,"menu_order":0,"comment_status":"closed","ping_status":"closed","template":"","meta":{"footnotes":""},"class_list":["post-562","page","type-page","status-publish","hentry"],"_links":{"self":[{"href":"https:\/\/corbeil-essonnes-environnement.org\/index.php?rest_route=\/wp\/v2\/pages\/562","targetHints":{"allow":["GET"]}}],"collection":[{"href":"https:\/\/corbeil-essonnes-environnement.org\/index.php?rest_route=\/wp\/v2\/pages"}],"about":[{"href":"https:\/\/corbeil-essonnes-environnement.org\/index.php?rest_route=\/wp\/v2\/types\/page"}],"author":[{"embeddable":true,"href":"https:\/\/corbeil-essonnes-environnement.org\/index.php?rest_route=\/wp\/v2\/users\/1"}],"replies":[{"embeddable":true,"href":"https:\/\/corbeil-essonnes-environnement.org\/index.php?rest_route=%2Fwp%2Fv2%2Fcomments&post=562"}],"version-history":[{"count":1,"href":"https:\/\/corbeil-essonnes-environnement.org\/index.php?rest_route=\/wp\/v2\/pages\/562\/revisions"}],"predecessor-version":[{"id":2279,"href":"https:\/\/corbeil-essonnes-environnement.org\/index.php?rest_route=\/wp\/v2\/pages\/562\/revisions\/2279"}],"wp:attachment":[{"href":"https:\/\/corbeil-essonnes-environnement.org\/index.php?rest_route=%2Fwp%2Fv2%2Fmedia&parent=562"}],"curies":[{"name":"wp","href":"https:\/\/api.w.org\/{rel}","templated":true}]}}