{"id":501,"date":"2020-04-14T21:46:56","date_gmt":"2020-04-14T19:46:56","guid":{"rendered":"https:\/\/corbeil-essonnes-environnement.org\/?page_id=501"},"modified":"2024-04-20T16:14:09","modified_gmt":"2024-04-20T14:14:09","slug":"501-2","status":"publish","type":"page","link":"https:\/\/corbeil-essonnes-environnement.org\/?page_id=501","title":{"rendered":"CEE au forum des associations"},"content":{"rendered":"<div class=\"wpb-content-wrapper\"><p>[vc_row][vc_column][vc_column_text css=\u00a0\u00bb.vc_custom_1588754612411{margin-top: -50px !important;}\u00a0\u00bb]<\/p>\n<h3>2023<strong>\u00a0<\/strong><\/h3>\n<ul>\n<li>L&rsquo;association a \u00e9t\u00e9 pr\u00e9sente au forum des associations au stade Robinson, samedi 2 septembre 2023, au plaisir de vous rencontrer et d&rsquo;\u00e9changer autour des sujets br\u00fblants de l&rsquo;actualit\u00e9<\/li>\n<\/ul>\n<p>&nbsp;<\/p>\n<p><img loading=\"lazy\" decoding=\"async\" class=\"size-large wp-image-2397 aligncenter\" src=\"https:\/\/corbeil-essonnes-environnement.org\/wp-content\/uploads\/2023\/09\/20230902_100754-1920-1024x768.jpg\" alt=\"\" width=\"1024\" height=\"768\" srcset=\"https:\/\/corbeil-essonnes-environnement.org\/wp-content\/uploads\/2023\/09\/20230902_100754-1920-1024x768.jpg 1024w, https:\/\/corbeil-essonnes-environnement.org\/wp-content\/uploads\/2023\/09\/20230902_100754-1920-300x225.jpg 300w, https:\/\/corbeil-essonnes-environnement.org\/wp-content\/uploads\/2023\/09\/20230902_100754-1920-768x576.jpg 768w, https:\/\/corbeil-essonnes-environnement.org\/wp-content\/uploads\/2023\/09\/20230902_100754-1920-1536x1152.jpg 1536w, https:\/\/corbeil-essonnes-environnement.org\/wp-content\/uploads\/2023\/09\/20230902_100754-1920-1320x990.jpg 1320w, https:\/\/corbeil-essonnes-environnement.org\/wp-content\/uploads\/2023\/09\/20230902_100754-1920.jpg 1920w\" sizes=\"auto, (max-width: 1024px) 100vw, 1024px\" \/><\/p>\n<ul>\n<li>Notre actualit\u00e9 \/ le d\u00e9r\u00e8glement climatique \/ \u00ab\u00a0R\u00e9agir, c&rsquo;est s&rsquo;adapter\u00a0\u00bb<\/li>\n<\/ul>\n<p>Le forum des associations du 2 septembre 2023, au stade de Robinson, a \u00e9t\u00e9 pour nous l&rsquo;occasion de communiquer sur le d\u00e9r\u00e8glement climatique avec un document de 4 pages : les 2 premi\u00e8res \u00e9voquent la probl\u00e9matique g\u00e9n\u00e9rale. Les suivantes ont trait \u00e0 l&rsquo;adaptation n\u00e9cessaire sur notre commune.<a href=\"https:\/\/corbeil-essonnes-environnement.org\/wp-content\/uploads\/2023\/09\/20230908_CEE_4pages_ForumAssos_2023_PpP.pdf\" target=\"_blank\" rel=\"noopener\"><img loading=\"lazy\" decoding=\"async\" class=\"wp-image-2404 aligncenter\" src=\"https:\/\/corbeil-essonnes-environnement.org\/wp-content\/uploads\/2023\/09\/2023_0911_premiere_page_adapter.png\" alt=\"\" width=\"401\" height=\"567\" srcset=\"https:\/\/corbeil-essonnes-environnement.org\/wp-content\/uploads\/2023\/09\/2023_0911_premiere_page_adapter.png 502w, https:\/\/corbeil-essonnes-environnement.org\/wp-content\/uploads\/2023\/09\/2023_0911_premiere_page_adapter-212x300.png 212w\" sizes=\"auto, (max-width: 401px) 100vw, 401px\" \/><\/a><\/p>\n<h3>2022<\/h3>\n<ul>\n<li>2 &amp; 3 septembre 2022 : CEE est pr\u00e9sente sur le <a href=\"https:\/\/corbeil-essonnes-environnement.org\/wp-content\/uploads\/video\/2022_0903_CEE_forumassociations_H264_UHD_8_10.mp4\" target=\"_blank\" rel=\"noopener\">forum<\/a> des associations au stade Robinson<\/li>\n<\/ul>\n<h3>2019<\/h3>\n<ul>\n<li>7 &amp; 8 septembre\n<ul>\n<li>Notre stand et notre <a href=\"https:\/\/youtu.be\/wbVcdOEGLtc\" target=\"_blank\" rel=\"noopener noreferrer\">arbre<\/a><\/li>\n<li>nos films pr\u00e9sent\u00e9s :\n<ul>\n<li>Effets de la <a href=\"https:\/\/youtu.be\/TB7pzoKOVWU\" target=\"_blank\" rel=\"noopener noreferrer\">canicule<\/a> 2019 sur la v\u00e9g\u00e9tation en milieu urbain<\/li>\n<li>ZAC de la <a href=\"https:\/\/youtu.be\/nADTDuKqiUA\" target=\"_blank\" rel=\"noopener noreferrer\">Montagne des glaises<\/a><\/li>\n<li>6 ao\u00fbt : forte <a href=\"https:\/\/corbeil-essonnes-environnement.org\/wp-content\/uploads\/2020\/05\/20190806-Forte-pluie-_bd_Jean-Jaures_1.mp4\" target=\"_blank\" rel=\"noopener noreferrer\">pluie<\/a> boulevard Jean Jaur\u00e8s<\/li>\n<li>septembre : <a href=\"https:\/\/youtu.be\/_BBM7UdrKbg\" target=\"_blank\" rel=\"noopener noreferrer\">agissons<\/a> pour notre cadre de vie<\/li>\n<\/ul>\n<\/li>\n<\/ul>\n<\/li>\n<\/ul>\n<h3>2018<\/h3>\n<ul>\n<li>1 &amp; 2 septembre &#8211; 4\u00e8me <a href=\"https:\/\/corbeil-essonnes-environnement.org\/wp-content\/uploads\/2020\/04\/AFFFORUM-ASSOCIATIONS-2018-800.jpg\" target=\"_blank\" rel=\"noopener noreferrer\">forum<\/a> des associations\n<ul>\n<li>La fiche <a href=\"https:\/\/corbeil-essonnes-environnement.org\/wp-content\/uploads\/2020\/04\/Doc-forum-2018-4-pages-plus-image-opt.pdf\" target=\"_blank\" rel=\"noopener noreferrer\">\u00ab\u00a0Corbeil-Essonnes aujourd&rsquo;hui &amp; demain\u00a0\u00bb<\/a> , constat et actions pour une nouvelle ville<\/li>\n<li>les 3 volets de l&rsquo;<a href=\"https:\/\/corbeil-essonnes-environnement.org\/wp-content\/uploads\/2020\/04\/3-affiches-sur-les-grilles.pdf\" target=\"_blank\" rel=\"noopener noreferrer\">affiche<\/a> de l&rsquo;association : Corbeil-Essonnes aujourd&rsquo;hui, la nature en ville &#8211; acc\u00e9l\u00e9rer la dynamique, lutter contre les effets du r\u00e9chauffement climatique<\/li>\n<li>Pr\u00e9sentation de livre \u00a0\u00bb <a href=\"https:\/\/corbeil-essonnes-environnement.org\/wp-content\/uploads\/2020\/04\/Identit\u00e9-de-lEssonne.pdf\" target=\"_blank\" rel=\"noopener noreferrer\">L&rsquo;identit\u00e9 de l&rsquo;Essonne<\/a>\u00ab\u00a0, ses villes et villages, regard des associations environnementales publi\u00e9 par Essonne Nature Environnement avec la contribution litt\u00e9raire de Corbeil Essonnes Environnement<\/li>\n<li>Le film de Natureparif, agence r\u00e9gionale pour la nature et la biodiversit\u00e9 (<a href=\"https:\/\/www.arb-idf.fr\/\" target=\"_blank\" rel=\"noopener noreferrer\">ARB<\/a>) : <a href=\"https:\/\/www.dailymotion.com\/video\/x4u7w9l\" target=\"_blank\" rel=\"noopener noreferrer\">urbanisation &amp; biodiversit\u00e9<\/a><\/li>\n<li>La <a href=\"https:\/\/corbeil-essonnes-environnement.org\/wp-content\/uploads\/2020\/04\/La-biodiversit\u00e9-du-Cirque-de-l\u2019Essonne.pdf\" target=\"_blank\" rel=\"noopener noreferrer\">biodiversit\u00e9 du Cirque de l&rsquo;Essonne<\/a>, par NaturEssonne<\/li>\n<\/ul>\n<\/li>\n<\/ul>\n<h3>2016<\/h3>\n<ul>\n<li>3 et 4 septembre\n<ul>\n<li>Retrouver les animations vid\u00e9os pr\u00e9sent\u00e9es lors du forum des associations 2016 : <a href=\"http:\/\/www.confluence-91.org\/CEE_site\/Forum_des_associations\/Eau_et_changement_climatique_adaptons_nous.flv\" target=\"_new\" rel=\"noopener noreferrer\">Eau et changement climatique<\/a>, <a href=\"http:\/\/www.confluence-91.org\/CEE_site\/Forum_des_associations\/Natureparif_la_nature_une_solution_au_changement_climatique.flv\" target=\"_new\" rel=\"noopener noreferrer\">NatureParif la Nature une solution au changement climatique<\/a>, <a href=\"http:\/\/www.confluence-91.org\/CEE_site\/Forum_des_associations\/Une_nouvelle_gestion_des_rivieres_arrive_a_l_heure_de_la_Gemapi.flv\" target=\"_new\" rel=\"noopener noreferrer\">Une nouvelle gestion de rivi\u00e8res arrive \u00e0 l&rsquo;heure de la Gemapi<\/a>, <a href=\"http:\/\/www.confluence-91.org\/CEE_site\/Forum_des_associations\/Zones_humides_zones_utiles_agissons.flv\" target=\"_new\" rel=\"noopener noreferrer\">Zones humides zones utiles<\/a>, <a href=\"http:\/\/www.confluence-91.org\/CEE_site\/Forum_des_associations\/4_pour_1000_les_sols_pour_la_securite_alimentaire_et_le_climat.flv\" target=\"_new\" rel=\"noopener noreferrer\">4 pour 1000 des sols pour la s\u00e9curit\u00e9 alimentaire et le climat<\/a>.\n<ul>\n<li>Qu&rsquo;est-ce que le PPRI (Plan de Pr\u00e9vention du Risque Inondation) et qu&rsquo;est-ce que le PLU \u00e0 Corbeil-Essonnes et ses environs ?<\/li>\n<\/ul>\n<\/li>\n<\/ul>\n<ul>\n<li style=\"list-style-type: none;\">\n<ul>\n<li><a href=\"http:\/\/www.confluence-91.org\/CEE_site\/Forum_des_associations\/20160810Fiche%20PLU.pdf\" target=\"_new\" rel=\"noopener noreferrer\">Fiche PLU<\/a>, <a href=\"http:\/\/www.confluence-91.org\/CEE_site\/Forum_des_associations\/20160810%20Fiche%20%20PPRI.pdf\" target=\"_new\" rel=\"noopener noreferrer\">Fiche PPRI<\/a>, Retrouver les PPRI en vigueur de la <a title=\"PPRI Seine\" href=\"http:\/\/www.essonne.gouv.fr\/content\/download\/8192\/53489\/file\/Ppr_seine_10000e_Reglementaires.pdf\" target=\"_new\" rel=\"noopener noreferrer\">Seine<\/a> et de l&rsquo;<a href=\"http:\/\/www.essonne.gouv.fr\/Politiques-publiques\/Environnement-risques-naturels-et-technologiques\/Risques-naturels\/Risque-inondation\/PPRi-de-la-vallee-de-l-Essonne\" target=\"_new\" rel=\"noopener noreferrer\">Essonne<\/a><\/li>\n<li><a href=\"https:\/\/youtu.be\/Wsl_Xcb9XIU\" target=\"_blank\" rel=\"noopener noreferrer\">Video<\/a> des inondations de mai-juin \u00e0 Corbeil-Essonnes<\/li>\n<li><a href=\"http:\/\/www.confluence-91.org\/CEE_site\/Forum_des_associations\/Presentation%20resultats%20questionnaire%20forum%202016.pdf\" target=\"_new\" rel=\"noopener noreferrer\">Questionnaire<\/a> (son rendu \u00e0 consulter ici)<\/li>\n<li>Le <a href=\"http:\/\/www.cepri.net\/presentation.html\" target=\"_new\" rel=\"noopener noreferrer\">CEPRI<\/a> (Centre Europ\u00e9en de pr\u00e9vention du Risque Inondation) a pour mission principale d\u2019\u00eatre l\u2019appui technique et scientifique dans la pr\u00e9vention et la gestion du risque d\u2019inondation en France et en Europe. Lire une excellent <a href=\"http:\/\/www.confluence-91.org\/CEE_site\/Inondations%20&amp;%20PPRI\/ecocitesarguinondationcepri.pdf\" target=\"_new\" rel=\"noopener noreferrer\">fiche<\/a> de synth\u00e8se mettant l&rsquo;accent sur l&rsquo;importance de g\u00e9rer le niveau d&rsquo;imperm\u00e9abilisation des sols.<\/li>\n<\/ul>\n<\/li>\n<\/ul>\n<\/li>\n<\/ul>\n<h3>2015<\/h3>\n<ul>\n<li>5 &amp; 6 septembre\n<ul>\n<li>Un forum des associations nouvelle formule a vu le jour les 5 &amp; 6 septembre.<\/li>\n<li>Voir les r\u00e9sultats du <a href=\"http:\/\/www.confluence-91.org\/CEE_site\/Forum_des_associations\/20150905 forum asso questionnaire CEE.pdf\" target=\"_new\" rel=\"noopener noreferrer\">questionnaire<\/a> auquel ont r\u00e9pondu 78 personnes lors de ce forum.<\/li>\n<\/ul>\n<\/li>\n<\/ul>\n<h3>2014<\/h3>\n<ul>\n<li>3-8 septembre\n<ul>\n<li>la <a href=\"https:\/\/youtu.be\/njlT-lwZX0o\" target=\"_blank\" rel=\"noopener noreferrer\">video<\/a><\/li>\n<li>66\u00e8me foire de Corbeil-Essonnes : Th\u00e8mes r\u00e9currents abord\u00e9s par nos visiteurs\u00a0 sur le stand de l&rsquo;association:<\/li>\n<li>Probl\u00e8me de tri, poubelles jaunes refus\u00e9es, manque d\u2019\u00e9ducation au tri.<\/li>\n<li>Tri et recyclage du plastique sous ses nombreuses diff\u00e9rentes formes pas clair.<\/li>\n<li>Nettoyage des sentes (Dauphine,\u2026).<\/li>\n<li>Les d\u00e9chets sont d\u00e9pos\u00e9s directement sur le sol, en dehors des bacs et restent des semaines et des mois.<\/li>\n<li>Si les rues sont nettoy\u00e9es par une balayeuse, ce n\u2019est pas le cas des caniveaux et des trottoirs o\u00f9 marchent les pi\u00e9tons.<\/li>\n<li>Absence de toilettes publiques.<\/li>\n<li>Trouble caus\u00e9e par une nouvelle antenne de t\u00e9l\u00e9phonie mobile rue de l\u2019Orme.<\/li>\n<\/ul>\n<\/li>\n<\/ul>\n<h3>2012<\/h3>\n<ul>\n<li><a href=\"http:\/\/www.confluence-91.org\/CEE_site\/Foire\/20120912_CR_Foire 2012.pdf\" target=\"_blank\" rel=\"noopener noreferrer\">Bilan<\/a> pour la foire 2012, les <a href=\"http:\/\/www.confluence-91.org\/CEE_site\/Foire\/2012 photos foire.pdf\" target=\"_blank\" rel=\"noopener noreferrer\">photos<\/a><\/li>\n<\/ul>\n<h3>2010<\/h3>\n<ul>\n<li>62\u00e8me foire du 4 au 13 septembre 2010<\/li>\n<li><a href=\"http:\/\/www.confluence-91.org\/CEE_site\/Foire\/20110912 Bilan foire pour CEE.pdf\" target=\"_blank\" rel=\"noopener noreferrer\">Bilan<\/a> pour la foire 2011, le diaporama\u00a0 &#8211;<\/li>\n<\/ul>\n<p>[\/vc_column_text][\/vc_column][\/vc_row]<\/p>\n<\/div>","protected":false},"excerpt":{"rendered":"<p>[vc_row][vc_column][vc_column_text css=\u00a0\u00bb.vc_custom_1588754612411{margin-top: -50px !important;}\u00a0\u00bb] 2023\u00a0 L&rsquo;association a \u00e9t\u00e9 pr\u00e9sente au forum des associations au stade Robinson, samedi 2 septembre 2023, au plaisir de vous rencontrer et d&rsquo;\u00e9changer autour des sujets br\u00fblants de l&rsquo;actualit\u00e9 &nbsp; Notre actualit\u00e9 \/ le d\u00e9r\u00e8glement climatique \/ \u00ab\u00a0R\u00e9agir, c&rsquo;est s&rsquo;adapter\u00a0\u00bb Le forum des associations du 2 septembre 2023, au stade de<br \/><a href=\"https:\/\/corbeil-essonnes-environnement.org\/?page_id=501\" class=\"more\">Lire la suite<\/a><\/p>\n","protected":false},"author":1,"featured_media":0,"parent":0,"menu_order":0,"comment_status":"closed","ping_status":"closed","template":"","meta":{"footnotes":""},"class_list":["post-501","page","type-page","status-publish","hentry"],"_links":{"self":[{"href":"https:\/\/corbeil-essonnes-environnement.org\/index.php?rest_route=\/wp\/v2\/pages\/501","targetHints":{"allow":["GET"]}}],"collection":[{"href":"https:\/\/corbeil-essonnes-environnement.org\/index.php?rest_route=\/wp\/v2\/pages"}],"about":[{"href":"https:\/\/corbeil-essonnes-environnement.org\/index.php?rest_route=\/wp\/v2\/types\/page"}],"author":[{"embeddable":true,"href":"https:\/\/corbeil-essonnes-environnement.org\/index.php?rest_route=\/wp\/v2\/users\/1"}],"replies":[{"embeddable":true,"href":"https:\/\/corbeil-essonnes-environnement.org\/index.php?rest_route=%2Fwp%2Fv2%2Fcomments&post=501"}],"version-history":[{"count":9,"href":"https:\/\/corbeil-essonnes-environnement.org\/index.php?rest_route=\/wp\/v2\/pages\/501\/revisions"}],"predecessor-version":[{"id":2663,"href":"https:\/\/corbeil-essonnes-environnement.org\/index.php?rest_route=\/wp\/v2\/pages\/501\/revisions\/2663"}],"wp:attachment":[{"href":"https:\/\/corbeil-essonnes-environnement.org\/index.php?rest_route=%2Fwp%2Fv2%2Fmedia&parent=501"}],"curies":[{"name":"wp","href":"https:\/\/api.w.org\/{rel}","templated":true}]}}