{"id":175,"date":"2020-04-09T20:49:48","date_gmt":"2020-04-09T18:49:48","guid":{"rendered":"https:\/\/corbeil-essonnes-environnement.org\/?page_id=175"},"modified":"2024-11-05T11:48:49","modified_gmt":"2024-11-05T10:48:49","slug":"presentation","status":"publish","type":"page","link":"https:\/\/corbeil-essonnes-environnement.org\/?page_id=175","title":{"rendered":"Pr\u00e9sentation de l&rsquo;association"},"content":{"rendered":"<div class=\"wpb-content-wrapper\"><p>[vc_row][vc_column width=\u00a0\u00bb1\/3&Prime; css=\u00a0\u00bb.vc_custom_1586597916338{margin-top: -80px !important;}\u00a0\u00bb][vc_column_text]<\/p>\r\n<table>\r\n<tbody>\r\n<tr>\r\n<td width=\"331\">\r\n<p style=\"text-align: center;\"><b>\u00a0<\/b><\/p>\r\n<p style=\"text-align: center;\"><b>Corbeil-Essonnes, <\/b>situ\u00e9 \u00e0 la confluence de la Seine et de l\u2019Essonne b\u00e9n\u00e9ficie \u00e0 la fois d\u2019un environnement b\u00e2ti et d\u2019un environnement naturel remarquables<\/p>\r\n<p style=\"text-align: center;\">L\u2019environnement urbain concerne: le b\u00e2ti pass\u00e9 et pr\u00e9sent, le patrimoine class\u00e9, les activit\u00e9s et leur organisation : circulation- stationnement- transports<\/p>\r\n<p style=\"text-align: center;\">L\u2019environnement naturel concerne la Seine, la rivi\u00e8re Essonne, la nappe phr\u00e9atique affleurante, les parcs, les sentes et les espaces naturels, la nature en ville, les sols<\/p>\r\n<p style=\"text-align: center;\"><b>L<\/b><b>\u2019 urbanisme, <\/b><\/p>\r\n<p style=\"text-align: center;\"><b>c\u2019est la prise en compte des<\/b><\/p>\r\n<p style=\"text-align: center;\"><b>environnements\u00a0 urbain\u00a0 et\u00a0 naturel<\/b><\/p>\r\n<p style=\"text-align: center;\"><b>pour un cadre de vie harmonieux<\/b><\/p>\r\n<p style=\"text-align: center;\"><b>aujourd\u2019hui et demain<\/b><\/p>\r\n<p>&nbsp;<\/p>\r\n<p>&nbsp;<\/p>\r\n<p>&nbsp;<\/p>\r\n<p>&nbsp;<\/p>\r\n<\/td>\r\n<\/tr>\r\n<\/tbody>\r\n<\/table>\r\n<p>[\/vc_column_text][\/vc_column][vc_column width=\u00a0\u00bb1\/3&Prime; css=\u00a0\u00bb.vc_custom_1586597971242{margin-top: -80px !important;}\u00a0\u00bb][vc_column_text]<\/p>\r\n<p>Corbeil-Essonnes-Environnement a pour objet de pr\u00e9server et am\u00e9liorer le cadre de vie des habitants de Corbeil-Essonnes.<\/p>\r\n<p>L\u2019association agit en mati\u00e8re d\u2019activit\u00e9s priv\u00e9es et publiques tendant \u00e0 influer sur l\u2019environnement, le cadre de vie, l\u2019architecture, l\u2019urbanisme et l\u2019urbanisme commercial, sur le territoire de la ville de Corbeil-Essonnes.<\/p>\r\n<p>Elle a aussi pour mission de d\u00e9fendre les int\u00e9r\u00eats des habitants dans les domaines de la s\u00e9curit\u00e9, de la circulation et du stationnement afin de sauvegarder leur qualit\u00e9 de vie.<\/p>\r\n<p>Le Plan Local d\u2019Urbanisme (P L U) est le document cadre de l\u2019urbanisation de la commune. L\u2019association a propos\u00e9 des r\u00e9unions d\u2019information sur ce sujet \u00e0 ses adh\u00e9rents et sympathisants et plus sp\u00e9cialement au moment de la r\u00e9vision g\u00e9n\u00e9rale du P L U qui a \u00e9t\u00e9 approuv\u00e9 le 17\/10\/2019.<\/p>\r\n<p>L\u2019association a form\u00e9 un recours gracieux contre ce PLU pour les raisons suivantes\u00a0:<\/p>\r\n<p>chiffre contestable de la population, imperm\u00e9abilisation des sols, constructions de sous sols enterr\u00e9s, inondations, ruissellements, espaces verts, pas d\u2019anticipation au d\u00e9r\u00e8glement climatique, nature et agriculture en ville absentes, offres pour PME oubli\u00e9es, etc\u2026.<\/p>\r\n<p>[\/vc_column_text][\/vc_column][vc_column width=\u00a0\u00bb1\/3&Prime; css=\u00a0\u00bb.vc_custom_1586597991907{margin-top: -80px !important;}\u00a0\u00bb][vc_column_text]<\/p>\r\n<p>&nbsp;<\/p>\r\n<p style=\"text-align: center;\">La mobilisation des associations a abouti\u00a0!<\/p>\r\n<p>Le Cirque naturel de l\u2019Essonne, en p\u00e9ri-urbain des communes de Corbeil-Essonnes, Lisses et Villab\u00e9, a \u00e9t\u00e9 class\u00e9 en\u00a0 Espaces Naturels Sensibles en 2018.<\/p>\r\n<p>Grand Paris Sud et le C D de l\u2019Essonne s\u2019engagent d\u2019ici \u00e0 2023 pour des travaux d\u2019am\u00e9nagements \/ 6,5 millions d\u2019\u20ac.<\/p>\r\n<p>En janvier 2020, la riche biodiversit\u00e9 de cet espace naturel remarquable est confirm\u00e9e par une ZNIEFF de type 1 \/ zone humide et une ZNIEFF de type 2 sur sa totalit\u00e9.<\/p>\r\n<p>&nbsp;<\/p>\r\n<ul>\r\n<li>Ensemble :\r\n<ul>\r\n<li>pr\u00e9servons le paysage remarquable du Cirque de l\u2019Essonne<\/li>\r\n<li>maintenons un ancrage agricole<\/li>\r\n<li>restaurons les usages anciens : vergers, vignes, p\u00e2turages<\/li>\r\n<li>transformons nos modes de production vers un mod\u00e8le plus sain et proche des lieux de consommation<\/li>\r\n<li>prot\u00e9geons la biodiversit\u00e9 pour les g\u00e9n\u00e9rations \u00e0 venir<\/li>\r\n<\/ul>\r\n<\/li>\r\n<\/ul>\r\n<h1 style=\"text-align: center;\">\u00a0<\/h1>\r\n<p>[\/vc_column_text][\/vc_column][\/vc_row][vc_row][vc_column]<style type=\"text\/css\" >#l_bvzcxn09z9v67ki88w1p.sc_line ,#l_bvzcxn09z9v67ki88w1p .sc_line {border-top:1px solid #1e1e1e; border-bottom:1px solid #1e1e1e; height:4px;}#l_bvzcxn09z9v67ki88w1p {margin:0px 0 0px 0; padding:0;}<\/style><div class=\"clearfix\"><\/div><div id=\"l_bvzcxn09z9v67ki88w1p\"  class=\"sc_line rd_line_double\" ><\/div>[\/vc_column][\/vc_row][vc_row][vc_column width=\u00a0\u00bb1\/3&Prime;][vc_column_text]Si vous souhaitez \u00eatre acteur de votre ville<\/p>\r\n<p>Retrouvez-nous sur notre site :<\/p>\r\n<p><b>www.corbeil-essonnes-environnement.org<\/b><\/p>\r\n<p>&nbsp;<\/p>\r\n<p>Courriel : <b>confluence91@orange.fr<\/b><\/p>\r\n<p><b>Soutenez nos actions <\/b><\/p>\r\n<p><b>pour un meilleur cadre de vie<\/b><\/p>\r\n<p>&nbsp;<\/p>\r\n<h2><strong>Bulletin d&rsquo;adh\u00e9sion<\/strong><\/h2>\r\n<p>&nbsp;<\/p>\r\n<p>Mr, Mme:\u2026\u2026\u2026\u2026\u2026\u2026\u2026\u2026\u2026\u2026\u2026\u2026\u2026\u2026\u2026\u2026\u2026\u2026\u2026\u2026<\/p>\r\n<p>Adresse:\u2026\u2026\u2026\u2026\u2026\u2026\u2026\u2026\u2026\u2026\u2026\u2026\u2026\u2026\u2026\u2026\u2026\u2026\u2026\u2026..<\/p>\r\n<p>Ville\u2026\u2026\u2026\u2026\u2026\u2026\u2026\u2026\u2026\u2026\u2026\u2026\u2026\u2026\u2026\u2026\u2026\u2026\u2026\u2026\u2026\u2026.<\/p>\r\n<p>Courriel :\u2026\u2026\u2026\u2026\u2026\u2026\u2026\u2026\u2026\u2026\u2026\u2026\u2026\u2026\u2026\u2026\u2026\u2026\u2026\u2026\u2026\u2026.<\/p>\r\n<p>&nbsp;<\/p>\r\n<p>Adh\u00e9sion :\u00a0\u00a0\u00a0 15 \u20ac<\/p>\r\n<p>Adh\u00e9sion de soutien : 20\u20ac ou plus<\/p>\r\n<p>A adresser avec votre cotisation \u00e0 :<\/p>\r\n<p>Corbeil-Essonnes Environnement<\/p>\r\n<p>3 boulevard Jean Jaur\u00e8s<\/p>\r\n<p>91100 Corbeil-Essonnes[\/vc_column_text][\/vc_column][vc_column width=\u00a0\u00bb1\/3&Prime;][vc_column_text]<\/p>\r\n<p>Corbeil-Essonnes-Environnement est une association de protection de l&rsquo;environnement cr\u00e9\u00e9e en 1983, adh\u00e9rente \u00e0 : (<em>cliquez sur le logo)<\/em><\/p>\r\n<p style=\"text-align: center;\">Essonne Nature Environnement &amp; France Nature Environnement<a href=\"https:\/\/www.fne.asso.fr\/\" target=\"_blank\" rel=\"noopener noreferrer\"><img loading=\"lazy\" decoding=\"async\" class=\"wp-image-335 aligncenter\" src=\"https:\/\/corbeil-essonnes-environnement.org\/wp-content\/uploads\/2020\/04\/logo-ENE.jpg\" alt=\"\" width=\"56\" height=\"80\" \/><\/a><a href=\"http:\/\/www.fne.asso.fr\" target=\"_blank\" rel=\"noopener noreferrer\"><img loading=\"lazy\" decoding=\"async\" class=\"wp-image-348 aligncenter\" src=\"https:\/\/corbeil-essonnes-environnement.org\/wp-content\/uploads\/2020\/04\/logo-FNE.png\" alt=\"\" width=\"150\" height=\"36\" \/><\/a>\u00cele-de-France Nature Environnement\u00a0\u00a0\u00a0\u00a0\u00a0 <a href=\"http:\/\/www.fne-idf.fr\" target=\"_blank\" rel=\"noopener noreferrer\"><img loading=\"lazy\" decoding=\"async\" class=\"alignnone wp-image-533 aligncenter\" src=\"https:\/\/corbeil-essonnes-environnement.org\/wp-content\/uploads\/2020\/04\/logo_site_fne-idf.jpg\" alt=\"\" width=\"150\" height=\"54\" \/><\/a>Grand Paris Sud Seine Essonne S\u00e9nart Ecocitoyen <a href=\"http:\/\/gpse.e-monsite.com\/\" target=\"_blank\" rel=\"noopener noreferrer\"><img loading=\"lazy\" decoding=\"async\" class=\"wp-image-336 aligncenter\" src=\"https:\/\/corbeil-essonnes-environnement.org\/wp-content\/uploads\/2020\/04\/logo-GPSE-e1586689871492-300x246.jpg\" alt=\"\" width=\"80\" height=\"66\" srcset=\"https:\/\/corbeil-essonnes-environnement.org\/wp-content\/uploads\/2020\/04\/logo-GPSE-e1586689871492-300x246.jpg 300w, https:\/\/corbeil-essonnes-environnement.org\/wp-content\/uploads\/2020\/04\/logo-GPSE-e1586689871492-768x630.jpg 768w, https:\/\/corbeil-essonnes-environnement.org\/wp-content\/uploads\/2020\/04\/logo-GPSE-e1586689871492.jpg 960w\" sizes=\"auto, (max-width: 80px) 100vw, 80px\" \/><\/a>F\u00e9d\u00e9ration des Circulations Douces en Essonne <a href=\"http:\/\/www.circulationsdouces91.org\" target=\"_blank\" rel=\"noopener noreferrer\"><img loading=\"lazy\" decoding=\"async\" class=\"wp-image-339 aligncenter\" src=\"https:\/\/corbeil-essonnes-environnement.org\/wp-content\/uploads\/2020\/04\/logo-fcde.gif\" alt=\"\" width=\"100\" height=\"23\" \/><\/a>Conseil Citoyen de Corbeil-Essonnes <a href=\"https:\/\/www.a3ce.org\" target=\"_blank\" rel=\"noopener noreferrer\"><img loading=\"lazy\" decoding=\"async\" class=\"wp-image-360 aligncenter\" src=\"https:\/\/corbeil-essonnes-environnement.org\/wp-content\/uploads\/2020\/04\/Logo-a3ce-3cm-300px-fond-transparent-bold-300x300.png\" alt=\"\" width=\"80\" height=\"80\" srcset=\"https:\/\/corbeil-essonnes-environnement.org\/wp-content\/uploads\/2020\/04\/Logo-a3ce-3cm-300px-fond-transparent-bold-300x300.png 300w, https:\/\/corbeil-essonnes-environnement.org\/wp-content\/uploads\/2020\/04\/Logo-a3ce-3cm-300px-fond-transparent-bold-150x150.png 150w, https:\/\/corbeil-essonnes-environnement.org\/wp-content\/uploads\/2020\/04\/Logo-a3ce-3cm-300px-fond-transparent-bold-768x768.png 768w, https:\/\/corbeil-essonnes-environnement.org\/wp-content\/uploads\/2020\/04\/Logo-a3ce-3cm-300px-fond-transparent-bold-570x570.png 570w, https:\/\/corbeil-essonnes-environnement.org\/wp-content\/uploads\/2020\/04\/Logo-a3ce-3cm-300px-fond-transparent-bold-60x60.png 60w, https:\/\/corbeil-essonnes-environnement.org\/wp-content\/uploads\/2020\/04\/Logo-a3ce-3cm-300px-fond-transparent-bold.png 354w\" sizes=\"auto, (max-width: 80px) 100vw, 80px\" \/><\/a>\u00c9ducation et Recherche sur les Oiseaux et la Nature<\/p>\r\n<p style=\"text-align: center;\"><a href=\"https:\/\/eron.asso-web.com\/\" target=\"_blank\" rel=\"noopener\"><img loading=\"lazy\" decoding=\"async\" class=\"wp-image-2530 aligncenter\" src=\"https:\/\/corbeil-essonnes-environnement.org\/wp-content\/uploads\/2024\/02\/ERON_Logo_150.png\" alt=\"\" width=\"58\" height=\"70\" \/><\/a> M\u00e9moire et Patrimoine Vivant <a href=\"http:\/\/www.asso-mpv.com\" target=\"_blank\" rel=\"noopener noreferrer\"><img loading=\"lazy\" decoding=\"async\" class=\"alignnone wp-image-354 aligncenter\" src=\"https:\/\/corbeil-essonnes-environnement.org\/wp-content\/uploads\/2020\/04\/Logo-M\u00e9moire-et-Patrimoine-vivant-1.gif\" alt=\"\" width=\"100\" height=\"53\" \/><\/a><\/p>\r\n<p style=\"text-align: center;\">RER D Val de Seine<\/p>\r\n<p style=\"text-align: center;\"><a href=\"https:\/\/rerd.xyz\/\" target=\"_blank\" rel=\"noopener\"><img loading=\"lazy\" decoding=\"async\" class=\"size-full wp-image-1881 aligncenter\" src=\"https:\/\/corbeil-essonnes-environnement.org\/wp-content\/uploads\/2021\/11\/logo-rer-d-val-de-seine-2cm-copie.jpg\" alt=\"\" width=\"57\" height=\"57\" srcset=\"https:\/\/corbeil-essonnes-environnement.org\/wp-content\/uploads\/2021\/11\/logo-rer-d-val-de-seine-2cm-copie.jpg 57w, https:\/\/corbeil-essonnes-environnement.org\/wp-content\/uploads\/2021\/11\/logo-rer-d-val-de-seine-2cm-copie-150x150.jpg 150w, https:\/\/corbeil-essonnes-environnement.org\/wp-content\/uploads\/2021\/11\/logo-rer-d-val-de-seine-2cm-copie-768x768.jpg 768w, https:\/\/corbeil-essonnes-environnement.org\/wp-content\/uploads\/2021\/11\/logo-rer-d-val-de-seine-2cm-copie-570x570.jpg 570w\" sizes=\"auto, (max-width: 57px) 100vw, 57px\" \/><\/a>[\/vc_column_text][\/vc_column][vc_column width=\u00a0\u00bb1\/3&Prime;][vc_column_text]<\/p>\r\n<p><span style=\"color: #000000;\"><b>1983<\/b> <b>: <\/b><\/span><\/p>\r\n<p><span style=\"color: #000000;\">Cr\u00e9ation de l&rsquo;association qui a pour objet de s&rsquo;int\u00e9resser au site de la commune, \u00e0 son patrimoine architectural, naturel et industriel et \u00e0 la pr\u00e9servation de l&rsquo;environnement et du cadre de vie<\/span><\/p>\r\n<p><span style=\"color: #000000;\"><b>2020 : <\/b><\/span><\/p>\r\n<p><span style=\"color: #000000;\">Suite aux mutations complexes de ces derni\u00e8res d\u00e9cennies : d\u00e9sindustrialisation, urbanisation non ma\u00eetris\u00e9e,<\/span><\/p>\r\n<p><span style=\"color: #000000;\"><b>La pr\u00e9servation de l\u2019environnement et le cadre de vie sont plus que jamais au c\u0153ur de nos actions<\/b><\/span><\/p>\r\n<p>&nbsp;<\/p>\r\n<p style=\"text-align: center;\"><span style=\"color: #000000;\"><b>Son champ d\u2019action<\/b><\/span><\/p>\r\n<p style=\"text-align: center;\"><span style=\"color: #000000;\"><b>\u00a0Corbeil-Essonnes <\/b><\/span><\/p>\r\n<p style=\"text-align: center;\"><span style=\"color: #000000;\"><b>\u00a0et les communes limitrophes<\/b><\/span><\/p>\r\n<p style=\"text-align: center;\"><span style=\"color: #000000;\"><b>de la Communaut\u00e9 d\u2019Agglom\u00e9ration<\/b><\/span><\/p>\r\n<p style=\"text-align: center;\"><span style=\"color: #000000;\"><b>Grand Paris Sud Seine Essonne S\u00e9nart<\/b><\/span><\/p>\r\n<p>[\/vc_column_text][\/vc_column][\/vc_row]<\/p><\/div>","protected":false},"excerpt":{"rendered":"<p>[vc_row][vc_column width=\u00a0\u00bb1\/3&Prime; css=\u00a0\u00bb.vc_custom_1586597916338{margin-top: -80px !important;}\u00a0\u00bb][vc_column_text] \u00a0 Corbeil-Essonnes, situ\u00e9 \u00e0 la confluence de la Seine et de l\u2019Essonne b\u00e9n\u00e9ficie \u00e0 la fois d\u2019un environnement b\u00e2ti et d\u2019un environnement naturel remarquables L\u2019environnement urbain concerne: le b\u00e2ti pass\u00e9 et pr\u00e9sent, le patrimoine class\u00e9, les activit\u00e9s et leur organisation : circulation- stationnement- transports L\u2019environnement naturel concerne la Seine, la<br \/><a href=\"https:\/\/corbeil-essonnes-environnement.org\/?page_id=175\" class=\"more\">Lire la suite<\/a><\/p>\n","protected":false},"author":1,"featured_media":0,"parent":0,"menu_order":6,"comment_status":"closed","ping_status":"closed","template":"","meta":{"footnotes":""},"class_list":["post-175","page","type-page","status-publish","hentry"],"_links":{"self":[{"href":"https:\/\/corbeil-essonnes-environnement.org\/index.php?rest_route=\/wp\/v2\/pages\/175","targetHints":{"allow":["GET"]}}],"collection":[{"href":"https:\/\/corbeil-essonnes-environnement.org\/index.php?rest_route=\/wp\/v2\/pages"}],"about":[{"href":"https:\/\/corbeil-essonnes-environnement.org\/index.php?rest_route=\/wp\/v2\/types\/page"}],"author":[{"embeddable":true,"href":"https:\/\/corbeil-essonnes-environnement.org\/index.php?rest_route=\/wp\/v2\/users\/1"}],"replies":[{"embeddable":true,"href":"https:\/\/corbeil-essonnes-environnement.org\/index.php?rest_route=%2Fwp%2Fv2%2Fcomments&post=175"}],"version-history":[{"count":12,"href":"https:\/\/corbeil-essonnes-environnement.org\/index.php?rest_route=\/wp\/v2\/pages\/175\/revisions"}],"predecessor-version":[{"id":2919,"href":"https:\/\/corbeil-essonnes-environnement.org\/index.php?rest_route=\/wp\/v2\/pages\/175\/revisions\/2919"}],"wp:attachment":[{"href":"https:\/\/corbeil-essonnes-environnement.org\/index.php?rest_route=%2Fwp%2Fv2%2Fmedia&parent=175"}],"curies":[{"name":"wp","href":"https:\/\/api.w.org\/{rel}","templated":true}]}}