{"id":17,"date":"2019-09-25T15:34:22","date_gmt":"2019-09-25T13:34:22","guid":{"rendered":"https:\/\/corbeil-essonnes-environnement.org\/?page_id=17"},"modified":"2022-09-05T15:26:57","modified_gmt":"2022-09-05T13:26:57","slug":"documentation-de-reference","status":"publish","type":"page","link":"https:\/\/corbeil-essonnes-environnement.org\/?page_id=17","title":{"rendered":"Documentation"},"content":{"rendered":"<div class=\"wpb-content-wrapper\"><p>&nbsp;<\/p>\n<p>[vc_row][vc_column width=\u00a0\u00bb1\/2&Prime;][vc_column_text css=\u00a0\u00bb.vc_custom_1588855689326{margin-top: -80px !important;}\u00a0\u00bb]<\/p>\n<h3 style=\"text-align: center;\">Ouvrages et films<\/h3>\n<p>&nbsp;<\/p>\n<p><strong>2022<\/strong><\/p>\n<ul>\n<li>Publication du CEREMA : <a href=\"https:\/\/corbeil-essonnes-environnement.org\/wp-content\/uploads\/2022\/09\/Cerema_ville-demain.pdf\" target=\"_blank\" rel=\"noopener\">Faire de la nature un pilier de la ville de demain<\/a><\/li>\n<li>Ao\u00fbt 2022 : article du quotidien \u201cLe Monde\u201d sur les <a href=\"https:\/\/corbeil-essonnes-environnement.org\/wp-content\/uploads\/2022\/08\/2022_0808_forets_francaises_privees.pdf\" target=\"_blank\" rel=\"noopener\">for\u00eats :<\/a>\n<ul>\n<li><span dir=\"ltr\" role=\"presentation\">75<\/span> <span dir=\"ltr\" role=\"presentation\">% des for\u00eats fran\u00e7aises sont priv\u00e9es, un d\u00e9fi pour leur adaptation au changement climatique<\/span><\/li>\n<li>et article d\u2019un membre du Club de Mediapart : Il faut d\u2019urgence am\u00e9liorer <a href=\"https:\/\/corbeil-essonnes-environnement.org\/wp-content\/uploads\/2022\/09\/2022_0830_Mediapart-Il-faut-durgence-ameliorer-la-resilience-des-forets-francaises._o.pdf\" target=\"_blank\" rel=\"noopener\">la r\u00e9silience des for\u00eats fran\u00e7aises<\/a><\/li>\n<\/ul>\n<\/li>\n<li>Mai 2022 : Reporterre publie un document explicatif sur le r\u00e9chauffement climatique, lecture \u00e0 la port\u00e9e de tous et toutes et qui ne laisse aucune doute sur les causes de ce qu\u2019il vaudrait mieux appel\u00e9 : <a href=\"https:\/\/reporterre.net\/Qu-est-ce-que-le-rechauffement-climatique?utm_source=newsletter&amp;utm_medium=email&amp;utm_campaign=nl_quotidienne\" target=\"_blank\" rel=\"noopener\">changement climatique<\/a> ou d\u00e9r\u00e8glement climatique<\/li>\n<li>4 avril 2022 : article paru dans le Parisien\n<ul>\n<li>Criquets, grillons, sauterelles\u2026en \u00cele-de-France, le peuple de l\u2019herbe menac\u00e9 d\u2019<a href=\"https:\/\/corbeil-essonnes-environnement.org\/wp-content\/uploads\/2022\/04\/20220404_le-peuple_de_lherbe_menace_dextinction.pdf\" target=\"_blank\" rel=\"noopener\">extinction<\/a> : l\u2019Agence r\u00e9gionale de la biodiversit\u00e9 vient de sortir une liste rouge des orthopt\u00e9ro\u00efdes<\/li>\n<\/ul>\n<\/li>\n<li>FNE-IDF publie un guide p\u00e9dagogique : <a href=\"https:\/\/corbeil-essonnes-environnement.org\/wp-content\/uploads\/2022\/01\/20220119_FNEIDF_laressourceeneau.pdf\" target=\"_blank\" rel=\"noopener\"><strong>la ressource en eau face aux d\u00e9r\u00e8glements climatiques<\/strong><\/a><\/li>\n<\/ul>\n<p><strong>2021<\/strong><\/p>\n<ul>\n<li>Corbeil-Essonnes : Information communale sur <a href=\"https:\/\/corbeil-essonnes-environnement.org\/wp-content\/uploads\/2022\/01\/2021-Information-communal-sur-les-risques-majeurs.pdf\" target=\"_blank\" rel=\"noopener\">les risques majeurs<\/a> mise \u00e0 jour de janvier 2021. Lire aussi le <a href=\"https:\/\/corbeil-essonnes-environnement.org\/wp-content\/uploads\/2022\/01\/2008_dossier_departemental_risques_majeurs_version-finale.pdf\" target=\"_blank\" rel=\"noopener\">dossier d\u00e9partemental des risques majeurs<\/a> (278 pages)<\/li>\n<li><a href=\"https:\/\/corbeil-essonnes-environnement.org\/wp-content\/uploads\/2022\/01\/2022_Contribution-de-FNE-IDF_SDRIF.pdf\" target=\"_blank\" rel=\"noopener\">Contribu<\/a><a href=\"https:\/\/corbeil-essonnes-environnement.org\/wp-content\/uploads\/2022\/01\/2022_Contribution-de-FNE-IDF_SDRIF.pdf\" target=\"_blank\" rel=\"noopener\">tion<\/a> de FNE \u00cele-de-France au SDRIF<\/li>\n<li><a href=\"https:\/\/www.institutparisregion.fr\/institutparisregion\/\" target=\"_blank\" rel=\"noopener\">L\u2019Institut Paris R\u00e9gion<\/a> a pour mission essentielle de r\u00e9aliser des \u00e9tudes et travaux n\u00e9cessaires \u00e0 la prise de d\u00e9cision de la R\u00e9gion \u00cele-de-France et de ses partenaires. De l\u2019\u00e9chelon local \u00e0 l\u2019\u00e9chelon des grandes m\u00e9tropoles, il intervient notamment dans de nombreux domaines tels que l\u2019urbanisme, les transports et la mobilit\u00e9, l\u2019environnement, l\u2019\u00e9conomie et les questions de soci\u00e9t\u00e9. Il apporte son soutien aux politiques d\u2019am\u00e9nagement et de d\u00e9veloppement des communes, des intercommunalit\u00e9s et des d\u00e9partements. Il r\u00e9alise \u00e9galement pour les organismes qui lui en font la demande des \u00e9tudes,tant en \u00cele-de-France qu\u2019\u00e0 l\u2019\u00e9tranger :\n<ul>\n<li><a href=\"https:\/\/corbeil-essonnes-environnement.org\/wp-content\/uploads\/2022\/01\/portrait-de-territoires.pdf\" target=\"_blank\" rel=\"noopener\">Portrait de territoires<\/a> : l\u2019agglom\u00e9ration Grand Paris Sud Seine Essonne S\u00e9nart<\/li>\n<li><a href=\"https:\/\/corbeil-essonnes-environnement.org\/wp-content\/uploads\/2022\/01\/Conso_Espace91.pdf\" target=\"_blank\" rel=\"noopener\">Consommation d\u2019espace et d\u00e9veloppement urbain en Essonne<\/a>, \u00e9l\u00e9ments de cadrage pour l\u2019accompagnement du d\u00e9partement dans ses obligations pour lutter contre l\u2019\u00e9talement urbain et artificialisation des sols<\/li>\n<\/ul>\n<\/li>\n<li>le Conservatoire d\u00e9partemental des espaces naturels sensibles \u00e9tablit la <a href=\"https:\/\/www.essonne.fr\/fileadmin\/5-cadre_vie_environnement\/patrimoine_naturel\/ressources\/etudes\/Synthese_naturaliste_-_ENS__2020_.pdf\" target=\"_blank\" rel=\"noopener\">Synth\u00e8se naturaliste<\/a> des observations r\u00e9alis\u00e9es sur les diff\u00e9rents sites d\u00e9partementaux<\/li>\n<li>France Nature Environnement publie sa position sur le d\u00e9ploiement de la 5G : <a href=\"https:\/\/fne.asso.fr\/dossiers\/c-est-quoi-le-probleme-avec-la-5g\" target=\"_blank\" rel=\"noopener\">c\u2019est quoi le probl\u00e8me avec la 5G<\/a><\/li>\n<li>La r\u00e9gion \u00cele-de-France publie sa strat\u00e9gie 2020-2030 pour la biodiversit\u00e9 <em>(clic sur l\u2019abeille)<\/em><\/li>\n<\/ul>\n<p><strong>2020<\/strong><\/p>\n<ul>\n<li>le 21 avril : les revues <a href=\"https:\/\/ofb.gouv.fr\/actualites\/les-revues-espaces-naturels-et-faune-sauvage-disponibles-gratuitement-en-ligne\" target=\"_blank\" rel=\"noopener noreferrer\">Espaces naturels et Faune sauvage<\/a> disponibles gratuitement en ligne<\/li>\n<li>le 4 avril : <a href=\"https:\/\/corbeil-essonnes-environnement.org\/wp-content\/uploads\/2020\/04\/20200403-Il-faut-laisser-de-la-place-\u00e0-la-nature-par-H\u00e9l\u00e8ne-Soubelet-Mediapart.pdf\" target=\"_blank\" rel=\"noopener noreferrer\">Il faut laisser de la place \u00e0 la nature<\/a> par H\u00e9l\u00e8ne Soubelet &#8211; Mediapart\n<ul>\n<li>H\u00e9l\u00e8ne Soubelet, v\u00e9t\u00e9rinaire de formation et dipl\u00f4m\u00e9e d\u2019\u00e9tudes approfondies en pathologie v\u00e9g\u00e9tale, est directrice de la Fondation pour la recherche sur la biodiversit\u00e9. Pass\u00e9e par le minist\u00e8re de l\u2019environnement entre 2010 et 2017 (elle a \u00e9t\u00e9 adjointe au chef de bureau biotechnologies et agriculture puis cheffe de la mission Biodiversit\u00e9 et gestion durable des milieux au sein de la direction de la recherche), elle est aussi la coautrice de nombreux ouvrages scientifiques et p\u00e9dagogiques<\/li>\n<\/ul>\n<\/li>\n<li>le 3 avril : La <a href=\"https:\/\/corbeil-essonnes-environnement.org\/wp-content\/uploads\/2020\/04\/20200403-La-planification-\u00e9cologique-une-approche-par-Dominique-Plihon.pdf\" target=\"_blank\" rel=\"noopener noreferrer\">planification \u00e9cologique<\/a> &#8211; une approche par Dominique Plihon\n<ul>\n<li>Dominique Plihon est un universitaire et \u00e9conomiste fran\u00e7ais rattach\u00e9 au courant th\u00e9orique de l&rsquo;\u00e9cole de la r\u00e9gulation. Il a \u00e9t\u00e9 professeur \u00e0 l&rsquo;Universit\u00e9 Paris XIII de 1992 \u00e0 2012. Militant altermondialiste, il est porte-parole d&rsquo;Attac France depuis 2013 apr\u00e8s avoir \u00e9t\u00e9 pr\u00e9sident de son conseil scientifique<\/li>\n<\/ul>\n<\/li>\n<li>le 2 avril : <a href=\"https:\/\/corbeil-essonnes-environnement.org\/wp-content\/uploads\/2020\/04\/20200402-Z\u00e9ro-artificialisation-nette-comment-manier-la-renaturation-par-Basile-Delacorne.pdf\" target=\"_blank\" rel=\"noopener noreferrer\">Z\u00e9ro artificialisation nette<\/a> &#8211; comment manier la renaturation par Basile Delacorne journaliste \u00e0 Batiactu <span class=\"st\">site d&rsquo;information des professionnels du BTP<\/span><\/li>\n<li>le 23 mars : \u00c9nergies renouvelables &#8211; <a href=\"https:\/\/corbeil-essonnes-environnement.org\/wp-content\/uploads\/2020\/04\/20200301-Peut-on-saccommoder-de-lintermittance-des-ENR.pdf\" target=\"_blank\" rel=\"noopener noreferrer\">Peut-on s\u2019accommoder de intermittence des ENR <\/a>par Fran\u00e7ois Poizat membre de l&rsquo;association \u00ab\u00a0<a href=\"http:\/\/www.sauvonsleclimat.org\" target=\"_blank\" rel=\"noopener noreferrer\">Sauvons le climat<\/a>\u00ab\u00a0<\/li>\n<li>Mars, article <em>Corbeil-Essonnes, ville-confluence entre fleuve et rivi\u00e8re<\/em> dans le livret N\u00b027 de la Maison de Banlieue et de l&rsquo;Architecture, intitul\u00e9 <em>Banlieue sur Seine, Histoire et devenir des usages &amp; paysages du fleuve<\/em>, par H\u00e9l\u00e8ne Pavamani, Corbeil-Essonnoise et membre de CEE<\/li>\n<\/ul>\n<p><strong>2019<\/strong><\/p>\n<ul>\n<li>mars, article intitul\u00e9 <em>Les Tarter\u00eats, ou comment habiter un lieu \u00e0 l&rsquo;image n\u00e9gative<\/em>, paru dans le livret N\u00b026 de la Maison de Banlieue et de l&rsquo;Architecture, <em>Ensembles, l&rsquo;histoire continue, M\u00e9moires et projets des grands ensembles,<\/em> par H\u00e9l\u00e8ne Pavamani, Corbeil-Essonnoise et membre de CEE<em><br \/>\n<\/em><\/li>\n<\/ul>\n<p><strong>2017<\/strong><\/p>\n<ul>\n<li>18 novembre : pr\u00e9sentation de livre \u00a0\u00bb <a href=\"https:\/\/corbeil-essonnes-environnement.org\/wp-content\/uploads\/2020\/04\/Identit\u00e9-de-lEssonne.pdf\" target=\"_blank\" rel=\"noopener noreferrer\">L&rsquo;identit\u00e9 de l&rsquo;Essonne<\/a>\u00ab\u00a0, ses villes et villages, regard des associations environnementales publi\u00e9 par Essonne Nature Environnement avec la contribution litt\u00e9raire de Corbeil Essonnes Environnement.<\/li>\n<\/ul>\n<p><strong>2016<\/strong><\/p>\n<ul>\n<li>Le film de Natureparif, agence r\u00e9gionale pour la nature et la biodiversit\u00e9 (<a href=\"https:\/\/www.arb-idf.fr\/\" target=\"_blank\" rel=\"noopener noreferrer\">ARB<\/a>) :<\/li>\n<li><a href=\"https:\/\/www.dailymotion.com\/video\/x4u7w9l\" target=\"_blank\" rel=\"noopener noreferrer\">Urbanisation &amp; biodiversit\u00e9<\/a><\/li>\n<li><a href=\"http:\/\/www.confluence-91.org\/CEE_site\/Forum_des_associations\/Eau_et_changement_climatique_adaptons_nous.flv\" target=\"_new\" rel=\"noopener noreferrer\">Eau et changement climatique<\/a>,<\/li>\n<li><a href=\"http:\/\/www.confluence-91.org\/CEE_site\/Forum_des_associations\/Natureparif_la_nature_une_solution_au_changement_climatique.flv\" target=\"_new\" rel=\"noopener noreferrer\">NatureParif la Nature une solution au changement climatique<\/a>,<\/li>\n<li><a href=\"http:\/\/www.confluence-91.org\/CEE_site\/Forum_des_associations\/Une_nouvelle_gestion_des_rivieres_arrive_a_l_heure_de_la_Gemapi.flv\" target=\"_new\" rel=\"noopener noreferrer\">Une nouvelle gestion de rivi\u00e8res arrive \u00e0 l\u2019heure de la Gemapi<\/a>,<\/li>\n<li><a href=\"http:\/\/www.confluence-91.org\/CEE_site\/Forum_des_associations\/Zones_humides_zones_utiles_agissons.flv\" target=\"_new\" rel=\"noopener noreferrer\">Zones humides zones utiles<\/a>,<\/li>\n<li><a href=\"http:\/\/www.confluence-91.org\/CEE_site\/Forum_des_associations\/4_pour_1000_les_sols_pour_la_securite_alimentaire_et_le_climat.flv\" target=\"_new\" rel=\"noopener noreferrer\">4 pour 1000 des sols pour la s\u00e9curit\u00e9 alimentaire et le climat<\/a>.<\/li>\n<\/ul>\n<p>[\/vc_column_text][\/vc_column][vc_column width=\u00a0\u00bb1\/2&Prime;][vc_column_text css=\u00a0\u00bb.vc_custom_1588867209596{margin-top: -80px !important;}\u00a0\u00bb]<\/p>\n<h3 style=\"text-align: center;\"><strong>Sites de r\u00e9f\u00e9rence<\/strong><\/h3>\n<p><a href=\"https:\/\/www.ecologique-solidaire.gouv.fr\/\" target=\"_blank\" rel=\"noopener noreferrer\">Minist\u00e8re de la transition \u00e9cologique et solidaire<\/a><\/p>\n<p><a href=\"https:\/\/www.georisques.gouv.fr\/\" target=\"_blank\" rel=\"noopener noreferrer\">Georisques<\/a> : Mieux conna\u00eetre les risques sur le territoire<\/p>\n<p><a href=\"https:\/\/www.cerema.fr\/fr\" target=\"_blank\" rel=\"noopener noreferrer\">Cerema<\/a> : Centre d&rsquo;\u00e9tudes et d&rsquo;expertise sur les risques, l&rsquo;environnement, la mobilit\u00e9 et l&rsquo;am\u00e9nagement &#8211; L&rsquo;expertise publique pour le d\u00e9veloppement et la coh\u00e9sion des territoires<\/p>\n<p><a href=\"https:\/\/www.arb-idf.fr\/\" target=\"_blank\" rel=\"noopener noreferrer\">ARB<\/a> : Agence R\u00e9gionale de la Biodiversit\u00e9 a pour mission d&rsquo;\u00e9valuer l\u2019\u00e9tat de la biodiversit\u00e9, de suivre son \u00e9volution, d\u2019identifier les priorit\u00e9s d\u2019actions r\u00e9gionales, de diffuser les bonnes pratiques et de sensibiliser le public \u00e0 sa protection<\/p>\n<p><a href=\"https:\/\/www.snpn.com\/\" target=\"_blank\" rel=\"noopener noreferrer\">SNPN<\/a> : Soci\u00e9t\u00e9 Nationale pour la Protection de la Nature a pour mission la protection des espaces et des esp\u00e8ces sauvages, en s\u2019appuyant sur les fondements scientifiques de l\u2019\u00e9cologie et de la biologie de la conservation<\/p>\n<p><a href=\"http:\/\/www.naturessonne.fr\" target=\"_blank\" rel=\"noopener noreferrer\">NaturEssonne<\/a> : a pour buts d&rsquo;\u00e9tudier le patrimoine naturel de l&rsquo;Essonne, agir pour sa protection, le faire d\u00e9couvrir<\/p>\n<p><a href=\"http:\/\/www.essonne.fr\/culture-loisirs-tourisme\/decouvrez-lessonne\/sites-culturels-et-touristiques-a-decouvrir\/domaine-departemental-de-montauger-maison-de-lenvironnement-de-lessonne\/\" target=\"_blank\" rel=\"noopener noreferrer\">Domaine de Montauger<\/a> : accueille la Maison de l&rsquo;Environnement install\u00e9e dans une demeure historique enti\u00e8rement r\u00e9nov\u00e9e. Sa mission : sensibiliser le public aux probl\u00e9matiques de l&rsquo;environnement. De nombreuses activit\u00e9s, animations, \u00e9v\u00e9nements y sont r\u00e9guli\u00e8rement organis\u00e9s autour de la biodiversit\u00e9 et du d\u00e9veloppement durable, de m\u00eame que des expos temporaires ou permanentes. Laissez-vous guider !<\/p>\n<p><a href=\"https:\/\/jagispourlanature.org\/structure\/conservatoire-departemental-des-espaces-naturels-sensibles-du-conseil-departemental-de\" target=\"_blank\" rel=\"noopener noreferrer\">Conservatoire des Espaces Naturels sensibles du d\u00e9partement de l&rsquo;Essonne<\/a> :\u00a0 en bref stopper l&rsquo;urbanisation galopante et prot\u00e9ger les milieux naturels qui pr\u00e9sentent un int\u00e9r\u00eat \u00e9cologique (faunistique, floristique, paysager,&#8230;).<\/p>\n<p><a href=\"https:\/\/www.fne.asso.fr\/\" target=\"_blank\" rel=\"noopener noreferrer\">FNE<\/a> : France Nature Environnement &#8211; F\u00e9d\u00e9ration fran\u00e7aise des associations de protection de la nature et de l&rsquo;environnement<\/p>\n<p><a href=\"https:\/\/fne-idf.fr\/\" target=\"_blank\" rel=\"noopener noreferrer\">FNE-IDF<\/a> : France Nature Environnement \u00cele-de-France &#8211; F\u00e9d\u00e9ration r\u00e9gionale des associations franciliennes de protection de la nature et de l&rsquo;environnement<\/p>\n<p><a href=\"http:\/\/ene91.fr\/\" target=\"_blank\" rel=\"noopener noreferrer\">ENE<\/a> : Essonnes Nature Environnement regroupe la quasi totalit\u00e9\u00a0des associations environnementales locales afin de mieux\u00a0se faire entendre des diff\u00e9rentes institutions d\u00e9partementales et r\u00e9gionales.<\/p>\n<p><a href=\"http:\/\/www.circulationsdouces91.org\/\" target=\"_blank\" rel=\"noopener noreferrer\">FCDE<\/a> : F\u00e9d\u00e9ration des Circulations Douces en Essonne <span style=\"font-family: Arial;\">a pour vocation de regrouper les associations d&rsquo;usagers ou de d\u00e9fense de l&rsquo;environnement qui luttent pour am\u00e9liorer les conditions de circulation des pi\u00e9tons et des cyclistes en Essonne.\u00a0<\/span><\/p>\n<p><a href=\"http:\/\/www.pietons.org\/\" target=\"_blank\" rel=\"noopener noreferrer\">60 millions de pi\u00e9tons<\/a> : intervient pour d\u00e9fendre la cause des pi\u00e9tons et valoriser la marche \u00e0 pied<\/p>\n<p><a href=\"https:\/\/www.maisondebanlieue.fr\/\" target=\"_blank\" rel=\"noopener noreferrer\">La Maison de Banlieue et d&rsquo;Architecture<\/a> : centre d\u2019interpr\u00e9tation de l\u2019environnement urbain, du patrimoine en banlieue et de l\u2019architecture<\/p>\n<p><a href=\"http:\/\/www.institutparisregion.fr\/institutparisregion.html\" target=\"_blank\" rel=\"noopener noreferrer\">Institut Paris R\u00e9gion<\/a> : a pour mission essentielle de r\u00e9aliser des \u00e9tudes et travaux n\u00e9cessaires \u00e0 la prise de d\u00e9cision de la R\u00e9gion \u00cele-de-France et de ses partenaires. De l&rsquo;\u00e9chelon local \u00e0 l&rsquo;\u00e9chelon des grandes m\u00e9tropoles, il intervient notamment dans de nombreux domaines tels que l&rsquo;urbanisme, les transports et la mobilit\u00e9, l&rsquo;environnement, l&rsquo;\u00e9conomie et les questions de soci\u00e9t\u00e9. Il apporte son soutien aux politiques d&rsquo;am\u00e9nagement et de d\u00e9veloppement des communes, des intercommunalit\u00e9s et des d\u00e9partements<\/p>\n<p><a href=\"https:\/\/terredeliens.org\/\" target=\"_blank\" rel=\"noopener noreferrer\">Terres de lien<\/a> : a pour mission d&rsquo;enrayer la disparition des terres agricoles, all\u00e9ger le parcours des agriculteurs qui cherchent \u00e0 s\u2019installer, et d\u00e9velopper l\u2019agriculture biologique et paysanne.<\/p>\n<p>La <a href=\"http:\/\/www.patrimoine-environnement.fr\/\" target=\"_blank\" rel=\"noopener noreferrer\">F\u00e9d\u00e9ration Patrimoine Environnement<\/a> : milite pour le d\u00e9veloppement durable, la protection et la mise en valeur de l\u2019environnement, du patrimoine arch\u00e9ologique, architectural et touristique, et l\u2019am\u00e9lioration du cadre de vie des fran\u00e7ais<\/p>\n<p>Le <a href=\"https:\/\/www.siarce.fr\/\" target=\"_blank\" rel=\"noopener noreferrer\">Siarce<\/a> : Syndicat Intercommunal d&rsquo;Am\u00e9nagement, de Rivi\u00e8res et du Cycle de l&rsquo;eau, comp\u00e9tent en assainissement, eau potable, rivi\u00e8res et milieu naturel, distribution de gaz et d&rsquo;\u00e9lectricit\u00e9, grands projets<\/p>\n<p><a href=\"http:\/\/www.amap-idf.org\/robinson_fait_son_panier_33-amap_116.php\" target=\"_blank\" rel=\"noopener noreferrer\">Amap Robinson<\/a> fait son panier: l&rsquo;AMAP est un partenariat entre un groupe de citoyen.ne.s\u00a0 et une ferme paysanne\u00a0 qui s&rsquo;engagent r\u00e9ciproquement : les uns \u00e0 pr\u00e9financer la production (de l\u00e9gumes ou autres), les autres \u00e0 assurer ladite production[\/vc_column_text][\/vc_column][\/vc_row]<\/p>\n<\/div>","protected":false},"excerpt":{"rendered":"<p>&nbsp; [vc_row][vc_column width=\u00a0\u00bb1\/2&Prime;][vc_column_text css=\u00a0\u00bb.vc_custom_1588855689326{margin-top: -80px !important;}\u00a0\u00bb] Ouvrages et films &nbsp; 2022 Publication du CEREMA : Faire de la nature un pilier de la ville de demain Ao\u00fbt 2022 : article du quotidien \u201cLe Monde\u201d sur les for\u00eats : 75 % des for\u00eats fran\u00e7aises sont priv\u00e9es, un d\u00e9fi pour leur adaptation au changement climatique et article<br \/><a href=\"https:\/\/corbeil-essonnes-environnement.org\/?page_id=17\" class=\"more\">Lire la suite<\/a><\/p>\n","protected":false},"author":1,"featured_media":0,"parent":0,"menu_order":11,"comment_status":"closed","ping_status":"closed","template":"","meta":{"footnotes":""},"class_list":["post-17","page","type-page","status-publish","hentry"],"_links":{"self":[{"href":"https:\/\/corbeil-essonnes-environnement.org\/index.php?rest_route=\/wp\/v2\/pages\/17","targetHints":{"allow":["GET"]}}],"collection":[{"href":"https:\/\/corbeil-essonnes-environnement.org\/index.php?rest_route=\/wp\/v2\/pages"}],"about":[{"href":"https:\/\/corbeil-essonnes-environnement.org\/index.php?rest_route=\/wp\/v2\/types\/page"}],"author":[{"embeddable":true,"href":"https:\/\/corbeil-essonnes-environnement.org\/index.php?rest_route=\/wp\/v2\/users\/1"}],"replies":[{"embeddable":true,"href":"https:\/\/corbeil-essonnes-environnement.org\/index.php?rest_route=%2Fwp%2Fv2%2Fcomments&post=17"}],"version-history":[{"count":12,"href":"https:\/\/corbeil-essonnes-environnement.org\/index.php?rest_route=\/wp\/v2\/pages\/17\/revisions"}],"predecessor-version":[{"id":2163,"href":"https:\/\/corbeil-essonnes-environnement.org\/index.php?rest_route=\/wp\/v2\/pages\/17\/revisions\/2163"}],"wp:attachment":[{"href":"https:\/\/corbeil-essonnes-environnement.org\/index.php?rest_route=%2Fwp%2Fv2%2Fmedia&parent=17"}],"curies":[{"name":"wp","href":"https:\/\/api.w.org\/{rel}","templated":true}]}}