{"id":115,"date":"2019-09-28T17:13:11","date_gmt":"2019-09-28T15:13:11","guid":{"rendered":"https:\/\/corbeil-essonnes-environnement.org\/?page_id=115"},"modified":"2025-06-15T11:39:32","modified_gmt":"2025-06-15T09:39:32","slug":"la-nature-en-ville","status":"publish","type":"page","link":"https:\/\/corbeil-essonnes-environnement.org\/?page_id=115","title":{"rendered":"L&rsquo;eau, l&rsquo;Essonne, la Seine, le Siarce"},"content":{"rendered":"<div class=\"wpb-content-wrapper\"><ul>\n<li>Juin 2025 : le Siarce pr\u00e9sente la carte des<a href=\"https:\/\/corbeil-essonnes-environnement.org\/wp-content\/uploads\/2025\/06\/2025_0614_carte-zones-Inondables_siarce-copie.jpg\" target=\"_blank\" rel=\"noopener\">\u00a0zones inondables<\/a>\u00a0\u00e0 Corbeil-Essonnes<\/li>\n<\/ul>\n<ul>\n<li>16 mars 2024 : Corbeil-Essonnes <a href=\"https:\/\/corbeil-essonnes-environnement.org\/wp-content\/uploads\/2024\/03\/20240316_Peniche-v3-T.pdf\" target=\"_blank\" rel=\"noopener\">ville d&rsquo;EAU<\/a>\n<ul>\n<li>Retrouvez-nous sur la p\u00e9niche \u00ab ALTERNAT \u00bb, qui sera amarr\u00e9e \u00e0 l\u2019angle du quai Jacques Bourgoin, et de la rue Saint Nicolas \u00e0 Corbeil-Essonnes, samedi 16 mars 2024, \u00e0 14h00<br \/>\nENTR\u00c9E LIBRE et GRATUITE<\/li>\n<\/ul>\n<\/li>\n<li>2023 <em><strong>: L&rsquo;Institut Paris R\u00e9gion publie :\u00a0 <\/strong><\/em>Les principaux <a href=\"https:\/\/www.institutparisregion.fr\/nos-travaux\/publications\/les-principaux-bassins-versants-et-cours-deau-dile-de-france\/\" target=\"_blank\" rel=\"noopener\">bassins versants et cours d&rsquo;eau d&rsquo;\u00cele-de-France<\/a><\/li>\n<li>2023 : 22 mars 2023, Podcast France Inter : <a href=\"https:\/\/corbeil-essonnes-environnement.org\/wp-content\/uploads\/2023\/04\/2023_0302_stereo.mp3\" target=\"_blank\" rel=\"noopener\">\u00ab\u00a0Comment va-t-on faire dans 15 ans pour alimenter le monde\u00a0\u00bb, sans les r\u00e9serves d&rsquo;eau \u00ab\u00a0pill\u00e9es\u00a0\u00bb<\/a>\u00a0 avec Fran\u00e7ois Gemenne, sp\u00e9cialiste de la gouvernance du climat et des migrations, directeur de l\u2019Observatoire Hugo \u00e0 l\u2019universit\u00e9 de Li\u00e8ge, membre du Giec, et Emma Haziza, hydrologue et sp\u00e9cialiste de l\u2019adaptation de nos soci\u00e9t\u00e9s au changement climatique, d\u00e9cryptent le dernier rapport du GIEC<\/li>\n<li>7 &amp; 8 novembre 2022 : FNE-IDF organise un <a href=\"https:\/\/corbeil-essonnes-environnement.org\/wp-content\/uploads\/2022\/10\/20220929_FNE_IDF_colloque_eau_7_8_nov_hotel-de-ville_horaires_interventions.pdf\" target=\"_blank\" rel=\"noopener\">colloque sur l&rsquo;eau<\/a> en \u00cele-de-France\n<ul>\n<li>Le colloque sur la ressource en eau, organis\u00e9 par FNE-IDF, a \u00e9t\u00e9 un franc succ\u00e8s pour le mouvement associatif. Nous avons pu d\u00e9battre librement avec l&rsquo;ensemble des partenaires invit\u00e9s. Ce fut aussi l&rsquo;occasion, pour Essonne Nature Environnement, de pr\u00e9senter l&rsquo;ouvrage <a href=\"https:\/\/corbeil-essonnes-environnement.org\/wp-content\/uploads\/2022\/11\/2022_lessonne_et-leau_ENE_1280_px.jpg\" target=\"_blank\" rel=\"noopener\">l&rsquo;Essonne et l&rsquo;eau<\/a>. Un tr\u00e8s bel accueil lui a \u00e9t\u00e9 r\u00e9serv\u00e9, il est dor\u00e9navant disponible aupr\u00e8s de l&rsquo;association. N&rsquo;h\u00e9sitez-pas \u00e0 nous contacter pour le r\u00e9server ou l&rsquo;acqu\u00e9rir. Vous trouverez quelques images du colloque sur le site de la f\u00e9d\u00e9ration qui s&rsquo;enrichira bient\u00f4t des retomb\u00e9s attendus du colloque :\u00a0<a href=\"http:\/\/ene91.fr\/\">ENE | Union d\u00e9partementale des associations de d\u00e9fense de la nature en Essonne (ene91.fr)<\/a><\/li>\n<\/ul>\n<\/li>\n<li>Ao\u00fbt 2022 : Usage de l&rsquo;eau, 3 articles publi\u00e9s par \u00ab\u00a0Le Parisien\u00a0\u00bb\n<ul>\n<li><a href=\"https:\/\/corbeil-essonnes-environnement.org\/wp-content\/uploads\/2022\/08\/20220802_Secheresse-_-lavage-des-rues-arrosage-des-jardins...-et-si-on-reutilisait-nos-eaux-usees-_-Le-Parisien.pdf\" target=\"_blank\" rel=\"noopener\">20220802_S\u00e9cheresse _ lavage des rues, arrosage des jardins&#8230; et si on r\u00e9utilisait nos eaux us\u00e9es<\/a><\/li>\n<li><a href=\"https:\/\/corbeil-essonnes-environnement.org\/wp-content\/uploads\/2022\/08\/20220808_Baisse-du-niveau-des-rivieres-restrictions-deau-recoltes-menacees\u2026-la-secheresse-nepargne-pas-lIle-de-France-Le-Parisien.pdf\" target=\"_blank\" rel=\"noopener\">20220808_Baisse du niveau des rivi\u00e8res, restrictions d\u2019eau, r\u00e9coltes menac\u00e9es\u2026 la s\u00e9cheresse n\u2019\u00e9pargne pas l\u2019\u00cele-de-France<\/a><\/li>\n<li><a href=\"https:\/\/corbeil-essonnes-environnement.org\/wp-content\/uploads\/2022\/08\/20220808_Comment-adapter-lIle-de-France-aux-consequences-dramatiques-dun-nouvel-episode-de-secheresse-_-Le-Parisien.pdf\" target=\"_blank\" rel=\"noopener\">20220808_Comment adapter l\u2019\u00cele-de-France aux \u00abcons\u00e9quences dramatiques\u00bb d\u2019un nouvel \u00e9pisode de s\u00e9cheresse<\/a><\/li>\n<\/ul>\n<\/li>\n<li>Ao\u00fbt 2022 : la pr\u00e9fecture de l&rsquo;Essonne communique :\n<ul>\n<li><span dir=\"ltr\" role=\"presentation\">Les 88 communes des bassins versants de l\u2019Essonne, de la Juine et de l\u2019Ecole sont plac\u00e9es en <\/span><span dir=\"ltr\" role=\"presentation\">vigilance pour p\u00e9nurie d\u2019eau. Aussi, l\u2019eau doit y \u00eatre utilis\u00e9e dans un souci d\u2019\u00e9conomie. Les pouvoirs <\/span><span dir=\"ltr\" role=\"presentation\">publics font appel au civisme des usagers.<\/span><\/li>\n<li>Lire le <a href=\"https:\/\/corbeil-essonnes-environnement.org\/wp-content\/uploads\/2022\/08\/com-press_vigilance-essonne_20220809.pdf\" target=\"_blank\" rel=\"noopener\">communiqu\u00e9 de presse<\/a><\/li>\n<\/ul>\n<\/li>\n<\/ul>\n<h4>2022 : FNE-IDF publie un guide p\u00e9dagogique : <a href=\"https:\/\/corbeil-essonnes-environnement.org\/wp-content\/uploads\/2022\/01\/20220119_FNEIDF_laressourceeneau.pdf\" target=\"_blank\" rel=\"noopener\"><strong>la ressource en eau face aux d\u00e9r\u00e8glements climatiques<\/strong><\/a><\/h4>\n<h3><strong>Pr\u00e9vention des crues et inondations<\/strong><\/h3>\n<p><strong>Ao\u00fbt 2017 : <\/strong>\u00a0Le SIARCE lance une consultation publique et \u00e9labore un livre blanc. Consulter le livre blanc sur le site de <a href=\"http:\/\/www.confluence-91.org\/CEE_site\/Inondations%20&amp;%20PPRI\/201708%20Siarcelivre%20blanc%20V8r.pdf\">Corbeil-Essonnes-Environnement<\/a>.<br \/>\nsur le site du SIARCE :\u00a0<a href=\"http:\/\/www.calameo.com\/books\/0052486460776c4f609a1\">Livre Blanc Crue Essonne2016<\/a>, document Calameo et lire la <a href=\"http:\/\/www.confluence-91.org\/CEE_site\/Siarce_Essonne_Barrage\/20170918%20Contribution%20CEE%20Livre%20Blanc%20SIARCE%20.pdf\">contribution de CEE<\/a> au libre bla nc<\/p>\n<h3><strong>Pollutions<\/strong><\/h3>\n<p><strong>Rivi\u00e8re ESSONNE<\/strong><\/p>\n<ul>\n<li><strong>25 f\u00e9vrier 2015<\/strong> : CEE\u00a0<a href=\"http:\/\/www.confluence-91.org\/CEE_site\/Siarce_Essonne_Barrage\/20150226%20pollution%20Essonne%20lettre%20prefet%20final%20avec%20photos.pdf\">demande<\/a>\u00a0au pr\u00e9fet une enqu\u00eate relative \u00e0 la pollution de la rivi\u00e8re Essonne du 17 f\u00e9vrier 2015<\/li>\n<li><strong>17 f\u00e9vrier 2015<\/strong> : Une\u00a0<a href=\"http:\/\/www.confluence-91.org\/CEE_site\/Siarce_Essonne_Barrage\/20150217%20Essonne%20pollution%20hydrocarbure.pdf\">pollution<\/a>\u00a0aux hydrocarbures touche la rivi\u00e8re Essonne<\/li>\n<li><strong>Octobre 2003<\/strong>, une importante pollution aux PCB a touch\u00e9 la rivi\u00e8re Essonne au niveau de la ville de Corbeil-Essonnes. L\u2019association ADRCE a fait r\u00e9aliser une \u00e9tude dont le\u00a0<a href=\"http:\/\/www.confluence-91.org\/CEE_site\/Siarce_Essonne_Barrage\/Prelevements%20et%20analyse%20de%20sediments%20Essonne%202005.pdf\">rapport<\/a>\u00a0est disponible. En 2005 des traces de PCB subsistent toujours dans les s\u00e9diments. Le risque encouru par l\u2019homme lors des activit\u00e9s de loisirs reste cependant faible tant que les PCB sont confin\u00e9s dans les s\u00e9diments. L\u2019exposition est plus importante lors des p\u00e9riodes de remobilisation de ceux-ci pouvant correspondre \u00e0 des travaux de curage ou \u00e0 des crues de la rivi\u00e8re Essonne. La consommation du poisson est \u00e0 proscrire en raison de la bioaccumulation des PCB dans les organismes vivants tout au long de la chaine alimentaire.<\/li>\n<li>L\u2019origine des PCB se situe dans les transformateurs abandonn\u00e9s et vandalis\u00e9s sur le site industriel de la papeterie longeant la rivi\u00e8re Essonne.<\/li>\n<li>Une <a href=\"https:\/\/youtu.be\/4J-pQqEBHmg\" target=\"_blank\" rel=\"noopener noreferrer\">vid\u00e9o<\/a> de une minute, extraite d\u2019un film r\u00e9alis\u00e9 en octobre 2003, est pr\u00e9sent\u00e9e.<\/li>\n<\/ul>\n<p><strong><strong>SEINE<\/strong><\/strong><\/p>\n<ul>\n<li><strong>11 f\u00e9vrier 2010<\/strong> : un bassin du SIARCE \u00e0 Corbeil-Essonnes d\u00e9borde et rejette des milliers de pastilles en plastique dans la Seine. Lire l\u2019article du\u00a0<a href=\"http:\/\/www.confluence-91.org\/CEE_site\/Siarce_Essonne_Barrage\/100225%20Des%20rondelles%20de%20plastique%20polluent%20la%20Seine%20le%20Parisien.pdf\">Parisien<\/a>\u00a0du 25 f\u00e9vrier, du\u00a0<a href=\"http:\/\/www.confluence-91.org\/CEE_site\/Siarce_Essonne_Barrage\/100211%20Pollution%20Seine%20Siarce%20republicain%204%20mars%202010.pdf\">R\u00e9publicain<\/a>\u00a0du 4 mars, du\u00a0<a href=\"http:\/\/www.confluence-91.org\/CEE_site\/Siarce_Essonne_Barrage\/100318%20Pollution%20Seine%20Siarce%20republicain%2018%20mars%202010.pdf\">R\u00e9publicain<\/a>\u00a0du 18 mars.<\/li>\n<li><strong>Septembre &amp; Octobre 2010<\/strong> : une\u00a0<a href=\"http:\/\/www.confluence-91.org\/CEE_site\/Siarce_Essonne_Barrage\/1009%20Pollution%20mousse%20sur%20la%20Seine.jpg\">pollution<\/a>\u00a0de mousse est observ\u00e9e r\u00e9guli\u00e8rement le matin sur la Seine, au niveau du barrage du Coudray-Montceaux, en amont de Corbeil-Essonnes. Les mairies de Corbeil-Essonnes, Coudray-Montceaux et Ponthierry sont alert\u00e9es, ainsi que les services de l\u2019Etat : unit\u00e9 territoriale Eau de la DRIEE ( Direction R\u00e9gionale et Interd\u00e9partementale de l\u2019Environnement et de l\u2019Energie d\u2019Ile-de-France, Unit\u00e9 Territoriale Eau Axes et Paris Proche Couronne, T\u00e9l standard: 01.39.18.26.40). La recherche de cause de cette pollution est en cours, toute information utile peut \u00eatre communiqu\u00e9e directement ou par l\u2019interm\u00e9diaire de l\u2019association.<\/li>\n<\/ul>\n<h3><strong>\u00a0<\/strong><strong>Sch\u00e9ma directeur, Assainissement et Qualit\u00e9 des eaux<\/strong><strong>\u00a0<\/strong><\/h3>\n<p><strong>Sch\u00e9ma directeur<\/strong><\/p>\n<ul>\n<li><strong>Novembre 2012<\/strong> : Sch\u00e9ma directeur d\u2019assainissement de Corbeil-Essonnes<br \/>\nEnqu\u00eate publique sur le sch\u00e9ma directeur d\u2019assainissement de Corbeil-Essonnes : L\u2019enqu\u00eate a eu lieu du lundi 12 novembre au vendredi 14 d\u00e9cembre 2012 inclus.Lire l\u2019<a href=\"http:\/\/www.confluence-91.org\/CEE_site\/Siarce_Essonne_Barrage\/20130211%20Schema%20directeur%20assainissement%202012\/20121212_schema_directeur_assainissement_enquete_publique_contribution_CEE%20(VD).pdf\">avis<\/a>\u00a0de l\u2019association en date de d\u00e9cembre 2012 et le dossier du Siarce (<a href=\"http:\/\/www.confluence-91.org\/CEE_site\/Siarce_Essonne_Barrage\/20130211%20Schema%20directeur%20assainissement%202012\/Zonage%20d'assainissement%20Corbeil-Essonnes.pdf\">zonage<\/a>,\u00a0<a href=\"http:\/\/www.confluence-91.org\/CEE_site\/Siarce_Essonne_Barrage\/20130211%20Schema%20directeur%20assainissement%202012\/Phase%201%20Corbeil.pdf\">phase 1<\/a>,\u00a0<a href=\"http:\/\/www.confluence-91.org\/CEE_site\/Siarce_Essonne_Barrage\/20130211%20Schema%20directeur%20assainissement%202012\/Phase%202%20Corbeil.pdf\">phase 2<\/a>,\u00a0<a href=\"http:\/\/www.confluence-91.org\/CEE_site\/Siarce_Essonne_Barrage\/20130211%20Schema%20directeur%20assainissement%202012\/Phase%203%20Corbeil.pdf\">phase 3<\/a>,\u00a0<a href=\"http:\/\/www.confluence-91.org\/CEE_site\/Siarce_Essonne_Barrage\/20130211%20Schema%20directeur%20assainissement%202012\/Phase%204%20Corbeil%20Programme%20de%20travaux.pdf\">phase 4<\/a>,\u00a0<a href=\"http:\/\/www.confluence-91.org\/CEE_site\/Siarce_Essonne_Barrage\/20130211%20Schema%20directeur%20assainissement%202012\/Annexes%20phase%201%20Corbeil.pdf\">annexe phase 1<\/a>,\u00a0<a href=\"http:\/\/www.confluence-91.org\/CEE_site\/Siarce_Essonne_Barrage\/20130211%20Schema%20directeur%20assainissement%202012\/Annexes%20phase%202%20Corbeil.pdf\">annexe phase 2<\/a>,\u00a0<a href=\"http:\/\/www.confluence-91.org\/CEE_site\/Siarce_Essonne_Barrage\/20130211%20Schema%20directeur%20assainissement%202012\/Annexes%20phase%203%20Corbeil.pdf\">annexe phase 3<\/a>), l\u2019<a href=\"http:\/\/www.confluence-91.org\/CEE_site\/Siarce_Essonne_Barrage\/20130211%20Schema%20directeur%20assainissement%202012\/1310121%20schema%20directeur%20assainissement%20Avis%20commissaire%20enqueteur.pdf\">avis<\/a> du commissaire enqu\u00eateur du 21 janvier 2013.<\/li>\n<\/ul>\n<p><strong>Assainissement<\/strong><\/p>\n<ul>\n<li><strong>20 janvier 2017<\/strong> : CEE demande \u00e0 SEE une\u00a0<a href=\"http:\/\/www.confluence-91.org\/CEE_site\/Siarce_Essonne_Barrage\/20170120%20demande%20a%20SEE%20etat%20du%20reseau%20et%20odeurs.pdf\">information<\/a>\u00a0sur l\u2019\u00e9tat du r\u00e9seau d\u2019assainissement et les fr\u00e9quentes mauvaises odeurs \u00e9mises par le r\u00e9seau. Une demande \u00e9mise aupr\u00e8s de la municipalit\u00e9 en juin 2016 \u00e9tait rest\u00e9e sans suite.<\/li>\n<li>Retrouver les animations vid\u00e9os pr\u00e9sent\u00e9es lors du forum des associations 2016 :\u00a0<a href=\"http:\/\/www.confluence-91.org\/CEE_site\/Forum_des_associations\/Une_nouvelle_gestion_des_rivieres_arrive_a_l_heure_de_la_Gemapi.flv\">Une nouvelle gestion de rivi\u00e8res arrive \u00e0 l\u2019heure de la Gemapi<\/a><\/li>\n<\/ul>\n<p><strong>Gestion et Qualit\u00e9 de l\u2019eau<\/strong><\/p>\n<ul>\n<li><strong>Mars 2016 <\/strong>: Publication de la\u00a0carte <a href=\"http:\/\/confluence-91.org\/CEE_site\/Siarce_Essonne_Barrage\/2016%20carte%20zero%20pesticide%20%20C-E.pdf\" target=\"_blank\" rel=\"noopener noreferrer\">zero phyto<\/a> de Corbeil-Essonnes\u00a0par NatureParif<\/li>\n<li><strong>4 juin 2015 <\/strong>: La commune\u00a0 de Corbeil-Essonnes, en partenariat avec le SIARCE vous invitent \u00e0 une r\u00e9union publique le jeudi 4 juin \u00e0 partir de 20h \u00e0 l\u2019espace Carnot, sis 75, avenue Carnot. les participants pourront prendre connaissance et \u00e9changer sur les actions mises en place par la collectivit\u00e9 dans le cadre du programme Phyt\u2019Essonne, pour am\u00e9liorer la qualit\u00e9 des eaux et le cadre de vie. Cette r\u00e9union sera l\u2019occasion de voir des d\u00e9monstrations de techniques alternatives aux pesticides, ainsi que de d\u00e9couvrir une exposition th\u00e9matique pr\u00e9sentant des solutions pratiques simples de jardinage sans recours aux pesticides. Lire la\u00a0<a href=\"http:\/\/www.confluence-91.org\/CEE_site\/Siarce_Essonne_Barrage\/20150604%20Phyt_Essonne_Espaces%20publiques%20et%20pesticides.pdf\">pr\u00e9sentation<\/a>\u00a0faite.<\/li>\n<li><strong>16 mai 2015<\/strong> : Session de formation \u00ab IDF\u2019EAU \u00bb Continuit\u00e9 \u00e9cologique et biodiversit\u00e9 des cours d\u2019eau : lire la\u00a0<a href=\"http:\/\/www.confluence-91.org\/CEE_site\/Siarce_Essonne_Barrage\/20150616%20Formation_continuite%20ecologique%20et%20biodiversite%20des%20cours%20d_eau%20_FNE%20Ile%20de%20France.pdf\">pr\u00e9sentation<\/a><\/li>\n<li><strong>6 f\u00e9vrier 2015<\/strong> : Compte rendu d\u2019une session de formation sur les\u00a0<a href=\"http:\/\/www.confluence-91.org\/CEE_site\/Siarce_Essonne_Barrage\/20150206%20CR%20Formation_IDFE_2015_02_06%20outis%20gestion%20eau.pdf\">outils de gestion de l\u2019eau<\/a><\/li>\n<li><strong>12 f\u00e9vrier 2013<\/strong> : CEE participe \u00e0 une\u00a0<a href=\"http:\/\/www.confluence-91.org\/CEE_site\/Siarce_Essonne_Barrage\/20130212%20Conseil%20General%20CR%20reunion%20presentation%20politiques%20eau.pdf\">pr\u00e9sentation<\/a>\u00a0du Conseil G\u00e9n\u00e9ral sur les dispositifs d\u2019aides en mati\u00e8re de gestion de l\u2019eau en Essonne<\/li>\n<li><strong>F\u00e9vrier 2013<\/strong> : la cour des comptes critique l\u2019absence d\u2019entente pour la construction des stations d\u2019\u00e9puration Evry et de Corbeil-Essonnes, qui a cout\u00e9 cher au contribuable\u00a0: Lire le\u00a0<a href=\"http:\/\/www.confluence-91.org\/CEE_site\/Siarce_Essonne_Barrage\/20130212%20Rapport%20cour%20des%20comptes%20-%20stations%20Evry-Corbeil.pdf\">rapport<\/a>\u00a0et les r\u00e9ponses des responsables, la\u00a0<a href=\"http:\/\/www.confluence-91.org\/CEE_site\/Siarce_Essonne_Barrage\/20130214%20article%20Epuration%20Evry%20Corbeil%20cour%20des%20comptes.pdf\">presse<\/a><\/li>\n<li>Une <a href=\"https:\/\/youtu.be\/1WTay6ogNOQ\" target=\"_blank\" rel=\"noopener noreferrer\">promenade<\/a> au fil de l&rsquo;eau de l&rsquo;Essonne<\/li>\n<\/ul>\n<h3><strong>La passerelle du Coudray\u00a02007-2013<\/strong><\/h3>\n<ul>\n<li>Sauvegarde de la passerelle du barrage du Coudray :\u00a0<a href=\"http:\/\/www.confluence-91.org\/CEE_site\/Siarce_Essonne_Barrage\/Barrage%20lettre%20commissaire.pdf\">Lettre au commissaire enqu\u00eateur<\/a>,\u00a0<a href=\"http:\/\/www.confluence-91.org\/CEE_site\/Siarce_Essonne_Barrage\/Sauvons%20la%20passerelle%20du%20Barrage%20du%20Coudray%20&amp;%20photos.pdf\">Manifestation ballade du 24 mars 2007<\/a><\/li>\n<li>La passerelle du barrage sera construite,\u00a0<a href=\"http:\/\/www.confluence-91.org\/CEE_site\/Siarce_Essonne_Barrage\/20070703%20La%20passerelle%20sera%20construite.pdf\">Compte rendu<\/a>\u00a0de la r\u00e9union du 3 juillet 2007, le conseil g\u00e9n\u00e9ral r\u00e9unit les financements n\u00e9cessaires<\/li>\n<li><strong>Octobre 2010<\/strong> : les importants travaux de r\u00e9fection du barrage du Coudray sont en cours :<\/li>\n<li><strong>15 mai 2013<\/strong>, le nouveau barrage du Coudray est inaugur\u00e9. CEE rappelle son action pour que la passerelle soit r\u00e9tablie sur le nouveau barrage en accessibilit\u00e9 pour tout public. Lire l\u2019article du\u00a0<a href=\"http:\/\/www.confluence-91.org\/CEE_site\/Siarce_Essonne_Barrage\/20130523%20Inauguration%20du%20barrage%20du%20Coudray%2015%20mai%202013.pdf\">R\u00e9publicain<\/a>\u00a0du 23 mai et l\u2019article paru sur\u00a0<a href=\"http:\/\/essonneinfo.fr\/91-essonne-info\/43444\/le-barrage-du-coudray-fait-peau-neuve\/\">ESSONNE INFO<\/a>.<\/li>\n<\/ul>\n<h3><strong>Participation au programme PRUne<\/strong><\/h3>\n<ul>\n<li><strong>Fin 2008 d\u00e9but 2009<\/strong>\u00a0Dans le cadre d\u2019une \u00e9tude du CNRS sur le programme PRUne : Petites Rivi\u00e8res Urbaine d\u2019Ile de France, une enqu\u00eate est men\u00e9e sur la rivi\u00e8re Essonne. Les associations CEE &amp; ADRCE sont sollicit\u00e9es pour prendre en compte les actions et points de vue des acteurs de la vall\u00e9e de l\u2019Essonne afin d\u2019y comprendre son usage, ses pratiques, et avenir. Lire le\u00a0<a href=\"http:\/\/www.confluence-91.org\/CEE_site\/PRUne\/Questionnaire_riverain_Essonne2%20(2).pdf\">questionnaire<\/a>, ainsi que le\u00a0<a href=\"http:\/\/www.confluence-91.org\/CEE_site\/PRUne\/tryptique_CEE_ADRCE_A5.pdf\">tryptique<\/a>\u00a0des deux associations CEE &amp; ADRCE. Plus de trente questionnaires sont remplis et renvoy\u00e9s pour le 8 f\u00e9vrier 2009.<\/li>\n<li><strong>Novembre 2010 <\/strong>: Les r\u00e9sultats des enqu\u00eates sont disponibles aux adresses suivantes\u00a0:<br \/>\n<a href=\"http:\/\/www.sisyphe.upmc.fr\/piren\/?book=1132\">http:\/\/www.sisyphe.upmc.fr\/piren\/?book=1132<\/a>\u00a0et\u00a0<a href=\"http:\/\/www.sisyphe.upmc.fr\/piren\/?q=fascicules\">http:\/\/www.sisyphe.upmc.fr\/piren\/?q=fascicules<\/a><\/li>\n<\/ul>\n<h3><strong>Les grands travaux du SIARCE<\/strong><\/h3>\n<ul>\n<li>Le SIARCE a coproduit une int\u00e9ressante video sur la r\u00e9novation des berges de l\u2019Essonne du Saussay \u00e0 Itteville, video visible sur Dailymotion:<br \/>\n<a href=\"http:\/\/www.dailymotion.com\/video\/xar2\u00a0:i_renovation-des-berges-du-saussay-es_tech\">http:\/\/www.dailymotion.com\/video\/xar2\u00a0:i_renovation-des-berges-du-saussay-es_tech<\/a><\/li>\n<li><strong>12 juin 2010<\/strong>, CEE remet son\u00a0<a href=\"http:\/\/www.confluence-91.org\/CEE_site\/Siarce_Essonne_Barrage\/100611%20Enq%20Pub%20Amenagement%20berges%20essonne%20papeterie.pdf\">avis<\/a>\u00a0sur l\u2019enqu\u00eate publique d\u2019am\u00e9nagement des berges de l\u2019Essonne. Il est \u00e0 regretter qu\u2019aucun autre avis n\u2019ait \u00e9t\u00e9 \u00e9mis.<\/li>\n<li><strong>20 Juin 2008<\/strong><strong>\u00a0: <\/strong>L\u2019association participe \u00e0 la visite organis\u00e9e par le SIARCE. Ces travaux sont destin\u00e9s \u00e0 am\u00e9liorer la collecte des eaux us\u00e9es, en particulier par l\u2019installation d\u2019une station de refoulement sous les all\u00e9es Aristide Briand, \u00e0 destination de la station de traitement des eaux us\u00e9es en cours de r\u00e9novation et \u00e0 am\u00e9nager les berges de la rivi\u00e8re Essonne.<\/li>\n<\/ul>\n<p>[\/vc_column_text][\/vc_column][\/vc_row]<\/p>\n<\/div>","protected":false},"excerpt":{"rendered":"<p>Juin 2025 : le Siarce pr\u00e9sente la carte des\u00a0zones inondables\u00a0\u00e0 Corbeil-Essonnes 16 mars 2024 : Corbeil-Essonnes ville d&rsquo;EAU Retrouvez-nous sur la p\u00e9niche \u00ab ALTERNAT \u00bb, qui sera amarr\u00e9e \u00e0 l\u2019angle du quai Jacques Bourgoin, et de la rue Saint Nicolas \u00e0 Corbeil-Essonnes, samedi 16 mars 2024, \u00e0 14h00 ENTR\u00c9E LIBRE et GRATUITE 2023 : L&rsquo;Institut<br \/><a href=\"https:\/\/corbeil-essonnes-environnement.org\/?page_id=115\" class=\"more\">Lire la suite<\/a><\/p>\n","protected":false},"author":1,"featured_media":0,"parent":0,"menu_order":17,"comment_status":"closed","ping_status":"closed","template":"","meta":{"footnotes":""},"class_list":["post-115","page","type-page","status-publish","hentry"],"_links":{"self":[{"href":"https:\/\/corbeil-essonnes-environnement.org\/index.php?rest_route=\/wp\/v2\/pages\/115","targetHints":{"allow":["GET"]}}],"collection":[{"href":"https:\/\/corbeil-essonnes-environnement.org\/index.php?rest_route=\/wp\/v2\/pages"}],"about":[{"href":"https:\/\/corbeil-essonnes-environnement.org\/index.php?rest_route=\/wp\/v2\/types\/page"}],"author":[{"embeddable":true,"href":"https:\/\/corbeil-essonnes-environnement.org\/index.php?rest_route=\/wp\/v2\/users\/1"}],"replies":[{"embeddable":true,"href":"https:\/\/corbeil-essonnes-environnement.org\/index.php?rest_route=%2Fwp%2Fv2%2Fcomments&post=115"}],"version-history":[{"count":11,"href":"https:\/\/corbeil-essonnes-environnement.org\/index.php?rest_route=\/wp\/v2\/pages\/115\/revisions"}],"predecessor-version":[{"id":3047,"href":"https:\/\/corbeil-essonnes-environnement.org\/index.php?rest_route=\/wp\/v2\/pages\/115\/revisions\/3047"}],"wp:attachment":[{"href":"https:\/\/corbeil-essonnes-environnement.org\/index.php?rest_route=%2Fwp%2Fv2%2Fmedia&parent=115"}],"curies":[{"name":"wp","href":"https:\/\/api.w.org\/{rel}","templated":true}]}}